{"id":28535,"date":"2022-08-26T10:18:35","date_gmt":"2022-08-26T16:18:35","guid":{"rendered":"https:\/\/mickyandoniehn.com\/radio\/?page_id=28535"},"modified":"2024-07-23T08:35:58","modified_gmt":"2024-07-23T14:35:58","slug":"victor-manuel-san-jose-sanchez","status":"publish","type":"page","link":"https:\/\/mickyandoniehn.com\/radio\/victor-manuel-san-jose-sanchez\/","title":{"rendered":"V\u00edctor Manuel San Jos\u00e9 S\u00e1nchez"},"content":{"rendered":"<p style=\"text-align: justify;\"><img loading=\"lazy\" decoding=\"async\" class=\" wp-image-73731 aligncenter\" src=\"http:\/\/mickyandoniehn.com\/radio\/wp-content\/uploads\/2023\/07\/Victor-Manuel-San-Jose-Sanchez-300x300.jpg\" alt=\"\" width=\"511\" height=\"511\" srcset=\"https:\/\/mickyandoniehn.com\/radio\/wp-content\/uploads\/2023\/07\/Victor-Manuel-San-Jose-Sanchez-300x300.jpg 300w, https:\/\/mickyandoniehn.com\/radio\/wp-content\/uploads\/2023\/07\/Victor-Manuel-San-Jose-Sanchez-150x150.jpg 150w, https:\/\/mickyandoniehn.com\/radio\/wp-content\/uploads\/2023\/07\/Victor-Manuel-San-Jose-Sanchez.jpg 400w\" sizes=\"auto, (max-width: 511px) 100vw, 511px\" \/><\/p>\n<p>&nbsp;<\/p>\n<p style=\"text-align: justify;\"><strong>Fecha de Nacimiento:<\/strong> 7 de Julio de 1947 en Asturias, Espa\u00f1a (tiene 72 a\u00f1os de edad).<\/p>\n<p style=\"text-align: justify;\"><strong>Biograf\u00eda<\/strong><\/p>\n<p style=\"text-align: justify;\">V\u00edctor Manuel San Jos\u00e9 S\u00e1nchez, conocido a secas, como V\u00edctor Manuel.<\/p>\n<p style=\"text-align: justify;\">A la edad de 16 a\u00f1os inicia su carrera art\u00edstica, present\u00e1ndose a concursos musicales y cantando en la orquesta &#8220;Bossa Nova&#8221;.<\/p>\n<p style=\"text-align: justify;\">En 1964 Victor manuel se muda a Madrid, para estudiar piano y canto. A partir de ese entonces, hasta mediados de 1965 canta en el programa &#8220;La nueva ola musical&#8221;, de la emisora de radio La Voz de Madrid, y en 1965 graba unos sencillos con la discogr\u00e1fica Belter.<\/p>\n<p style=\"text-align: justify;\">Dos a\u00f1os despu\u00e9s llegan sus primeros \u00e9xitos en el \u00e1mbito de la composici\u00f3n, precisamente en el &#8220;Festival del Mi\u00f1o&#8221;, cuando el tema de su autor\u00eda &#8220;Lazos azules y rosas&#8221; gana el premio. Asimismo, le sucede al tema &#8220;Nada es igual&#8221; en el &#8220;Festival de Eo&#8221;.<\/p>\n<p style=\"text-align: justify;\">A fines de 1969, aparece su \u00e1lbum debut &#8220;V\u00edctor Manuel&#8221;, del cual se extraen temas como &#8220;La Romer\u00eda&#8221; o &#8220;El abuelo V\u00edtor&#8221;, las cuales tuvieron buena acogida en las emisoras. Es as\u00ed como se va ganando un nombre, pero tambi\u00e9n el rechazo de cierto sector de la sociedad por la tem\u00e1tica y contenidos de sus canciones. Paralelamente participa en el &#8220;Festival de Villancicos Nuevos de Pamplona&#8221;, obteniendo el primer premio gracias a su canci\u00f3n &#8220;En el portal\u00edn de piedra&#8221;.<\/p>\n<p style=\"text-align: justify;\">Inicia la d\u00e9cada de los 70 con su segundo \u00e1lbum, titulado &#8220;Quiero abrazarte tanto&#8221;, junto a la discogr\u00e1fica Philips. A ra\u00edz del lanzamiento de este disco, el cantante se embarca en una gira Latinoam\u00e9rica.<\/p>\n<p style=\"text-align: justify;\">Un a\u00f1o despu\u00e9s sale al mercado su tercera producci\u00f3n bajo el t\u00edtulo de &#8220;Dame la mano&#8221;, con el que topa con la censura. Por ello, se ve obligado a reescribir muchas de las canciones. Poco tiempo despu\u00e9s sale de gira junto a Julio Iglesias. Ese mismo a\u00f1o, es parte del elenco de la pel\u00edcula &#8220;Morbo&#8221; junto a Ana Bel\u00e9n.<\/p>\n<p style=\"text-align: justify;\">En 1972, V\u00edctor Manuel escribe la obra teatral &#8220;Ravos&#8221;, que no se pudo presentar por la censura. Por ese entonces, aparece nuevamente en otra pel\u00edcula: &#8220;Al diablo con amor&#8221;, en donde comparte cr\u00e9ditos otra vez junto a Ana Bel\u00e9n. Ambos graban la banda sonora de la pel\u00edcula, que lleva el mismo nombre.<\/p>\n<p style=\"text-align: justify;\">El 13 de junio de 1972, V\u00edctor Manuel y Ana Bel\u00e9n se casan por lo civil en Gibraltar.<\/p>\n<p style=\"text-align: justify;\">Por aqu\u00e9l tiempo, logra estrenar su obra &#8220;Ravos&#8221;, pero en M\u00e9xico. A ra\u00edz de este suceso tiene problemas con el gobierno espa\u00f1ol y decide exiliarse un tiempo del pa\u00eds.<\/p>\n<p style=\"text-align: justify;\">En 1973 graba un disco con canciones populares asturianas titulado &#8220;Verde&#8221;, y en M\u00e9xico reedita un disco suyo. Pasado un a\u00f1o edita el LP &#8220;Todos tenemos un precio&#8221; (1974).<\/p>\n<p style=\"text-align: justify;\">1975 trae consigo un nuevo material discogr\u00e1fico, esta vez titulado &#8220;C\u00f3micos&#8221;. A fines de a\u00f1o vuelve a participar en el Festival de Villancicos Nuevos de Pamplona. En esta oportunidad, canta tres temas no permitidos por la censura, por lo que es detenido.<\/p>\n<p style=\"text-align: justify;\">En 1976 sale a la venta su primer disco en vivo titulado &#8220;V\u00edctor Manuel en Directo&#8221;. Ese mismo a\u00f1o, durante un viaje que realiz\u00f3 a la isla de Cuba, recibe la noticia de que un grupo terrorista de extrema derecha, atent\u00f3 contra su domicilio. Poco tiempo despu\u00e9s, mientras a\u00fan se encontraba en Cuba, nace su primer hijo, David.<\/p>\n<p style=\"text-align: justify;\">Meses m\u00e1s tarde edita el \u00e1lbum &#8220;Diez&#8221; (1977), y su siguiente producci\u00f3n, &#8220;Spanien&#8221; (1977), es grabada en Alemania. Adem\u00e1s compone las bandas sonoras de las pel\u00edculas &#8220;La Criatura&#8221; y &#8220;Las truchas&#8221;. Ya para 1978, aparece el disco &#8220;Canto para todos&#8221;.<\/p>\n<p style=\"text-align: justify;\">En 1978 se publica &#8220;Soy un coraz\u00f3n tendido al sol&#8221;. De este \u00e1lbum se extrae el tema &#8220;S\u00f3lo Pienso en Ti&#8221;, considerado por muchos como su obra maestra. Gracias a este disco gana varios premios.<\/p>\n<p style=\"text-align: justify;\">A principios de la d\u00e9cada de los 80, graba en Mil\u00e1n el disco &#8220;Luna&#8221;. Esta producci\u00f3n incluye el tema &#8220;Qui\u00e9n puso m\u00e1s&#8221;, considerada una de las primeras en tratar el tema de homosexualidad abiertamente. Gracias a esta canci\u00f3n logra ocupar los primeros puestos de las listas de \u00e9xitos.<\/p>\n<p style=\"text-align: justify;\">Un a\u00f1o despu\u00e9s presenta el LP &#8220;Ay amor&#8221; (1981) y dos a\u00f1os m\u00e1s tarde aparece el disco &#8220;Por el camino&#8221;, que coincide con el nacimiento de su hija Marina.<\/p>\n<p style=\"text-align: justify;\">En 1985 graba en Londres el \u00e1lbum &#8220;Querido Pablo&#8221; junto a grandes artistas como Joan Manuel Serrat, Ana Bel\u00e9n, Miguel R\u00edos, Silvio Rodr\u00edguez, y Mercedes Sosa, en otros, en honor a Pablo Milan\u00e9s.<\/p>\n<p style=\"text-align: justify;\">Un a\u00f1o m\u00e1s tarde edita el \u00e1lbum &#8220;Para la ternura siempre hay tiempo&#8221; junto a Ana Bel\u00e9n. Este exitoso material se convierte en el disco m\u00e1s vendido del a\u00f1o.<\/p>\n<p style=\"text-align: justify;\">En 1987 produce la pel\u00edcula &#8220;Divinas palabras&#8221;, e invierte en su propia compa\u00f1\u00eda discogr\u00e1fica (Ion m\u00fasica). Un a\u00f1o despu\u00e9s, sale al mercado el LP &#8220;Que te puedo dar&#8221;. Por ese entonces recibe el premio honor\u00edfico la &#8220;Manzana de Oro&#8221;.<\/p>\n<p style=\"text-align: justify;\">Ya en la d\u00e9cada de los 90, graba &#8220;El delicado olor de las violetas&#8221; (1990) y, tras tres a\u00f1os de ausencia, aparece &#8220;A donde ir\u00e1n los besos&#8221;.<\/p>\n<p style=\"text-align: justify;\">En 1994, graba el disco en vivo &#8220;Mucho m\u00e1s que dos&#8221; junto a Joaqu\u00edn Sabina, Joan Manuel Serrat, Pablo Milan\u00e9s, Manolo Tena, Juan Echanove, Miguel R\u00edos y Antonio Flores. Con este \u00e1lbum se lanza a hacer una gira por Espa\u00f1a y Nueva York.<\/p>\n<p style=\"text-align: justify;\"><strong>Date of Birth:<\/strong> July 7, 1947 in Asturias, Spain (he is 72 years old).<\/p>\n<p style=\"text-align: justify;\"><strong>Biography<\/strong><\/p>\n<p style=\"text-align: justify;\">V\u00edctor Manuel San Jos\u00e9 S\u00e1nchez, known simply as V\u00edctor Manuel.<\/p>\n<p style=\"text-align: justify;\">At the age of 16, he began his artistic career, appearing in musical competitions and singing in the &#8220;Bossa Nova&#8221; orchestra.<\/p>\n<p style=\"text-align: justify;\">In 1964 Victor Manuel moved to Madrid to study piano and singing. From then on, until mid-1965, he sang on the program &#8220;La nueva ola musical&#8221;, on the radio station La Voz de Madrid, and in 1965 he recorded some singles with the Belter label.<\/p>\n<p style=\"text-align: justify;\">Two years later his first successes in the field of composition arrived, precisely at the &#8220;Festival del Mi\u00f1o&#8221;, when his song &#8220;Lazos Azules y Rosas&#8221; won the prize. Likewise, it happens to the theme &#8220;Nothing is the same&#8221; in the &#8220;Eo Festival&#8221;.<\/p>\n<p style=\"text-align: justify;\">At the end of 1969, his debut album &#8220;V\u00edctor Manuel&#8221; appears, from which songs such as &#8220;La Romer\u00eda&#8221; or &#8220;El grandfather V\u00edtor&#8221; are extracted, which were well received by the stations. This is how he gains a name, but also the rejection of a certain sector of society due to the theme and content of his songs. At the same time, he participated in the &#8220;Festival of New Carols of Pamplona&#8221;, obtaining the first prize thanks to his song &#8220;En el portal\u00edn de piedra&#8221;.<\/p>\n<p style=\"text-align: justify;\">He started the 70&#8217;s with his second album, entitled &#8220;I want to hug you so much&#8221;, together with the Philips record company. Following the release of this album, the singer embarks on a Latin American tour.<\/p>\n<p style=\"text-align: justify;\">A year later his third production was released under the title &#8220;Give me your hand&#8221;, with which he ran into censorship. Therefore, he is forced to rewrite many of the songs. A short time later he goes on tour with Julio Iglesias. That same year, he is part of the cast of the movie &#8220;Morbo&#8221; with Ana Bel\u00e9n.<\/p>\n<p style=\"text-align: justify;\">In 1972, V\u00edctor Manuel wrote the play &#8220;Ravos&#8221;, which could not be presented due to censorship. At that time, he appears again in another film: &#8220;To the devil with love&#8221;, where he shares credits again with Ana Bel\u00e9n. Both record the soundtrack of the film, which bears the same name.<\/p>\n<p style=\"text-align: justify;\">On June 13, 1972, V\u00edctor Manuel and Ana Bel\u00e9n got married civilly in Gibraltar.<\/p>\n<p style=\"text-align: justify;\">At that time, he manages to premiere his work &#8220;Ravos&#8221;, but in Mexico. As a result of this event, he has problems with the Spanish government and decides to exile himself from the country for a while.<\/p>\n<p style=\"text-align: justify;\">In 1973 he recorded an album with popular Asturian songs entitled &#8220;Verde&#8221;, and in Mexico he reissued one of his albums. After a year, he edited the LP &#8220;Todos tiene un price&#8221; (1974).<\/p>\n<p style=\"text-align: justify;\">1975 brings with it a new record material, this time titled &#8220;Comics&#8221;. At the end of the year he returns to participate in the New Christmas Carols Festival in Pamplona. On this occasion, he sings three songs not allowed by censorship, for which he is arrested.<\/p>\n<p style=\"text-align: justify;\">In 1976 his first live album entitled &#8220;V\u00edctor Manuel en Directo&#8221; was released. That same year, during a trip to the island of Cuba, he received the news that an extreme right-wing terrorist group attacked his home. A short time later, while he was still in Cuba, his first son, David, was born.<\/p>\n<p style=\"text-align: justify;\">Months later he released the album &#8220;Diez&#8221; (1977), and his next production, &#8220;Spanien&#8221; (1977), was recorded in Germany. He also composes the soundtracks for the films &#8220;La Creatura&#8221; and &#8220;Las truchas&#8221;. By 1978, the album &#8220;Canto para todos&#8221; appears.<\/p>\n<p style=\"text-align: justify;\">In 1978 &#8220;I am a heart stretched out in the sun&#8221; was published. From this album the song &#8220;Just Think of You&#8221; is taken, considered by many to be his masterpiece. Thanks to this disc wins several prizes.<\/p>\n<p style=\"text-align: justify;\">At the beginning of the 80&#8217;s, he recorded the album &#8220;Luna&#8221; in Milan. This production includes the theme &#8220;Who put more&#8221;, considered one of the first to deal openly with the issue of homosexuality. Thanks to this song he manages to occupy the first positions of the charts.<\/p>\n<p style=\"text-align: justify;\">A year later he presents the LP &#8220;Ay amor&#8221; (1981) and two years later the album &#8220;Por el camino&#8221; appears, which coincides with the birth of his daughter Marina.<\/p>\n<p style=\"text-align: justify;\">In 1985 he recorded the album &#8220;Querido Pablo&#8221; in London together with great artists such as Joan Manuel Serrat, Ana Bel\u00e9n, Miguel R\u00edos, Silvio Rodr\u00edguez, and Mercedes Sosa, in others, in honor of Pablo Milan\u00e9s.<\/p>\n<p style=\"text-align: justify;\">A year later he edited the album &#8220;Para la ternura siempre hay tiempo&#8221; together with Ana Bel\u00e9n. This successful material becomes the best-selling album of the year.<\/p>\n<p style=\"text-align: justify;\">In 1987, he produced the film &#8220;Divine Words&#8221; and invested in his own record company (Ion music). A year later, the LP &#8220;Que te puede dar&#8221; is released. At that time he received the honorary award the &#8220;Golden Apple&#8221;.<\/p>\n<p style=\"text-align: justify;\">Already in the 90&#8217;s, he recorded &#8220;The delicate smell of violets&#8221; (1990) and, after three years of absence, &#8220;Where the kisses will go&#8221; appears.<\/p>\n<p style=\"text-align: justify;\">In 1994, he recorded the live album &#8220;Mucho m\u00e1s que dos&#8221; together with Joaqu\u00edn Sabina, Joan Manuel Serrat, Pablo Milan\u00e9s, Manolo Tena, Juan Echanove, Miguel R\u00edos and Antonio Flores. With this album, he embarked on a tour of Spain and New York.<\/p>\n<p style=\"text-align: justify;\"><strong>Discografia<\/strong><\/p>\n<table width=\"671\">\n<tbody>\n<tr>\n<td style=\"text-align: center;\" width=\"248\"><strong>G\u00e9nero Folk, World, &amp; Country, Latin, Pop.<\/strong><\/td>\n<td style=\"text-align: center;\" width=\"423\"><strong>Escuchar Tema<\/strong><\/td>\n<\/tr>\n<tr>\n<td>1<\/td>\n<td>Mar\u00eda Coraje<\/td>\n<\/tr>\n<tr>\n<td>2<\/td>\n<td>Quiero Abrazarte Tanto<\/td>\n<\/tr>\n<tr>\n<td>3<\/td>\n<td>La Oficina<\/td>\n<\/tr>\n<tr>\n<td>4<\/td>\n<td>El Viejo Coronel<\/td>\n<\/tr>\n<tr>\n<td>5<\/td>\n<td>Tengo Cansada El Alma<\/td>\n<\/tr>\n<tr>\n<td>6<\/td>\n<td>Carmina<\/td>\n<\/tr>\n<tr>\n<td>7<\/td>\n<td>Nuevas Oraciones No.2<\/td>\n<\/tr>\n<tr>\n<td>8<\/td>\n<td>Ya Nun Tien Quien&#8217;I Cante<\/td>\n<\/tr>\n<tr>\n<td>9<\/td>\n<td>Confesiones A Un Reloj<\/td>\n<\/tr>\n<tr>\n<td>10<\/td>\n<td>Mis Canciones<\/td>\n<\/tr>\n<tr>\n<td>11<\/td>\n<td>La Romer\u00eda<\/td>\n<\/tr>\n<tr>\n<td>12<\/td>\n<td>Paxarinos<\/td>\n<\/tr>\n<tr>\n<td>13<\/td>\n<td>Un Cura De Aldea<\/td>\n<\/tr>\n<tr>\n<td>14<\/td>\n<td>El Cobarde<\/td>\n<\/tr>\n<tr>\n<td>15<\/td>\n<td>Ya Se Escuchan Las Panderetas<\/td>\n<\/tr>\n<tr>\n<td>16<\/td>\n<td>Primer Disco<\/td>\n<\/tr>\n<tr>\n<td>17<\/td>\n<td>El Abuelo V\u00edtor<\/td>\n<\/tr>\n<tr>\n<td>18<\/td>\n<td>El Tren De Madera<\/td>\n<\/tr>\n<tr>\n<td>19<\/td>\n<td>Mis Recuerdos<\/td>\n<\/tr>\n<tr>\n<td>20<\/td>\n<td>El Mendigo<\/td>\n<\/tr>\n<tr>\n<td>21<\/td>\n<td>En El Portal\u00edn De Piedra<\/td>\n<\/tr>\n<tr>\n<td>22<\/td>\n<td>Tus Cosas<\/td>\n<\/tr>\n<tr>\n<td>23<\/td>\n<td>En Un Peque\u00f1o Cuarto De Un Hotel<\/td>\n<\/tr>\n<tr>\n<td>24<\/td>\n<td>El Acordeonista<\/td>\n<\/tr>\n<tr>\n<td>25<\/td>\n<td>Aquel Hombre<\/td>\n<\/tr>\n<tr>\n<td>26<\/td>\n<td>Dame La Mano<\/td>\n<\/tr>\n<tr>\n<td>27<\/td>\n<td>Por Eso Estoy Aqu\u00ed<\/td>\n<\/tr>\n<tr>\n<td>28<\/td>\n<td>Antipoema<\/td>\n<\/tr>\n<tr>\n<td>29<\/td>\n<td>Siempre Estoy Empezando Tu Poema<\/td>\n<\/tr>\n<tr>\n<td>30<\/td>\n<td>El Profeta<\/td>\n<\/tr>\n<tr>\n<td>31<\/td>\n<td>No Me Duele Decirlo<\/td>\n<\/tr>\n<tr>\n<td>32<\/td>\n<td>Los Domingos<\/td>\n<\/tr>\n<tr>\n<td>33<\/td>\n<td>Espero<\/td>\n<\/tr>\n<tr>\n<td>34<\/td>\n<td>Un Hombre Solo, Solo<\/td>\n<\/tr>\n<tr>\n<td>35<\/td>\n<td>Soled\u00e1<\/td>\n<\/tr>\n<tr>\n<td>36<\/td>\n<td>Axuntando Y Atropando<\/td>\n<\/tr>\n<tr>\n<td>37<\/td>\n<td>Ea M\u00edo Ne\u00f1\u00edn<\/td>\n<\/tr>\n<tr>\n<td>38<\/td>\n<td>Por Salir De Dudas<\/td>\n<\/tr>\n<tr>\n<td>39<\/td>\n<td>Aqu\u00e9l Quirosanu<\/td>\n<\/tr>\n<tr>\n<td>40<\/td>\n<td>No Hay Carretera Sin Barro<\/td>\n<\/tr>\n<tr>\n<td>41<\/td>\n<td>Ayer Vite En La Fonte<\/td>\n<\/tr>\n<tr>\n<td>42<\/td>\n<td>El Cura De La Pi\u00f1era<\/td>\n<\/tr>\n<tr>\n<td>43<\/td>\n<td>Dime Paxar\u00edn Parleru<\/td>\n<\/tr>\n<tr>\n<td>44<\/td>\n<td>Pastor Que T\u00e1s En El Monte<\/td>\n<\/tr>\n<tr>\n<td>45<\/td>\n<td>Tengo El M\u00edo Xuan En La Cama<\/td>\n<\/tr>\n<tr>\n<td>46<\/td>\n<td>Yo S\u00e9 Que No Es Cristiano<\/td>\n<\/tr>\n<tr>\n<td>47<\/td>\n<td>Nadie Le Tema A La Muerte<\/td>\n<\/tr>\n<tr>\n<td>48<\/td>\n<td>C\u00f3mo Ponerse Un Guante<\/td>\n<\/tr>\n<tr>\n<td>49<\/td>\n<td>El Ni\u00f1o Que Ya No Soy<\/td>\n<\/tr>\n<tr>\n<td>50<\/td>\n<td>Manifiesto De Diciembre<\/td>\n<\/tr>\n<tr>\n<td><\/td>\n<td><\/td>\n<\/tr>\n<\/tbody>\n<\/table>\n<p>&nbsp;<\/p>\n<div class=\"epyt-video-wrapper\"><iframe loading=\"lazy\"  id=\"_ytid_20100\"  width=\"618\" height=\"347\"  data-origwidth=\"618\" data-origheight=\"347\" src=\"https:\/\/www.youtube.com\/embed\/yUVYzA2W67Q?enablejsapi=1&#038;autoplay=0&#038;cc_load_policy=0&#038;cc_lang_pref=&#038;iv_load_policy=1&#038;loop=0&#038;modestbranding=0&#038;rel=1&#038;fs=1&#038;playsinline=0&#038;autohide=2&#038;theme=dark&#038;color=red&#038;controls=1&#038;\" class=\"__youtube_prefs__  epyt-is-override  no-lazyload\" title=\"YouTube player\"  allow=\"fullscreen; accelerometer; autoplay; clipboard-write; encrypted-media; gyroscope; picture-in-picture\" allowfullscreen data-no-lazy=\"1\" data-skipgform_ajax_framebjll=\"\"><\/iframe><\/div>\n","protected":false},"excerpt":{"rendered":"<p>&nbsp; Fecha de Nacimiento: 7 de Julio de 1947 en Asturias, Espa\u00f1a (tiene 72 a\u00f1os de edad). Biograf\u00eda V\u00edctor Manuel San Jos\u00e9 S\u00e1nchez, conocido a secas, como V\u00edctor Manuel. A la edad de 16 a\u00f1os inicia su carrera art\u00edstica, present\u00e1ndose a concursos musicales y cantando en la orquesta &#8220;Bossa Nova&#8221;. En 1964 Victor manuel se &hellip;<\/p>\n","protected":false},"author":1,"featured_media":0,"parent":0,"menu_order":0,"comment_status":"closed","ping_status":"closed","template":"","meta":{"footnotes":""},"class_list":["post-28535","page","type-page","status-publish",""],"jetpack_sharing_enabled":true,"_links":{"self":[{"href":"https:\/\/mickyandoniehn.com\/radio\/wp-json\/wp\/v2\/pages\/28535","targetHints":{"allow":["GET"]}}],"collection":[{"href":"https:\/\/mickyandoniehn.com\/radio\/wp-json\/wp\/v2\/pages"}],"about":[{"href":"https:\/\/mickyandoniehn.com\/radio\/wp-json\/wp\/v2\/types\/page"}],"author":[{"embeddable":true,"href":"https:\/\/mickyandoniehn.com\/radio\/wp-json\/wp\/v2\/users\/1"}],"replies":[{"embeddable":true,"href":"https:\/\/mickyandoniehn.com\/radio\/wp-json\/wp\/v2\/comments?post=28535"}],"version-history":[{"count":2,"href":"https:\/\/mickyandoniehn.com\/radio\/wp-json\/wp\/v2\/pages\/28535\/revisions"}],"predecessor-version":[{"id":75216,"href":"https:\/\/mickyandoniehn.com\/radio\/wp-json\/wp\/v2\/pages\/28535\/revisions\/75216"}],"wp:attachment":[{"href":"https:\/\/mickyandoniehn.com\/radio\/wp-json\/wp\/v2\/media?parent=28535"}],"curies":[{"name":"wp","href":"https:\/\/api.w.org\/{rel}","templated":true}]}}