{"id":29181,"date":"2022-08-29T08:40:18","date_gmt":"2022-08-29T14:40:18","guid":{"rendered":"https:\/\/mickyandoniehn.com\/radio\/?page_id=29181"},"modified":"2022-09-01T11:25:01","modified_gmt":"2022-09-01T17:25:01","slug":"luis-gonzaga","status":"publish","type":"page","link":"http:\/\/mickyandoniehn.com\/radio\/luis-gonzaga\/","title":{"rendered":"Luis Gonzaga"},"content":{"rendered":"<p style=\"text-align: justify;\"><img loading=\"lazy\" decoding=\"async\" class=\"wp-image-24031 aligncenter\" src=\"http:\/\/mickyandoniehn.com\/radio\/wp-content\/uploads\/2022\/08\/LUIS-GONZAGA-e1659378306970.jpg\" alt=\"\" width=\"676\" height=\"419\" \/><\/p>\n<p>&nbsp;<\/p>\n<div class=\"cxmmr5t8 oygrvhab hcukyx3x c1et5uql o9v6fnle\" style=\"text-align: justify;\">\n<div dir=\"auto\"><strong>Fecha deNacimiento:<\/strong> 13 de diciembre 1912<\/div>\n<p>&nbsp;<\/p>\n<div dir=\"auto\"><\/div>\n<div dir=\"auto\"><strong>Fecha de Fallecimiento:<\/strong> 2 de agosto 1989 (76 a\u00f1os)<\/div>\n<p>&nbsp;<\/p>\n<div dir=\"auto\"><\/div>\n<\/div>\n<div class=\"cxmmr5t8 oygrvhab hcukyx3x c1et5uql o9v6fnle\" style=\"text-align: justify;\">\n<div dir=\"auto\"><strong>Biograf\u00eda:<\/strong><\/div>\n<p>&nbsp;<\/p>\n<div dir=\"auto\"><\/div>\n<div dir=\"auto\">Fue un compositor popular, cantante e instrumentista brasile\u00f1o, conocido como el &#8220;rey del bai\u00e3o&#8221;, g\u00e9nero musical que lo consagr\u00f3.<\/div>\n<p>&nbsp;<\/p>\n<div dir=\"auto\"><\/div>\n<\/div>\n<div class=\"cxmmr5t8 oygrvhab hcukyx3x c1et5uql o9v6fnle\" style=\"text-align: justify;\">\n<div dir=\"auto\">Aut\u00e9ntico representante de la cultura del Nordeste, se mantuvo fiel a sus or\u00edgenes, incluso al seguir su carrera musical en el sur del Brasil. La canci\u00f3n emblem\u00e1tica de su carrera es &#8220;Asa Branca&#8221;, que compuso en 1947 junto con el abogado Humberto Teixeira. Entre otros grandes \u00e9xitos destacan &#8220;Qui nem Jil\u00f3&#8221;, &#8220;O Xote das Meninas&#8221;, &#8220;Assum Branco&#8221;, &#8220;Vem Morena&#8221; y &#8220;Para\u00edba&#8221;, desde entonces convertida en canci\u00f3n-s\u00edmbolo del estado hom\u00f3nimo brasile\u00f1o.<\/div>\n<p>&nbsp;<\/p>\n<\/div>\n<div class=\"cxmmr5t8 oygrvhab hcukyx3x c1et5uql o9v6fnle\" style=\"text-align: justify;\">\n<div dir=\"auto\"><\/div>\n<\/div>\n<div class=\"cxmmr5t8 oygrvhab hcukyx3x c1et5uql o9v6fnle\" style=\"text-align: justify;\">\n<div dir=\"auto\"><strong>Date of Birth:<\/strong> December 13, 1912<\/div>\n<p>&nbsp;<\/p>\n<div dir=\"auto\"><\/div>\n<div dir=\"auto\"><strong>Date of Died:<\/strong> August 2, 1989 (age 76)<\/div>\n<p>&nbsp;<\/p>\n<div dir=\"auto\"><\/div>\n<\/div>\n<div class=\"cxmmr5t8 oygrvhab hcukyx3x c1et5uql o9v6fnle\" style=\"text-align: justify;\">\n<div dir=\"auto\"><strong>Biography:<\/strong><\/div>\n<p>&nbsp;<\/p>\n<div dir=\"auto\"><\/div>\n<div dir=\"auto\">Luis Gonzaga do Nascimento (Ex\u00fa, December 13, 1912 &#8211; Recife, August 2, 1989) was a popular composer, singer and Brazilian instrumentalist, known as the &#8220;king of bai\u00e3o&#8221;, the musical genre that established him.<\/div>\n<div dir=\"auto\"><\/div>\n<p>&nbsp;<\/p>\n<\/div>\n<div class=\"cxmmr5t8 oygrvhab hcukyx3x c1et5uql o9v6fnle\" style=\"text-align: justify;\">\n<div dir=\"auto\">A true representative of the culture of the Northeast, he remained faithful to his origins, even when he continued his musical career in southern Brazil. The emblematic song of his career is &#8220;Asa Branca&#8221;, which he composed in 1947 together with the lawyer Humberto Teixeira. Other great hits include &#8220;Qui nem Jil\u00f3&#8221;, &#8220;O Xote das Meninas&#8221;, &#8220;Assum Branco&#8221;, &#8220;Vem Morena&#8221; and &#8220;Para\u00edba&#8221;, since then turned into a song-symbol of the Brazilian state with the same name.<\/div>\n<p>&nbsp;<\/p>\n<div dir=\"auto\"><\/div>\n<\/div>\n<div class=\"cxmmr5t8 oygrvhab hcukyx3x c1et5uql o9v6fnle\" style=\"text-align: justify;\">\n<div dir=\"auto\"><strong>Discography<\/strong><\/div>\n<p>&nbsp;<\/p>\n<\/div>\n<div dir=\"auto\"><\/div>\n<div dir=\"auto\">\n<table style=\"height: 2976px;\" width=\"821\">\n<tbody>\n<tr>\n<td style=\"text-align: center;\" width=\"168\"><strong>Temas\u00a0\u00a0\u00a0 Forr\u00f3<\/strong><\/td>\n<td style=\"text-align: center;\" width=\"237\"><strong>Escuchar tema<\/strong><\/td>\n<td style=\"text-align: center;\" width=\"201\"><strong>A\u00f1o de Publicacion<\/strong><\/td>\n<\/tr>\n<tr>\n<td>1<\/td>\n<td>Asa branca<\/td>\n<td>1989<\/td>\n<\/tr>\n<tr>\n<td>2<\/td>\n<td>Xote das Meninas<\/td>\n<td>1989<\/td>\n<\/tr>\n<tr>\n<td>3<\/td>\n<td>A vida do viajante<\/td>\n<td>1989<\/td>\n<\/tr>\n<tr>\n<td>4<\/td>\n<td>Pagode Russo<\/td>\n<td>1947<\/td>\n<\/tr>\n<tr>\n<td>5<\/td>\n<td>Vem Morena<\/td>\n<td>1987<\/td>\n<\/tr>\n<tr>\n<td>6<\/td>\n<td>Sabi\u00e1<\/td>\n<td>1947<\/td>\n<\/tr>\n<tr>\n<td>7<\/td>\n<td>Xote das meninas<\/td>\n<td>1953<\/td>\n<\/tr>\n<tr>\n<td>8<\/td>\n<td>Numa Sala De Reboco<\/td>\n<td>1985<\/td>\n<\/tr>\n<tr>\n<td>9<\/td>\n<td>Morte do Vaqueiro<\/td>\n<td>1964<\/td>\n<\/tr>\n<tr>\n<td>10<\/td>\n<td>Sanfona Sentida<\/td>\n<td>1976<\/td>\n<\/tr>\n<tr>\n<td><\/td>\n<td><\/td>\n<td><\/td>\n<\/tr>\n<tr>\n<td style=\"text-align: center;\"><\/td>\n<td style=\"text-align: center;\"><strong>A Hist\u00f3ria do Nordeste Na Voz de Luiz Gonzaga<\/strong><\/td>\n<td style=\"text-align: center;\"><strong>1954<\/strong><\/td>\n<\/tr>\n<tr>\n<td>1<\/td>\n<td>Para\u00edba<\/td>\n<td><\/td>\n<\/tr>\n<tr>\n<td>2<\/td>\n<td>Respeita janu\u00e1rio<\/td>\n<td><\/td>\n<\/tr>\n<tr>\n<td>3<\/td>\n<td>Saudade de Pernambuco<\/td>\n<td><\/td>\n<\/tr>\n<tr>\n<td>4<\/td>\n<td>O xote das meninas<\/td>\n<td><\/td>\n<\/tr>\n<tr>\n<td>5<\/td>\n<td>O ABC do sorteo<\/td>\n<td><\/td>\n<\/tr>\n<tr>\n<td>6<\/td>\n<td>Acau\u00e3<\/td>\n<td><\/td>\n<\/tr>\n<tr>\n<td>7<\/td>\n<td>Algod\u00e3o<\/td>\n<td><\/td>\n<\/tr>\n<tr>\n<td>8<\/td>\n<td>Asa branca<\/td>\n<td><\/td>\n<\/tr>\n<tr>\n<td><\/td>\n<td><\/td>\n<td><\/td>\n<\/tr>\n<tr>\n<td style=\"text-align: center;\"><\/td>\n<td style=\"text-align: center;\"><strong>Quadrilhas e marchinhas juninas<\/strong><\/td>\n<td style=\"text-align: center;\"><strong>1965<\/strong><\/td>\n<\/tr>\n<tr>\n<td>1<\/td>\n<td colspan=\"2\">Fim de festa \/ Polca fogueteira \/ Lascando o cano \/ Pagode russo \/ Fogueiras de S\u00e3o Jo\u00e3o<\/td>\n<\/tr>\n<tr>\n<td>2<\/td>\n<td>Olha pro c\u00e9u<\/td>\n<td><\/td>\n<\/tr>\n<tr>\n<td>3<\/td>\n<td>Fogo sem fuzil<\/td>\n<td><\/td>\n<\/tr>\n<tr>\n<td>4<\/td>\n<td>Quero ch\u00e1<\/td>\n<td><\/td>\n<\/tr>\n<tr>\n<td>5<\/td>\n<td>Matuto de opini\u00e3o<\/td>\n<td><\/td>\n<\/tr>\n<tr>\n<td>6<\/td>\n<td>Boi bumb\u00e1<\/td>\n<td><\/td>\n<\/tr>\n<tr>\n<td>7<\/td>\n<td>O maior tocador<\/td>\n<td><\/td>\n<\/tr>\n<tr>\n<td>8<\/td>\n<td>Piriri<\/td>\n<td><\/td>\n<\/tr>\n<tr>\n<td><\/td>\n<td><\/td>\n<td><\/td>\n<\/tr>\n<tr>\n<td style=\"text-align: center;\"><\/td>\n<td style=\"text-align: center;\"><strong>Aquilo Bom!<\/strong><\/td>\n<td style=\"text-align: center;\"><strong>1972<\/strong><\/td>\n<\/tr>\n<tr>\n<td>1<\/td>\n<td>Aquilo Bom (Garotas do Leblon)<\/td>\n<td><\/td>\n<\/tr>\n<tr>\n<td>2<\/td>\n<td>Bandeira Dois<\/td>\n<td><\/td>\n<\/tr>\n<tr>\n<td>3<\/td>\n<td>Pra Frente Goi\u00e1s<\/td>\n<td><\/td>\n<\/tr>\n<tr>\n<td>4<\/td>\n<td>Se N\u00e3o Fosse Este Meu Fole<\/td>\n<td><\/td>\n<\/tr>\n<tr>\n<td>5<\/td>\n<td>Vaqueiro V\u00e9io<\/td>\n<td><\/td>\n<\/tr>\n<tr>\n<td>6<\/td>\n<td>Meu Pequeno Cachoeiro<\/td>\n<td><\/td>\n<\/tr>\n<tr>\n<td>7<\/td>\n<td>From U. S. Of Piau\u00ed<\/td>\n<td><\/td>\n<\/tr>\n<tr>\n<td>8<\/td>\n<td>Forr\u00f3 do Z\u00e9 Buchudo<\/td>\n<td><\/td>\n<\/tr>\n<tr>\n<td>9<\/td>\n<td>Meu Chevrolet<\/td>\n<td><\/td>\n<\/tr>\n<tr>\n<td>10<\/td>\n<td>Ana Rosa<\/td>\n<td><\/td>\n<\/tr>\n<tr>\n<td>11<\/td>\n<td colspan=\"2\">Corrida De Mour\u00e3o (Can\u00e7\u00e3o De Vaquejada)<\/td>\n<\/tr>\n<tr>\n<td>12<\/td>\n<td>3 X 4<\/td>\n<td><\/td>\n<\/tr>\n<tr>\n<td><\/td>\n<td><\/td>\n<td><\/td>\n<\/tr>\n<tr>\n<td style=\"text-align: center;\"><\/td>\n<td style=\"text-align: center;\"><strong>Luiz Gonzaga &#8220;Eu E Meu Pai&#8221;<\/strong><\/td>\n<td style=\"text-align: center;\"><strong>1979<\/strong><\/td>\n<\/tr>\n<tr>\n<td>1<\/td>\n<td>Orelia<\/td>\n<td><\/td>\n<\/tr>\n<tr>\n<td>2<\/td>\n<td>O Mangang\u00e1<\/td>\n<td><\/td>\n<\/tr>\n<tr>\n<td>3<\/td>\n<td>S\u00faplica Cearense<\/td>\n<td><\/td>\n<\/tr>\n<tr>\n<td>4<\/td>\n<td colspan=\"2\">A Vida Do Viajante \/ Dan\u00e7a Do Capil\u00e9 \/ P\u00e9 De Serra \/ Vira E Mexe \/ No Meu P\u00e9 De Serra \/ Vozes Da Seca \/ A Triste Partida \/ Asa Branca \/ Fantasia S \/ tema &#8220;Asa Branca&#8221;<\/td>\n<\/tr>\n<tr>\n<td>5<\/td>\n<td>Acordo \u00c0s Quatro<\/td>\n<td><\/td>\n<\/tr>\n<tr>\n<td>6<\/td>\n<td>Respeita Janu\u00e1rio<\/td>\n<td><\/td>\n<\/tr>\n<tr>\n<td>7<\/td>\n<td>Romance Matuto<\/td>\n<td><\/td>\n<\/tr>\n<tr>\n<td>8<\/td>\n<td>Sorriso Cativante<\/td>\n<td><\/td>\n<\/tr>\n<tr>\n<td>9<\/td>\n<td>Manoelito Cidad\u00e3o<\/td>\n<td><\/td>\n<\/tr>\n<tr>\n<td>10<\/td>\n<td>Sou Do Banco<\/td>\n<td><\/td>\n<\/tr>\n<tr>\n<td>11<\/td>\n<td>O Ca\u00e7ador<\/td>\n<td><\/td>\n<\/tr>\n<tr>\n<td>12<\/td>\n<td>Rio Br\u00edgida<\/td>\n<td><\/td>\n<\/tr>\n<tr>\n<td>13<\/td>\n<td>Alvorada Nordestina (Can\u00e7\u00e3o Da Paz)<\/td>\n<td><\/td>\n<\/tr>\n<tr>\n<td>14<\/td>\n<td>Adeus A Janu\u00e1rio<\/td>\n<td><\/td>\n<\/tr>\n<tr>\n<td><\/td>\n<td><\/td>\n<td><\/td>\n<\/tr>\n<tr>\n<td style=\"text-align: center;\"><\/td>\n<td style=\"text-align: center;\"><strong>Coisa Mais Maior De Grande Pessoa<\/strong><\/td>\n<td style=\"text-align: center;\"><strong>1981<\/strong><\/td>\n<\/tr>\n<tr>\n<td>1<\/td>\n<td>Santa Maravilha<\/td>\n<td><\/td>\n<\/tr>\n<tr>\n<td>2<\/td>\n<td>O Saco Cheio de Noel<\/td>\n<td><\/td>\n<\/tr>\n<tr>\n<td>3<\/td>\n<td>Mergulho<\/td>\n<td><\/td>\n<\/tr>\n<tr>\n<td>4<\/td>\n<td>Eu Entrego A Deus<\/td>\n<td><\/td>\n<\/tr>\n<tr>\n<td>5<\/td>\n<td>Pacato cidad\u00e3o<\/td>\n<td><\/td>\n<\/tr>\n<tr>\n<td>6<\/td>\n<td>A F\u00e1brica De Sonhos<\/td>\n<td><\/td>\n<\/tr>\n<tr>\n<td><\/td>\n<td><\/td>\n<td><\/td>\n<\/tr>\n<tr>\n<td style=\"text-align: center;\"><\/td>\n<td style=\"text-align: center;\"><strong>Danado De Bom<\/strong><\/td>\n<td style=\"text-align: center;\"><strong>1984<\/strong><\/td>\n<\/tr>\n<tr>\n<td>1<\/td>\n<td>Danado de Bom<\/td>\n<td><\/td>\n<\/tr>\n<tr>\n<td>2<\/td>\n<td>Terra, Vida e Esperan\u00e7a<\/td>\n<td><\/td>\n<\/tr>\n<tr>\n<td>3<\/td>\n<td>Aproveita Gente<\/td>\n<td><\/td>\n<\/tr>\n<tr>\n<td>4<\/td>\n<td>Pense N&#8217;Eu<\/td>\n<td><\/td>\n<\/tr>\n<tr>\n<td>5<\/td>\n<td>Sete Meninas<\/td>\n<td><\/td>\n<\/tr>\n<tr>\n<td>6<\/td>\n<td>Sebastiana (Ao Vivo)<\/td>\n<td><\/td>\n<\/tr>\n<tr>\n<td>7<\/td>\n<td>Pagode Russo<\/td>\n<td><\/td>\n<\/tr>\n<tr>\n<td>8<\/td>\n<td colspan=\"2\">Respeita Janu\u00e1rio \/ Riacho do Navio \/ Forr\u00f3 no Escuro (Ao Vivo)<\/td>\n<\/tr>\n<tr>\n<td>9<\/td>\n<td>Sanfoninha Choradeira<\/td>\n<td><\/td>\n<\/tr>\n<tr>\n<td>10<\/td>\n<td>Boiadeiro<\/td>\n<td><\/td>\n<\/tr>\n<tr>\n<td>11<\/td>\n<td>Asa Branca<\/td>\n<td><\/td>\n<\/tr>\n<tr>\n<td><\/td>\n<td><\/td>\n<td><\/td>\n<\/tr>\n<tr>\n<td style=\"text-align: center;\"><\/td>\n<td style=\"text-align: center;\"><strong>O melhor de Luiz Gonzaga<\/strong><\/td>\n<td style=\"text-align: center;\"><strong>1996<\/strong><\/td>\n<\/tr>\n<tr>\n<td>1<\/td>\n<td>Asa branca<\/td>\n<td><\/td>\n<\/tr>\n<tr>\n<td>2<\/td>\n<td>Bai\u00e3o<\/td>\n<td><\/td>\n<\/tr>\n<tr>\n<td>3<\/td>\n<td>Cintura fina<\/td>\n<td><\/td>\n<\/tr>\n<tr>\n<td>4<\/td>\n<td>Qui nem Jil\u00f3<\/td>\n<td><\/td>\n<\/tr>\n<tr>\n<td>5<\/td>\n<td>Para\u00edba<\/td>\n<td><\/td>\n<\/tr>\n<tr>\n<td>6<\/td>\n<td>A volta da asa branca<\/td>\n<td><\/td>\n<\/tr>\n<tr>\n<td>7<\/td>\n<td>Pau de arara<\/td>\n<td><\/td>\n<\/tr>\n<tr>\n<td>8<\/td>\n<td>O xote das meninas<\/td>\n<td><\/td>\n<\/tr>\n<tr>\n<td>9<\/td>\n<td>Riacho do Navio<\/td>\n<td><\/td>\n<\/tr>\n<tr>\n<td>10<\/td>\n<td>Luar do sert\u00e3o<\/td>\n<td><\/td>\n<\/tr>\n<tr>\n<td>11<\/td>\n<td>Ovo de codorna<\/td>\n<td><\/td>\n<\/tr>\n<tr>\n<td>12<\/td>\n<td>Forr\u00f3 no escuro<\/td>\n<td><\/td>\n<\/tr>\n<tr>\n<td>13<\/td>\n<td>Danado de bom<\/td>\n<td><\/td>\n<\/tr>\n<tr>\n<td>14<\/td>\n<td>Forr\u00f3 n\u00famero 1<\/td>\n<td><\/td>\n<\/tr>\n<tr>\n<td>15<\/td>\n<td>T\u00e1 bom demais<\/td>\n<td><\/td>\n<\/tr>\n<tr>\n<td>16<\/td>\n<td>Forr\u00f3 de cabo a rabo<\/td>\n<td><\/td>\n<\/tr>\n<tr>\n<td><\/td>\n<td><\/td>\n<td><\/td>\n<\/tr>\n<\/tbody>\n<\/table>\n<\/div>\n<p>&nbsp;<\/p>\n<div dir=\"auto\"><\/div>\n<div dir=\"auto\"><\/div>\n<div class=\"cxmmr5t8 oygrvhab hcukyx3x c1et5uql o9v6fnle\" style=\"text-align: justify;\">\n<div dir=\"auto\">Cr\u00e9ditos tomados de Wikipedia:<\/div>\n<div dir=\"auto\"><a class=\"oajrlxb2 g5ia77u1 qu0x051f esr5mh6w e9989ue4 r7d6kgcz rq0escxv nhd2j8a9 nc684nl6 p7hjln8o kvgmc6g5 cxmmr5t8 oygrvhab hcukyx3x jb3vyjys rz4wbd8a qt6c0cv9 a8nywdso i1ao9s8h esuyzwwr f1sip0of lzcic4wl gpro0wi8 py34i1dx\" tabindex=\"0\" role=\"link\" href=\"https:\/\/es.wikipedia.org\/wiki\/Luiz_Gonzaga?fbclid=IwAR31aSUS1mL5DpDU5uDIXn8J8af-RDBaRd0vWvW0T4zJHD80obkRn4h40ag\" target=\"_blank\" rel=\"nofollow noopener\">https:\/\/es.wikipedia.org\/wiki\/Luiz_Gonzaga<\/a><\/div>\n<\/div>\n<div class=\"epyt-video-wrapper\"><iframe loading=\"lazy\"  id=\"_ytid_15347\"  width=\"618\" height=\"347\"  data-origwidth=\"618\" data-origheight=\"347\" src=\"https:\/\/www.youtube.com\/embed\/adS7Aw5-lMY?enablejsapi=1&#038;autoplay=0&#038;cc_load_policy=0&#038;cc_lang_pref=&#038;iv_load_policy=1&#038;loop=0&#038;modestbranding=0&#038;rel=1&#038;fs=1&#038;playsinline=0&#038;autohide=2&#038;theme=dark&#038;color=red&#038;controls=1&#038;\" class=\"__youtube_prefs__  epyt-is-override  no-lazyload\" title=\"YouTube player\"  allow=\"fullscreen; accelerometer; autoplay; clipboard-write; encrypted-media; gyroscope; picture-in-picture\" allowfullscreen data-no-lazy=\"1\" data-skipgform_ajax_framebjll=\"\"><\/iframe><\/div>\n","protected":false},"excerpt":{"rendered":"<p>&nbsp; Fecha deNacimiento: 13 de diciembre 1912 &nbsp; Fecha de Fallecimiento: 2 de agosto 1989 (76 a\u00f1os) &nbsp; Biograf\u00eda: &nbsp; Fue un compositor popular, cantante e instrumentista brasile\u00f1o, conocido como el &#8220;rey del bai\u00e3o&#8221;, g\u00e9nero musical que lo consagr\u00f3. &nbsp; Aut\u00e9ntico representante de la cultura del Nordeste, se mantuvo fiel a sus or\u00edgenes, incluso al &hellip;<\/p>\n","protected":false},"author":1,"featured_media":0,"parent":0,"menu_order":0,"comment_status":"closed","ping_status":"closed","template":"","meta":{"footnotes":""},"class_list":["post-29181","page","type-page","status-publish",""],"jetpack_sharing_enabled":true,"_links":{"self":[{"href":"http:\/\/mickyandoniehn.com\/radio\/wp-json\/wp\/v2\/pages\/29181","targetHints":{"allow":["GET"]}}],"collection":[{"href":"http:\/\/mickyandoniehn.com\/radio\/wp-json\/wp\/v2\/pages"}],"about":[{"href":"http:\/\/mickyandoniehn.com\/radio\/wp-json\/wp\/v2\/types\/page"}],"author":[{"embeddable":true,"href":"http:\/\/mickyandoniehn.com\/radio\/wp-json\/wp\/v2\/users\/1"}],"replies":[{"embeddable":true,"href":"http:\/\/mickyandoniehn.com\/radio\/wp-json\/wp\/v2\/comments?post=29181"}],"version-history":[{"count":3,"href":"http:\/\/mickyandoniehn.com\/radio\/wp-json\/wp\/v2\/pages\/29181\/revisions"}],"predecessor-version":[{"id":30374,"href":"http:\/\/mickyandoniehn.com\/radio\/wp-json\/wp\/v2\/pages\/29181\/revisions\/30374"}],"wp:attachment":[{"href":"http:\/\/mickyandoniehn.com\/radio\/wp-json\/wp\/v2\/media?parent=29181"}],"curies":[{"name":"wp","href":"https:\/\/api.w.org\/{rel}","templated":true}]}}