{"id":28848,"date":"2022-08-26T12:23:32","date_gmt":"2022-08-26T18:23:32","guid":{"rendered":"https:\/\/mickyandoniehn.com\/radio\/?page_id=28848"},"modified":"2022-09-01T10:17:41","modified_gmt":"2022-09-01T16:17:41","slug":"gilles-vigneault","status":"publish","type":"page","link":"http:\/\/mickyandoniehn.com\/radio\/gilles-vigneault\/","title":{"rendered":"Gilles Vigneault"},"content":{"rendered":"<p style=\"text-align: justify;\"><img loading=\"lazy\" decoding=\"async\" class=\" wp-image-23686 aligncenter\" src=\"http:\/\/mickyandoniehn.com\/radio\/wp-content\/uploads\/2022\/07\/Gilles-Vigneault-297x300.jpg\" alt=\"\" width=\"565\" height=\"571\" srcset=\"http:\/\/mickyandoniehn.com\/radio\/wp-content\/uploads\/2022\/07\/Gilles-Vigneault-297x300.jpg 297w, http:\/\/mickyandoniehn.com\/radio\/wp-content\/uploads\/2022\/07\/Gilles-Vigneault.jpg 589w\" sizes=\"auto, (max-width: 565px) 100vw, 565px\" \/><\/p>\n<p>&nbsp;<\/p>\n<div class=\"cxmmr5t8 oygrvhab hcukyx3x c1et5uql o9v6fnle ii04i59q\" style=\"text-align: justify;\">\n<div dir=\"auto\"><strong>Fecha de Nacimiento:<\/strong> 27 de octubre de 1928<\/div>\n<p>&nbsp;<\/p>\n<div dir=\"auto\"><\/div>\n<\/div>\n<div class=\"cxmmr5t8 oygrvhab hcukyx3x c1et5uql o9v6fnle ii04i59q\" style=\"text-align: justify;\">\n<div dir=\"auto\"><strong>Biograf\u00eda:<\/strong><\/div>\n<p>&nbsp;<\/p>\n<div dir=\"auto\"><\/div>\n<div dir=\"auto\">Muchos consideran que dos de sus canciones son himnos no oficiales de Quebec: &#8221; Mon pays &#8221; y &#8221; Gens du pays &#8220;Vigneault es un Gran Oficial de la Orden Nacional de Quebec , Caballero de la Legi\u00f3n de Honor y Oficial de la Ordre des Arts et des Lettres.<\/div>\n<p>&nbsp;<\/p>\n<div dir=\"auto\"><\/div>\n<\/div>\n<div class=\"cxmmr5t8 oygrvhab hcukyx3x c1et5uql o9v6fnle ii04i59q\" style=\"text-align: justify;\">\n<div dir=\"auto\">Comenz\u00f3 a escribir poes\u00eda durante sus estudios en el seminario de Rimouski , y en la d\u00e9cada de 1950 publicaba poemas y escrib\u00eda canciones para otros artistas. En 1959 funda la editorial Les \u00c9ditions de l&#8217;Arc para distribuir sus publicaciones.<\/div>\n<p>&nbsp;<\/p>\n<div dir=\"auto\"><\/div>\n<\/div>\n<div class=\"cxmmr5t8 oygrvhab hcukyx3x c1et5uql o9v6fnle ii04i59q\" style=\"text-align: justify;\">\n<div dir=\"auto\">La reputaci\u00f3n de Vigneault como compositor e int\u00e9rprete continu\u00f3 extendi\u00e9ndose y se hizo popular no solo en Quebec, sino tambi\u00e9n en el Canad\u00e1 ingl\u00e9s y Europa. [7] Actu\u00f3 en las principales salas de conciertos canadienses, incluida la Place des Arts de Montreal , el National Arts Centre en Ottawa y el Massey Hall de Toronto.<\/div>\n<p>&nbsp;<\/p>\n<div dir=\"auto\"><\/div>\n<\/div>\n<div class=\"cxmmr5t8 oygrvhab hcukyx3x c1et5uql o9v6fnle ii04i59q\" style=\"text-align: justify;\">\n<div dir=\"auto\">A mediados de la d\u00e9cada de 1970, Vigneault particip\u00f3 en varios eventos importantes. El 13 de agosto de 1974, 130.000 espectadores se reunieron en las Llanuras de Abraham para la Superfrancof\u00eate , donde Vigneault particip\u00f3 en un concierto hist\u00f3rico junto a F\u00e9lix Leclerc y Robert Charlebois.<\/div>\n<p>&nbsp;<\/p>\n<div dir=\"auto\"><\/div>\n<\/div>\n<div class=\"cxmmr5t8 oygrvhab hcukyx3x c1et5uql o9v6fnle ii04i59q\" style=\"text-align: justify;\">\n<div dir=\"auto\">Los temas principales de la escritura de Vigneault son Quebec y su gente, as\u00ed como las relaciones humanas, el amor y la vida cotidiana. Vigneault tambi\u00e9n se preocupa por los problemas ambientales y ha escrito canciones y cuentos para ni\u00f1os.<\/div>\n<p>&nbsp;<\/p>\n<div dir=\"auto\"><\/div>\n<\/div>\n<div class=\"cxmmr5t8 oygrvhab hcukyx3x c1et5uql o9v6fnle ii04i59q\" style=\"text-align: justify;\">\n<div dir=\"auto\"><strong>Wikipedia in English<\/strong><\/div>\n<p>&nbsp;<\/p>\n<div dir=\"auto\"><\/div>\n<\/div>\n<div class=\"cxmmr5t8 oygrvhab hcukyx3x c1et5uql o9v6fnle ii04i59q\" style=\"text-align: justify;\">\n<div dir=\"auto\"><strong>Date of Birth:<\/strong> October 27, 1928<\/div>\n<p>&nbsp;<\/p>\n<div dir=\"auto\"><\/div>\n<\/div>\n<div class=\"cxmmr5t8 oygrvhab hcukyx3x c1et5uql o9v6fnle ii04i59q\" style=\"text-align: justify;\">\n<div dir=\"auto\"><strong>Biography:<\/strong><\/div>\n<p>&nbsp;<\/p>\n<div dir=\"auto\"><\/div>\n<div dir=\"auto\">Two of his songs are considered by many to be unofficial Quebec anthems: &#8220;Mon pays&#8221; and &#8220;Gens du pays&#8221; Vigneault is a Grand Officer of the National Order of Quebec, Knight of the Legion of Honor and Officer of the Ordre des Arts et des Lettres.<\/div>\n<p>&nbsp;<\/p>\n<div dir=\"auto\"><\/div>\n<\/div>\n<div class=\"cxmmr5t8 oygrvhab hcukyx3x c1et5uql o9v6fnle ii04i59q\" style=\"text-align: justify;\">\n<div dir=\"auto\">He began writing poetry during his studies at Rimouski&#8217;s seminary, and in the 1950s he was publishing poems and writing songs for other artists. In 1959 he founded the Les \u00c9ditions de l&#8217;Arc publishing house to distribute his publications.<\/div>\n<p>&nbsp;<\/p>\n<div dir=\"auto\"><\/div>\n<\/div>\n<div class=\"cxmmr5t8 oygrvhab hcukyx3x c1et5uql o9v6fnle ii04i59q\" style=\"text-align: justify;\">\n<div dir=\"auto\">Vigneault&#8217;s reputation as a composer and performer continued to spread and he became popular not only in Quebec, but also in English Canada and Europe. [7] He performed in major Canadian concert halls, including Montreal&#8217;s Place des Arts, the National Arts Center in Ottawa, and Toronto&#8217;s Massey Hall.<\/div>\n<div dir=\"auto\"><\/div>\n<p>&nbsp;<\/p>\n<\/div>\n<div class=\"cxmmr5t8 oygrvhab hcukyx3x c1et5uql o9v6fnle ii04i59q\" style=\"text-align: justify;\">\n<div dir=\"auto\">In the mid-1970s, Vigneault participated in several major events. On August 13, 1974, 130,000 spectators gathered on the Plains of Abraham for the Superfrancof\u00eate, where Vigneault participated in a historic concert alongside F\u00e9lix Leclerc and Robert Charlebois.<\/div>\n<p>&nbsp;<\/p>\n<div dir=\"auto\"><\/div>\n<\/div>\n<div class=\"cxmmr5t8 oygrvhab hcukyx3x c1et5uql o9v6fnle ii04i59q\" style=\"text-align: justify;\">\n<div dir=\"auto\">The main themes of Vigneault&#8217;s writing are Quebec and its people, as well as human relationships, love, and everyday life. Vigneault also cares about environmental issues and has written songs and stories for children.<\/div>\n<p>&nbsp;<\/p>\n<div dir=\"auto\"><\/div>\n<\/div>\n<div class=\"cxmmr5t8 oygrvhab hcukyx3x c1et5uql o9v6fnle ii04i59q\" style=\"text-align: justify;\">\n<div dir=\"auto\"><strong>Discography<\/strong><\/div>\n<p>&nbsp;<\/p>\n<div dir=\"auto\"><\/div>\n<\/div>\n<div class=\"cxmmr5t8 oygrvhab hcukyx3x c1et5uql o9v6fnle ii04i59q\" style=\"text-align: justify;\">\n<div dir=\"auto\">\n<table width=\"668\">\n<tbody>\n<tr>\n<td style=\"text-align: center;\" width=\"99\"><strong>G\u00e9nero\u00a0 Pop<\/strong><\/td>\n<td style=\"text-align: center;\" width=\"472\"><strong>Escuchar Tema<\/strong><\/td>\n<td style=\"text-align: center;\" width=\"97\"><strong>A\u00f1o de Publicaci\u00f3n<\/strong><\/td>\n<\/tr>\n<tr>\n<td><\/td>\n<td><\/td>\n<td><\/td>\n<\/tr>\n<tr>\n<td>1<\/td>\n<td>Gilles Vigneault<\/td>\n<td>1962<\/td>\n<\/tr>\n<tr>\n<td>2<\/td>\n<td>Gilles Vigneault chante et r\u00e9cite<\/td>\n<td>1963<\/td>\n<\/tr>\n<tr>\n<td>3<\/td>\n<td>Gilles Vigneault vol. 3<\/td>\n<td>1964<\/td>\n<\/tr>\n<tr>\n<td>4<\/td>\n<td>\u00c0 la Com\u00e9die-Canadienne<\/td>\n<td>1965<\/td>\n<\/tr>\n<tr>\n<td>5<\/td>\n<td>Mon paga<\/td>\n<td>1966<\/td>\n<\/tr>\n<tr>\n<td>6<\/td>\n<td>Gilles Vigneault enregistr\u00e9 \u00e0 Paris<\/td>\n<td>1966<\/td>\n<\/tr>\n<tr>\n<td>7<\/td>\n<td>La Manikoutai<\/td>\n<td>1967<\/td>\n<\/tr>\n<tr>\n<td>8<\/td>\n<td>Le nord du nord<\/td>\n<td>1968<\/td>\n<\/tr>\n<tr>\n<td>9<\/td>\n<td>Les voyageurs<\/td>\n<td>1969<\/td>\n<\/tr>\n<tr>\n<td>10<\/td>\n<td>Musicorama: Olympia<\/td>\n<td>1969<\/td>\n<\/tr>\n<tr>\n<td>11<\/td>\n<td>Les grands succ\u00e8s de Gilles Vigneault<\/td>\n<td>1971<\/td>\n<\/tr>\n<tr>\n<td>12<\/td>\n<td>Le temps qu&#8217;il fait sur mon pays<\/td>\n<td>1971<\/td>\n<\/tr>\n<tr>\n<td>13<\/td>\n<td>C&#8217;est le temps<\/td>\n<td>1971<\/td>\n<\/tr>\n<tr>\n<td>14<\/td>\n<td>Pays du fond de moi<\/td>\n<td>1973<\/td>\n<\/tr>\n<tr>\n<td>15<\/td>\n<td>TNM 73<\/td>\n<td>1973<\/td>\n<\/tr>\n<tr>\n<td>16<\/td>\n<td>J&#8217;ai plant\u00e9 un ch\u00eane<\/td>\n<td>1976<\/td>\n<\/tr>\n<tr>\n<td>17<\/td>\n<td>\u00c0 l&#8217;encre blanche<\/td>\n<td>1977<\/td>\n<\/tr>\n<tr>\n<td>18<\/td>\n<td>Gilles Vigneault \u00e0 Bobino<\/td>\n<td>1977<\/td>\n<\/tr>\n<tr>\n<td>19<\/td>\n<td>Comentario vous donner des nouvelles<\/td>\n<td>1978<\/td>\n<\/tr>\n<tr>\n<td>20<\/td>\n<td>Les quatre saisons de Piquot<\/td>\n<td>1978<\/td>\n<\/tr>\n<tr>\n<td>21<\/td>\n<td>Avec les mots du dimanche<\/td>\n<td>1979<\/td>\n<\/tr>\n<tr>\n<td>22<\/td>\n<td>Combien de fois faut-il parler d&#8217;amour<\/td>\n<td>1982<\/td>\n<\/tr>\n<tr>\n<td>23<\/td>\n<td>Un jour, je ferai mon grand cerf-volant<\/td>\n<td>1983<\/td>\n<\/tr>\n<tr>\n<td>24<\/td>\n<td>Mets donc tes plus belles chansons ensemble<\/td>\n<td>1986<\/td>\n<\/tr>\n<tr>\n<td>25<\/td>\n<td>Les \u00eeles<\/td>\n<td>1987<\/td>\n<\/tr>\n<tr>\n<td>26<\/td>\n<td>Chemin faisant, cent et une chansons<\/td>\n<td>1990<\/td>\n<\/tr>\n<tr>\n<td>27<\/td>\n<td>Le chant du portageur<\/td>\n<td>1992<\/td>\n<\/tr>\n<tr>\n<td>28<\/td>\n<td>C&#8217;est ainsi que j&#8217;arrive \u00e0 toi<\/td>\n<td>1996<\/td>\n<\/tr>\n<tr>\n<td>29<\/td>\n<td>Voyagements : En direct du th\u00e9\u00e2tre Champlain<\/td>\n<td>2001<\/td>\n<\/tr>\n<tr>\n<td>30<\/td>\n<td>Au bout du c\u0153ur<\/td>\n<td>2003<\/td>\n<\/tr>\n<tr>\n<td>31<\/td>\n<td>Gilles Vigneault et les Charbonniers de l&#8217;enfer<\/td>\n<td>2007<\/td>\n<\/tr>\n<tr>\n<td>32<\/td>\n<td>Arriver chez soi<\/td>\n<td>2008<\/td>\n<\/tr>\n<tr>\n<td>33<\/td>\n<td>Les ann\u00e9es soixante<\/td>\n<td>2010<\/td>\n<\/tr>\n<tr>\n<td>34<\/td>\n<td>Retrouvailles<\/td>\n<td>2010<\/td>\n<\/tr>\n<tr>\n<td>35<\/td>\n<td>Retrouvailles 2<\/td>\n<td>2011<\/td>\n<\/tr>\n<tr>\n<td>36<\/td>\n<td>Tu peux dormir le temps nous veille &#8211; Les berceuses de Gilles Vigneault<\/td>\n<td>2012<\/td>\n<\/tr>\n<tr>\n<td>37<\/td>\n<td>Vivre debout<\/td>\n<td>2014<\/td>\n<\/tr>\n<tr>\n<td>38<\/td>\n<td>Ma jeunesse<\/td>\n<td>2018<\/td>\n<\/tr>\n<tr>\n<td><\/td>\n<td><\/td>\n<td><\/td>\n<\/tr>\n<\/tbody>\n<\/table>\n<\/div>\n<\/div>\n<div dir=\"auto\"><\/div>\n<div class=\"cxmmr5t8 oygrvhab hcukyx3x c1et5uql o9v6fnle ii04i59q\" style=\"text-align: justify;\">\n<div dir=\"auto\">Cr\u00e9ditos tomados de Wikipedia:<\/div>\n<div dir=\"auto\"><a class=\"oajrlxb2 g5ia77u1 qu0x051f esr5mh6w e9989ue4 r7d6kgcz rq0escxv nhd2j8a9 nc684nl6 p7hjln8o kvgmc6g5 cxmmr5t8 oygrvhab hcukyx3x jb3vyjys rz4wbd8a qt6c0cv9 a8nywdso i1ao9s8h esuyzwwr f1sip0of lzcic4wl gpro0wi8 py34i1dx\" tabindex=\"0\" role=\"link\" href=\"https:\/\/l.facebook.com\/l.php?u=https%3A%2F%2Ffr.wikipedia.org%2Fwiki%2FGilles_Vigneault%3Ffbclid%3DIwAR1tSFzEJ4d40gDP1V0VtS37QY-kkemzcEcFPJ9xcC7emZmCmEApWO7uGdY&amp;h=AT1gVfycY4iZt0Twt-41dvwOB3fLiY1XyV31O6SbezLz6uMkzs28pfhmGKtgpJ3MDnH_3Ki_FfIeAUFSUJEixry0YPWzsmSFLa4Wi8RTjZo7m_smSfOvpRvsWZIvvewrN8jB&amp;__tn__=-UK-R&amp;c[0]=AT0rOr0hj4zVHz02qKNmT2BQFfxjb4E6KSemWUH_ODEcFZf8OBih7fiL3GuLF30p0zlfDS5EUv0gDfqIVyOP-cTeOFA6sOMRTXmlOI1PmNIoMITAN-ApzQSjArAfG298UayXdj6DKDxK8NImZycXQqlk_MNrv2BG3nfUSQ\" target=\"_blank\" rel=\"nofollow noopener\">https:\/\/fr.wikipedia.org\/wiki\/Gilles_Vigneault<\/a><\/div>\n<\/div>\n<div class=\"epyt-video-wrapper\"><iframe loading=\"lazy\"  id=\"_ytid_20579\"  width=\"618\" height=\"347\"  data-origwidth=\"618\" data-origheight=\"347\" src=\"https:\/\/www.youtube.com\/embed\/sWzDnYK_lrE?enablejsapi=1&#038;autoplay=0&#038;cc_load_policy=0&#038;cc_lang_pref=&#038;iv_load_policy=1&#038;loop=0&#038;modestbranding=0&#038;rel=1&#038;fs=1&#038;playsinline=0&#038;autohide=2&#038;theme=dark&#038;color=red&#038;controls=1&#038;\" class=\"__youtube_prefs__  epyt-is-override  no-lazyload\" title=\"YouTube player\"  allow=\"fullscreen; accelerometer; autoplay; clipboard-write; encrypted-media; gyroscope; picture-in-picture\" allowfullscreen data-no-lazy=\"1\" data-skipgform_ajax_framebjll=\"\"><\/iframe><\/div>\n","protected":false},"excerpt":{"rendered":"<p>&nbsp; Fecha de Nacimiento: 27 de octubre de 1928 &nbsp; Biograf\u00eda: &nbsp; Muchos consideran que dos de sus canciones son himnos no oficiales de Quebec: &#8221; Mon pays &#8221; y &#8221; Gens du pays &#8220;Vigneault es un Gran Oficial de la Orden Nacional de Quebec , Caballero de la Legi\u00f3n de Honor y Oficial de &hellip;<\/p>\n","protected":false},"author":1,"featured_media":0,"parent":0,"menu_order":0,"comment_status":"closed","ping_status":"closed","template":"","meta":{"footnotes":""},"class_list":["post-28848","page","type-page","status-publish",""],"jetpack_sharing_enabled":true,"_links":{"self":[{"href":"http:\/\/mickyandoniehn.com\/radio\/wp-json\/wp\/v2\/pages\/28848","targetHints":{"allow":["GET"]}}],"collection":[{"href":"http:\/\/mickyandoniehn.com\/radio\/wp-json\/wp\/v2\/pages"}],"about":[{"href":"http:\/\/mickyandoniehn.com\/radio\/wp-json\/wp\/v2\/types\/page"}],"author":[{"embeddable":true,"href":"http:\/\/mickyandoniehn.com\/radio\/wp-json\/wp\/v2\/users\/1"}],"replies":[{"embeddable":true,"href":"http:\/\/mickyandoniehn.com\/radio\/wp-json\/wp\/v2\/comments?post=28848"}],"version-history":[{"count":2,"href":"http:\/\/mickyandoniehn.com\/radio\/wp-json\/wp\/v2\/pages\/28848\/revisions"}],"predecessor-version":[{"id":30252,"href":"http:\/\/mickyandoniehn.com\/radio\/wp-json\/wp\/v2\/pages\/28848\/revisions\/30252"}],"wp:attachment":[{"href":"http:\/\/mickyandoniehn.com\/radio\/wp-json\/wp\/v2\/media?parent=28848"}],"curies":[{"name":"wp","href":"https:\/\/api.w.org\/{rel}","templated":true}]}}