{"id":28717,"date":"2022-08-26T11:44:30","date_gmt":"2022-08-26T17:44:30","guid":{"rendered":"https:\/\/mickyandoniehn.com\/radio\/?page_id=28717"},"modified":"2022-09-01T09:03:53","modified_gmt":"2022-09-01T15:03:53","slug":"camilo-sesto","status":"publish","type":"page","link":"http:\/\/mickyandoniehn.com\/radio\/camilo-sesto\/","title":{"rendered":"Camilo Sesto"},"content":{"rendered":"<p style=\"text-align: justify;\"><img loading=\"lazy\" decoding=\"async\" class=\" wp-image-23289 aligncenter\" src=\"http:\/\/mickyandoniehn.com\/radio\/wp-content\/uploads\/2022\/07\/Camilo-Sesto-300x271.jpg\" alt=\"\" width=\"676\" height=\"611\" srcset=\"http:\/\/mickyandoniehn.com\/radio\/wp-content\/uploads\/2022\/07\/Camilo-Sesto-300x271.jpg 300w, http:\/\/mickyandoniehn.com\/radio\/wp-content\/uploads\/2022\/07\/Camilo-Sesto.jpg 481w\" sizes=\"auto, (max-width: 676px) 100vw, 676px\" \/><\/p>\n<p>&nbsp;<\/p>\n<div class=\"cxmmr5t8 oygrvhab hcukyx3x c1et5uql o9v6fnle ii04i59q\" style=\"text-align: justify;\">\n<div dir=\"auto\"><strong>Fecha de Nacimiento:<\/strong> 16 de septiembre de 1946<\/div>\n<p>&nbsp;<\/p>\n<div dir=\"auto\"><\/div>\n<div dir=\"auto\"><strong>Fecha de Fallecimiento<\/strong>: 8 de septiembre de 2019<\/div>\n<p>&nbsp;<\/p>\n<div dir=\"auto\"><\/div>\n<\/div>\n<div class=\"cxmmr5t8 oygrvhab hcukyx3x c1et5uql o9v6fnle ii04i59q\" style=\"text-align: justify;\">\n<div dir=\"auto\"><strong>Biograf\u00eda<\/strong><\/div>\n<p>&nbsp;<\/p>\n<div dir=\"auto\"><\/div>\n<\/div>\n<div class=\"cxmmr5t8 oygrvhab hcukyx3x c1et5uql o9v6fnle ii04i59q\" style=\"text-align: justify;\">\n<div dir=\"auto\">El cantautor alicantino fue una de las voces insignia de Espa\u00f1a, galardonado en 2011 con la medalla \u00abM\u00e1ximo Orgullo Hispano\u00bb, entregada en la ciudad de Las Vegas (Estados Unidos). Con m\u00e1s de 40 producciones discogr\u00e1ficas y gracias a su fren\u00e9tica actividad en las d\u00e9cadas de 1970 y 1980, a lo largo de su carrera, totalizar\u00e1 52 semanas como n\u00famero 1 en la lista de Los 40 principales. Sus ventas totales se estiman en 2,5 millones de copias en todo el mundo.<\/div>\n<p>&nbsp;<\/p>\n<div dir=\"auto\"><\/div>\n<\/div>\n<div class=\"cxmmr5t8 oygrvhab hcukyx3x c1et5uql o9v6fnle ii04i59q\" style=\"text-align: justify;\">\n<div dir=\"auto\">Como compositor, escribi\u00f3 canciones para artistas como Miguel Bos\u00e9, \u00c1ngela Carrasco, Sergio Fachelli, Lani Hall, Jos\u00e9 Jos\u00e9, Audrey Landers, Luc\u00eda M\u00e9ndez y Manolo Otero, entre otros. En 1975, protagoniz\u00f3 el papel de Jes\u00fas en la \u00f3pera rock Jesucristo Superstar, que \u00e9l mismo financi\u00f3 en su adaptaci\u00f3n al espa\u00f1ol.<\/div>\n<p>&nbsp;<\/p>\n<\/div>\n<div class=\"cxmmr5t8 oygrvhab hcukyx3x c1et5uql o9v6fnle ii04i59q\" style=\"text-align: justify;\">\n<div dir=\"auto\">Falleci\u00f3 en Madrid, la madrugada del 8 de septiembre de 2019, producto de un fallo renal.<\/div>\n<div dir=\"auto\"><\/div>\n<p>&nbsp;<\/p>\n<\/div>\n<div class=\"cxmmr5t8 oygrvhab hcukyx3x c1et5uql o9v6fnle ii04i59q\" style=\"text-align: justify;\">\n<div dir=\"auto\">Naci\u00f3 en una familia de clase humilde, hijo del matrimonio formado por Eliseo Blanes Mora (electricista) y Joaquina Cort\u00e9s Garrig\u00f3s (ama de casa). Las lenguas maternas de Camilo Sesto eran el castellano y el valenciano. Adem\u00e1s, hablaba ingl\u00e9s, idioma que posteriormente estudi\u00f3 en Los \u00c1ngeles.<\/div>\n<p>&nbsp;<\/p>\n<div dir=\"auto\"><\/div>\n<\/div>\n<div class=\"cxmmr5t8 oygrvhab hcukyx3x c1et5uql o9v6fnle ii04i59q\" style=\"text-align: justify;\">\n<div dir=\"auto\">Ten\u00eda tres hermanos, Consuelo, Jos\u00e9 y Eliseo.<\/div>\n<p>&nbsp;<\/p>\n<div dir=\"auto\"><\/div>\n<\/div>\n<div class=\"cxmmr5t8 oygrvhab hcukyx3x c1et5uql o9v6fnle ii04i59q\" style=\"text-align: justify;\">\n<div dir=\"auto\">Sus primeros pasos como cantante los dio en el coro de su colegio en Alcoy, pero no comenz\u00f3 a interesarse realmente por la m\u00fasica hasta los 16 a\u00f1os.<\/div>\n<p>&nbsp;<\/p>\n<div dir=\"auto\"><\/div>\n<\/div>\n<div class=\"cxmmr5t8 oygrvhab hcukyx3x c1et5uql o9v6fnle ii04i59q\" style=\"text-align: justify;\">\n<div dir=\"auto\"><strong>Fallecimiento<\/strong><\/div>\n<p>&nbsp;<\/p>\n<div dir=\"auto\"><\/div>\n<div dir=\"auto\">El equipo de Camilo Sesto anunci\u00f3 su fallecimiento a trav\u00e9s de la cuenta oficial del artista en la red social Twitter: \u00abQueridos amigos y amigas, lamentamos mucho comunicaros que nuestro gran y querido artista Camilo Sesto nos acaba de dejar. Descanse en paz\u00bb. Posteriormente, la madre de su hijo, Lourdes Ornellas y tambi\u00e9n su representante, Eduardo Guervos, confirmaron su deceso a los medios.<\/div>\n<p>&nbsp;<\/p>\n<div dir=\"auto\"><\/div>\n<\/div>\n<div class=\"cxmmr5t8 oygrvhab hcukyx3x c1et5uql o9v6fnle ii04i59q\" style=\"text-align: justify;\">\n<div dir=\"auto\">La causa de la muerte de Camilo Sesto fue un paro cardiorrespiratorio asociado a un fallo renal, por el cual ya manten\u00eda un delicado estado de salud desde hac\u00eda varios a\u00f1os.<\/div>\n<p>&nbsp;<\/p>\n<\/div>\n<div class=\"cxmmr5t8 oygrvhab hcukyx3x c1et5uql o9v6fnle ii04i59q\" style=\"text-align: justify;\">\n<div dir=\"auto\">Varias figuras del mundo del espect\u00e1culo lamentaron el deceso del cantante, entre ellos Raphael, Julio Iglesias, Isabel Pantoja, Alejandro Sanz, Antonio Banderas, Marta S\u00e1nchez, Pablo Albor\u00e1n, Paloma San Basilio, Jos\u00e9 Luis Perales, Yuri, \u00c1ngela Carrasco y Carlos Baute entre otros.<\/div>\n<p>&nbsp;<\/p>\n<div dir=\"auto\"><\/div>\n<\/div>\n<div class=\"cxmmr5t8 oygrvhab hcukyx3x c1et5uql o9v6fnle ii04i59q\" style=\"text-align: justify;\">\n<div dir=\"auto\"><strong>Vida personal<\/strong><\/div>\n<p>&nbsp;<\/p>\n<div dir=\"auto\"><\/div>\n<div dir=\"auto\">Camilo Sesto tuvo en 1983 un hijo llamado Camilo Blanes Jr. producto de su relaci\u00f3n con la mexicana Lourdes Ornelas. No se le conocen otras relaciones formales ya que el artista mantuvo celosamente resguardada su vida personal. Se le atribuyeron romances con las actrices Marcia Bell, Blanca Estrada, Andrea Bronston y Maribel Mart\u00edn.<\/div>\n<p>&nbsp;<\/p>\n<\/div>\n<div class=\"cxmmr5t8 oygrvhab hcukyx3x c1et5uql o9v6fnle ii04i59q\" style=\"text-align: justify;\">\n<div dir=\"auto\">Un problema de alcoholismo termin\u00f3 en un trasplante de h\u00edgado en 2001, que result\u00f3 fallido al sufrir rechazo y hubo que repetir. En 2011 sufri\u00f3 un accidente dom\u00e9stico al caerle una estanter\u00eda de libros encima, rompi\u00e9ndose un tobillo. El incidente requiri\u00f3 varias operaciones que debilitaron a\u00fan m\u00e1s su salud. En 2015 se someti\u00f3 a varias intervenciones est\u00e9ticas en su rostro, las que fueron muy comentadas.<\/div>\n<p>&nbsp;<\/p>\n<div dir=\"auto\"><\/div>\n<\/div>\n<div class=\"cxmmr5t8 oygrvhab hcukyx3x c1et5uql o9v6fnle ii04i59q\" style=\"text-align: justify;\">\n<div dir=\"auto\"><\/div>\n<\/div>\n<div class=\"cxmmr5t8 oygrvhab hcukyx3x c1et5uql o9v6fnle ii04i59q\" style=\"text-align: justify;\">\n<div dir=\"auto\"><strong>Date of Birth:<\/strong> September 16, 1946<\/div>\n<p>&nbsp;<\/p>\n<div dir=\"auto\"><\/div>\n<div dir=\"auto\"><strong>Date of Death:<\/strong> September 8, 2019<\/div>\n<p>&nbsp;<\/p>\n<div dir=\"auto\"><\/div>\n<\/div>\n<div class=\"cxmmr5t8 oygrvhab hcukyx3x c1et5uql o9v6fnle ii04i59q\" style=\"text-align: justify;\">\n<div dir=\"auto\"><strong>Biography<\/strong><\/div>\n<p>&nbsp;<\/p>\n<div dir=\"auto\"><\/div>\n<\/div>\n<div class=\"cxmmr5t8 oygrvhab hcukyx3x c1et5uql o9v6fnle ii04i59q\" style=\"text-align: justify;\">\n<div dir=\"auto\">The singer-songwriter from Alicante was one of the flagship voices of Spain, awarded in 2011 with the &#8220;Maximum Hispanic Pride&#8221; medal, delivered in the city of Las Vegas (United States). With more than 40 record productions and thanks to his frenetic activity in the 1970s and 1980s, throughout his career, he will total 52 weeks as No. 1 on the Top 40 list. Total sales of it are estimated at 2.5 million copies worldwide.<\/div>\n<p>&nbsp;<\/p>\n<div dir=\"auto\"><\/div>\n<\/div>\n<div class=\"cxmmr5t8 oygrvhab hcukyx3x c1et5uql o9v6fnle ii04i59q\" style=\"text-align: justify;\">\n<div dir=\"auto\">As a composer, he wrote songs for artists such as Miguel Bos\u00e9, \u00c1ngela Carrasco, Sergio Fachelli, Lani Hall, Jos\u00e9 Jos\u00e9, Audrey Landers, Luc\u00eda M\u00e9ndez and Manolo Otero, among others. In 1975, he starred in the role of Jesus in the rock opera Jesus Christ Superstar, which he financed in its Spanish adaptation.<\/div>\n<p>&nbsp;<\/p>\n<div dir=\"auto\"><\/div>\n<\/div>\n<div class=\"cxmmr5t8 oygrvhab hcukyx3x c1et5uql o9v6fnle ii04i59q\" style=\"text-align: justify;\">\n<div dir=\"auto\">He died in Madrid in the early morning of September 8, 2019, due to kidney failure.<\/div>\n<p>&nbsp;<\/p>\n<div dir=\"auto\"><\/div>\n<\/div>\n<div class=\"cxmmr5t8 oygrvhab hcukyx3x c1et5uql o9v6fnle ii04i59q\" style=\"text-align: justify;\">\n<div dir=\"auto\">He was born into a humble-class family, the son of the marriage formed by Eliseo Blanes Mora (electrician) and Joaquina Cort\u00e9s Garrig\u00f3s (housewife). Camilo Sesto&#8217;s mother tongues were Spanish and Valencian. In addition, he spoke English, a language that he later studied in Los Angeles.<\/div>\n<p>&nbsp;<\/p>\n<div dir=\"auto\"><\/div>\n<\/div>\n<div class=\"cxmmr5t8 oygrvhab hcukyx3x c1et5uql o9v6fnle ii04i59q\" style=\"text-align: justify;\">\n<div dir=\"auto\">He had three brothers, Consuelo, Jos\u00e9, and Eliseo.<\/div>\n<p>&nbsp;<\/p>\n<div dir=\"auto\"><\/div>\n<\/div>\n<div class=\"cxmmr5t8 oygrvhab hcukyx3x c1et5uql o9v6fnle ii04i59q\" style=\"text-align: justify;\">\n<div dir=\"auto\">He took his first steps as a singer in the choir of his school in Alcoy, but he did not begin to be really interested in music until he was 16 years old.<\/div>\n<p>&nbsp;<\/p>\n<\/div>\n<div dir=\"auto\"><\/div>\n<div class=\"cxmmr5t8 oygrvhab hcukyx3x c1et5uql o9v6fnle ii04i59q\" style=\"text-align: justify;\">\n<div dir=\"auto\"><strong>Death<\/strong><\/div>\n<p>&nbsp;<\/p>\n<div dir=\"auto\"><\/div>\n<div dir=\"auto\">Camilo Sesto&#8217;s team announced his death through the artist&#8217;s official account on the social network Twitter: \u00abDear friends, we are very sorry to inform you that our great and beloved artist Camilo Sesto has just left us. May he rest in peace. Later, the mother of his son, Lourdes Ornellas and also his representative, Eduardo Guervos, confirmed his death to the media.<\/div>\n<div dir=\"auto\"><\/div>\n<\/div>\n<div class=\"cxmmr5t8 oygrvhab hcukyx3x c1et5uql o9v6fnle ii04i59q\" style=\"text-align: justify;\">\n<div dir=\"auto\">The cause of Camilo Sesto&#8217;s death was a cardiorespiratory arrest associated with kidney failure, for which he had already maintained a delicate state of health for several years.<\/div>\n<p>&nbsp;<\/p>\n<\/div>\n<div class=\"cxmmr5t8 oygrvhab hcukyx3x c1et5uql o9v6fnle ii04i59q\" style=\"text-align: justify;\">\n<div dir=\"auto\">Several figures from the entertainment world lamented the death of the singer, including Raphael, Julio Iglesias, Isabel Pantoja, Alejandro Sanz, Antonio Banderas, Marta S\u00e1nchez, Pablo Albor\u00e1n, Paloma San Basilio, Jos\u00e9 Luis Perales, Yuri, \u00c1ngela Carrasco and Carlos Baute among others.<\/div>\n<p>&nbsp;<\/p>\n<div dir=\"auto\"><\/div>\n<\/div>\n<div class=\"cxmmr5t8 oygrvhab hcukyx3x c1et5uql o9v6fnle ii04i59q\" style=\"text-align: justify;\">\n<div dir=\"auto\"><strong>Personal life<\/strong><\/div>\n<p>&nbsp;<\/p>\n<div dir=\"auto\"><\/div>\n<div dir=\"auto\">Camilo Sesto had a son named Camilo Blanes Jr. in 1983 as a result of his relationship with the Mexican Lourdes Ornelas. No other formal relationships are known to him since the artist kept his personal life jealously guarded. He was credited with romances with actresses Marcia Bell, Blanca Estrada, Andrea Bronston and Maribel Mart\u00edn.<\/div>\n<p>&nbsp;<\/p>\n<div dir=\"auto\"><\/div>\n<\/div>\n<div class=\"cxmmr5t8 oygrvhab hcukyx3x c1et5uql o9v6fnle ii04i59q\" style=\"text-align: justify;\">\n<div dir=\"auto\">A problem with alcoholism led to a liver transplant in 2001, which was unsuccessful due to rejection and had to be repeated. In 2011, he suffered a domestic accident when a bookcase fell on top of him, breaking an ankle. The incident required several operations that further weakened his health. In 2015 he underwent several aesthetic interventions on his face, which were widely commented.<\/div>\n<p>&nbsp;<\/p>\n<div dir=\"auto\"><\/div>\n<\/div>\n<div class=\"cxmmr5t8 oygrvhab hcukyx3x c1et5uql o9v6fnle ii04i59q\" style=\"text-align: justify;\">\n<div dir=\"auto\"><strong>Discography<\/strong><\/div>\n<p>&nbsp;<\/p>\n<\/div>\n<div dir=\"auto\"><\/div>\n<div dir=\"auto\">\n<table width=\"671\">\n<tbody>\n<tr>\n<td style=\"text-align: center;\" width=\"248\"><b>G\u00e9nero Balada Rom\u00e1ntica, Pop y Rock<\/b><\/td>\n<td style=\"text-align: center;\" width=\"423\"><strong>Escuchar Tema<\/strong><\/td>\n<\/tr>\n<tr>\n<td>1<\/td>\n<td>El Amor de Mi Vida<\/td>\n<\/tr>\n<tr>\n<td>2<\/td>\n<td>\u00bfQuieres Ser Mi Amante?<\/td>\n<\/tr>\n<tr>\n<td>3<\/td>\n<td>Perd\u00f3name<\/td>\n<\/tr>\n<tr>\n<td>4<\/td>\n<td>Vivir As\u00ed Es Morir de Amor<\/td>\n<\/tr>\n<tr>\n<td>5<\/td>\n<td>Jam\u00e1s<\/td>\n<\/tr>\n<tr>\n<td>6<\/td>\n<td>Algo de M\u00ed<\/td>\n<\/tr>\n<tr>\n<td>7<\/td>\n<td>Mi\u00e9nteme&#8230;<\/td>\n<\/tr>\n<tr>\n<td>8<\/td>\n<td>Donde Est\u00e9s, Con Quien Est\u00e9s<\/td>\n<\/tr>\n<tr>\n<td>9<\/td>\n<td>No Sabes Cuanto Te Quiero<\/td>\n<\/tr>\n<tr>\n<td>10<\/td>\n<td>Melina<\/td>\n<\/tr>\n<tr>\n<td>11<\/td>\n<td>Getseman\u00ed (Oraci\u00f3n del Huerto)<\/td>\n<\/tr>\n<tr>\n<td>12<\/td>\n<td>Llueve Sobre Mojado<\/td>\n<\/tr>\n<tr>\n<td>13<\/td>\n<td>Piel de Angel<\/td>\n<\/tr>\n<tr>\n<td>14<\/td>\n<td>Algo M\u00e1s<\/td>\n<\/tr>\n<tr>\n<td>15<\/td>\n<td>Mi Mundo, T\u00fa<\/td>\n<\/tr>\n<tr>\n<td>16<\/td>\n<td>Celos<\/td>\n<\/tr>\n<tr>\n<td>17<\/td>\n<td>Con El Viento a Tu Favor<\/td>\n<\/tr>\n<tr>\n<td>18<\/td>\n<td>Amor M\u00edo \u00bfQu\u00e9 Me Has Hecho?<\/td>\n<\/tr>\n<tr>\n<td>19<\/td>\n<td>Amor&#8230; Amar<\/td>\n<\/tr>\n<tr>\n<td>20<\/td>\n<td>Di Que No Me Condenare<\/td>\n<\/tr>\n<tr>\n<td>21<\/td>\n<td>Puente Sobre Aguas Turbulentas<\/td>\n<\/tr>\n<tr>\n<td>22<\/td>\n<td>Solo Tu<\/td>\n<\/tr>\n<tr>\n<td>23<\/td>\n<td>Amor No Me Ignores<\/td>\n<\/tr>\n<tr>\n<td>24<\/td>\n<td>Si Me Dejas Ahora<\/td>\n<\/tr>\n<tr>\n<td>25<\/td>\n<td>Mientras Me Sigas Necesitando<\/td>\n<\/tr>\n<tr>\n<td>26<\/td>\n<td>Olv\u00eddalo<\/td>\n<\/tr>\n<tr>\n<td>27<\/td>\n<td>Amor Libre<\/td>\n<\/tr>\n<tr>\n<td>28<\/td>\n<td>La \u00daltima Cena<\/td>\n<\/tr>\n<tr>\n<td>29<\/td>\n<td>\u00bfQui\u00e9n?<\/td>\n<\/tr>\n<tr>\n<td>30<\/td>\n<td>Tarde \u00d3 Temprano<\/td>\n<\/tr>\n<tr>\n<td>31<\/td>\n<td>Superstar<\/td>\n<\/tr>\n<tr>\n<td>32<\/td>\n<td>Fresa Salvaje<\/td>\n<\/tr>\n<tr>\n<td>33<\/td>\n<td>Has Nacido Libre<\/td>\n<\/tr>\n<tr>\n<td>34<\/td>\n<td>Callados<\/td>\n<\/tr>\n<tr>\n<td>35<\/td>\n<td>Amor de Mujer<\/td>\n<\/tr>\n<tr>\n<td>36<\/td>\n<td>Todo Estar\u00e1 En Paz<\/td>\n<\/tr>\n<tr>\n<td>37<\/td>\n<td>Sin Remedio<\/td>\n<\/tr>\n<tr>\n<td>38<\/td>\n<td>Madre<\/td>\n<\/tr>\n<tr>\n<td>39<\/td>\n<td>Enam\u00f3rate de Mi<\/td>\n<\/tr>\n<tr>\n<td>40<\/td>\n<td>Vivir Sin Ti<\/td>\n<\/tr>\n<tr>\n<td>41<\/td>\n<td>Si Tu Te Vas<\/td>\n<\/tr>\n<tr>\n<td>42<\/td>\n<td>Todo Por Nada<\/td>\n<\/tr>\n<tr>\n<td>43<\/td>\n<td>Todo Ha Sido Un Sue\u00f1o<\/td>\n<\/tr>\n<tr>\n<td>44<\/td>\n<td>Quererte a Ti<\/td>\n<\/tr>\n<tr>\n<td>45<\/td>\n<td>Mendigo De Amor<\/td>\n<\/tr>\n<tr>\n<td>46<\/td>\n<td>La Culpa Ha Sido Mia<\/td>\n<\/tr>\n<tr>\n<td>47<\/td>\n<td>Un Amor No Muere As\u00ed Como As\u00ed<\/td>\n<\/tr>\n<tr>\n<td>48<\/td>\n<td>Nunca M\u00e1s<\/td>\n<\/tr>\n<tr>\n<td>49<\/td>\n<td>Entre Amigos<\/td>\n<\/tr>\n<tr>\n<td>50<\/td>\n<td>Qu\u00e9 M\u00e1s Te Da<\/td>\n<\/tr>\n<tr>\n<td><\/td>\n<td><\/td>\n<\/tr>\n<\/tbody>\n<\/table>\n<\/div>\n<div class=\"cxmmr5t8 oygrvhab hcukyx3x c1et5uql o9v6fnle ii04i59q\" style=\"text-align: justify;\">\n<div dir=\"auto\"><\/div>\n<\/div>\n<div class=\"cxmmr5t8 oygrvhab hcukyx3x c1et5uql o9v6fnle ii04i59q\" style=\"text-align: justify;\">\n<div dir=\"auto\">Cr\u00e9ditos tomados de Wikipedia:<\/div>\n<div dir=\"auto\"><a class=\"oajrlxb2 g5ia77u1 qu0x051f esr5mh6w e9989ue4 r7d6kgcz rq0escxv nhd2j8a9 nc684nl6 p7hjln8o kvgmc6g5 cxmmr5t8 oygrvhab hcukyx3x jb3vyjys rz4wbd8a qt6c0cv9 a8nywdso i1ao9s8h esuyzwwr f1sip0of lzcic4wl gpro0wi8 py34i1dx\" tabindex=\"0\" role=\"link\" href=\"https:\/\/es.wikipedia.org\/wiki\/Camilo_Sesto?fbclid=IwAR2trn7mIe7vNKPIso-L124_991Sm09OzitbiBEVKXxSyQpF9Guftsg3v8A\" target=\"_blank\" rel=\"nofollow noopener\">https:\/\/es.wikipedia.org\/wiki\/Camilo_Sesto<\/a><\/div>\n<\/div>\n<div class=\"epyt-video-wrapper\"><iframe loading=\"lazy\"  id=\"_ytid_75380\"  width=\"618\" height=\"347\"  data-origwidth=\"618\" data-origheight=\"347\" src=\"https:\/\/www.youtube.com\/embed\/Z79CjBefG0Y?enablejsapi=1&#038;autoplay=0&#038;cc_load_policy=0&#038;cc_lang_pref=&#038;iv_load_policy=1&#038;loop=0&#038;modestbranding=0&#038;rel=1&#038;fs=1&#038;playsinline=0&#038;autohide=2&#038;theme=dark&#038;color=red&#038;controls=1&#038;\" class=\"__youtube_prefs__  epyt-is-override  no-lazyload\" title=\"YouTube player\"  allow=\"fullscreen; accelerometer; autoplay; clipboard-write; encrypted-media; gyroscope; picture-in-picture\" allowfullscreen data-no-lazy=\"1\" data-skipgform_ajax_framebjll=\"\"><\/iframe><\/div>\n","protected":false},"excerpt":{"rendered":"<p>&nbsp; Fecha de Nacimiento: 16 de septiembre de 1946 &nbsp; Fecha de Fallecimiento: 8 de septiembre de 2019 &nbsp; Biograf\u00eda &nbsp; El cantautor alicantino fue una de las voces insignia de Espa\u00f1a, galardonado en 2011 con la medalla \u00abM\u00e1ximo Orgullo Hispano\u00bb, entregada en la ciudad de Las Vegas (Estados Unidos). Con m\u00e1s de 40 producciones &hellip;<\/p>\n","protected":false},"author":1,"featured_media":0,"parent":0,"menu_order":0,"comment_status":"closed","ping_status":"closed","template":"","meta":{"footnotes":""},"class_list":["post-28717","page","type-page","status-publish",""],"jetpack_sharing_enabled":true,"_links":{"self":[{"href":"http:\/\/mickyandoniehn.com\/radio\/wp-json\/wp\/v2\/pages\/28717","targetHints":{"allow":["GET"]}}],"collection":[{"href":"http:\/\/mickyandoniehn.com\/radio\/wp-json\/wp\/v2\/pages"}],"about":[{"href":"http:\/\/mickyandoniehn.com\/radio\/wp-json\/wp\/v2\/types\/page"}],"author":[{"embeddable":true,"href":"http:\/\/mickyandoniehn.com\/radio\/wp-json\/wp\/v2\/users\/1"}],"replies":[{"embeddable":true,"href":"http:\/\/mickyandoniehn.com\/radio\/wp-json\/wp\/v2\/comments?post=28717"}],"version-history":[{"count":2,"href":"http:\/\/mickyandoniehn.com\/radio\/wp-json\/wp\/v2\/pages\/28717\/revisions"}],"predecessor-version":[{"id":30128,"href":"http:\/\/mickyandoniehn.com\/radio\/wp-json\/wp\/v2\/pages\/28717\/revisions\/30128"}],"wp:attachment":[{"href":"http:\/\/mickyandoniehn.com\/radio\/wp-json\/wp\/v2\/media?parent=28717"}],"curies":[{"name":"wp","href":"https:\/\/api.w.org\/{rel}","templated":true}]}}