{"id":28707,"date":"2022-08-26T11:37:52","date_gmt":"2022-08-26T17:37:52","guid":{"rendered":"https:\/\/mickyandoniehn.com\/radio\/?page_id=28707"},"modified":"2022-09-01T09:11:26","modified_gmt":"2022-09-01T15:11:26","slug":"carlos-rubira-infante","status":"publish","type":"page","link":"http:\/\/mickyandoniehn.com\/radio\/carlos-rubira-infante\/","title":{"rendered":"Carlos Rubira Infante"},"content":{"rendered":"<p style=\"text-align: justify;\"><img loading=\"lazy\" decoding=\"async\" class=\" wp-image-23271 aligncenter\" src=\"http:\/\/mickyandoniehn.com\/radio\/wp-content\/uploads\/2022\/07\/Carlos-Rubira-Infante-300x200.jpg\" alt=\"\" width=\"753\" height=\"502\" srcset=\"http:\/\/mickyandoniehn.com\/radio\/wp-content\/uploads\/2022\/07\/Carlos-Rubira-Infante-300x200.jpg 300w, http:\/\/mickyandoniehn.com\/radio\/wp-content\/uploads\/2022\/07\/Carlos-Rubira-Infante-768x512.jpg 768w, http:\/\/mickyandoniehn.com\/radio\/wp-content\/uploads\/2022\/07\/Carlos-Rubira-Infante.jpg 1024w\" sizes=\"auto, (max-width: 753px) 100vw, 753px\" \/><\/p>\n<p>&nbsp;<\/p>\n<p style=\"text-align: justify;\"><strong>Fecha de Nacimiento: <\/strong>Guayaquil el 16 de septiembre 1921<\/p>\n<p style=\"text-align: justify;\"><strong>Fecha de Fallecimiento:<\/strong> 14 de septiembre de 2018<\/p>\n<p style=\"text-align: justify;\"><strong>Biograf\u00eda<\/strong><\/p>\n<p style=\"text-align: justify;\">Naci\u00f3 en Guayaquil, Ecuador, el 16 de septiembre de 1921, siendo sus padres Obdulio Rubira y Rosa Amarilis Infante Villao. Est\u00e1 casado con la destacada profesora Sra. Blanca Fanny G\u00f3mez Espinoza, procreando 5 hijos Gilda, Carlos, Juan, Pedro y Alba<\/p>\n<p style=\"text-align: justify;\">A los 20 a\u00f1os empez\u00f3 a interpretar sus canciones en \u2018La hora agr\u00edcola\u2019, programa de radio El Tel\u00e9grafo. Luego form\u00f3 el d\u00fao Vera Santos-Rubira. \u201cHasta cierto punto Gonzalo Vera fue mi maestro\u201d, afirma.<\/p>\n<p style=\"text-align: justify;\">Con Olimpo C\u00e1rdenas tambi\u00e9n form\u00f3 Los Porte\u00f1os. C\u00e1rdenas cantaba tangos y le pidi\u00f3 que le ense\u00f1ara pasillos porque no conoc\u00eda los ritmos. \u201cConmigo despu\u00e9s cant\u00f3 hasta yarav\u00ed. Y nada m\u00e1s he sido amigo, no he sido maestro de nadie\u201d, dice modestamente, pese a haber dirigido los primeros pasos de cantantes como Fresia Saavedra, Pepe y Julio Jaramillo, entre otros.<\/p>\n<p style=\"text-align: justify;\">Recuerda que conoci\u00f3 a los Jaramillo cuando ambos trabajaban en una zapater\u00eda de Brasil y Coronel, luego iban a su casa en Huancavilca entre Cacique \u00c1lvarez y Coronel para que les ense\u00f1ara algunas canciones.<\/p>\n<p style=\"text-align: justify;\">\u201cA Julio yo lo tom\u00e9 de 14 a\u00f1os. Con Vera Santos paseamos por Samborond\u00f3n y cantamos en tr\u00edo. Eso no lo dice nadie. Son pocos los que saben la historia completa de Jaramillo\u201d, dice.<\/p>\n<p style=\"text-align: justify;\">En el Correo comenz\u00f3 como cartero, pero no conoc\u00eda todas las calles de Guayaquil, entonces por las noches, pedaleando una bicicleta, recorr\u00eda la ciudad para conocerla. \u201cCuando ten\u00eda un momento libre, escrib\u00eda lo que hab\u00eda so\u00f1ado o correg\u00eda canciones\u201d, rememora.<\/p>\n<p style=\"text-align: justify;\"><strong>Date of Birth:<\/strong> Guayaquil on September 16, 1921<\/p>\n<p style=\"text-align: justify;\"><strong>Date of death:<\/strong> September 14, 2018<\/p>\n<p style=\"text-align: justify;\"><strong>Biography<\/strong><\/p>\n<p style=\"text-align: justify;\">He was born in Guayaquil, Ecuador, on September 16, 1921, his parents being Obdulio Rubira and Rosa Amarilis Infante Villao. He is married to the prominent teacher Mrs. Blanca Fanny G\u00f3mez Espinoza, having 5 children Gilda, Carlos, Juan, Pedro and Alba<\/p>\n<p style=\"text-align: justify;\">At the age of 20, he began to perform his songs on \u2018La hora agricultur\u2019, the radio program El Tel\u00e9grafo. Then he formed the duo Vera Santos-Rubira. &#8220;To some extent Gonzalo Vera was my teacher,&#8221; he says.<\/p>\n<p style=\"text-align: justify;\">With Olimpo C\u00e1rdenas he also formed Los Porte\u00f1os. C\u00e1rdenas sang tangos and asked him to show him corridors because he did not know the rhythms. \u201cWith me later he sang until yarav\u00ed. And I have just been a friend, I have not been anyone&#8217;s teacher \u201d, he says modestly, despite having directed the first steps of singers such as Fresia Saavedra, Pepe and Julio Jaramillo, among others.<\/p>\n<p style=\"text-align: justify;\">He remembers that he met the Jaramillos when they both worked in a shoe store in Brazil and Coronel, then went to his house in Huancavilca between Cacique \u00c1lvarez and Coronel to teach them some songs.<\/p>\n<p style=\"text-align: justify;\">\u201cI took Julio when he was 14 years old. With Vera Santos we walked through Samborond\u00f3n and sang in a trio. Nobody says that. Few people know the full story of Jaramillo, \u201dhe says.<\/p>\n<p style=\"text-align: justify;\">He started out as a postman at the Post Office, but he did not know all the streets of Guayaquil, so at night, pedaling a bicycle, he traveled the city to get to know her. &#8220;When I had a free moment, I would write what I had dreamed of or correct songs,&#8221; he recalls.<\/p>\n<p style=\"text-align: justify;\"><strong>Discography<\/strong><\/p>\n<table width=\"737\">\n<tbody>\n<tr>\n<td style=\"text-align: center;\" width=\"182\"><strong>Temas\u00a0 Pasillo; Pasacalle; Albazo; M\u00fasica popular<\/strong><\/td>\n<td style=\"text-align: center;\" width=\"391\"><strong>Escuchar tema<\/strong><\/td>\n<td style=\"text-align: center;\" width=\"164\"><strong>A\u00f1o de Publicaci\u00f3n<\/strong><\/td>\n<\/tr>\n<tr>\n<td>1<\/td>\n<td>Quedas Tranquila<\/td>\n<td>1972<\/td>\n<\/tr>\n<tr>\n<td>2<\/td>\n<td>Perd\u00f3name Madrecita<\/td>\n<td>1972<\/td>\n<\/tr>\n<tr>\n<td>3<\/td>\n<td>Porque<\/td>\n<td>1972<\/td>\n<\/tr>\n<tr>\n<td>4<\/td>\n<td>Morena Mia<\/td>\n<td>1972<\/td>\n<\/tr>\n<tr>\n<td>5<\/td>\n<td>Mis Penas<\/td>\n<td>1972<\/td>\n<\/tr>\n<tr>\n<td>6<\/td>\n<td>Ambit Tierra De Flores<\/td>\n<td>1972<\/td>\n<\/tr>\n<tr>\n<td>7<\/td>\n<td>Mi Primer Amor<\/td>\n<td>1972<\/td>\n<\/tr>\n<tr>\n<td>8<\/td>\n<td>Esposa<\/td>\n<td>1972<\/td>\n<\/tr>\n<tr>\n<td>9<\/td>\n<td>En Las Lejan\u00edas<\/td>\n<td>1972<\/td>\n<\/tr>\n<tr>\n<td>10<\/td>\n<td>Que Pena<\/td>\n<td>1972<\/td>\n<\/tr>\n<tr>\n<td>11<\/td>\n<td>Tragedia De Mi Vida<\/td>\n<td>1972<\/td>\n<\/tr>\n<tr>\n<td>12<\/td>\n<td>Viva Manab\u00ed<\/td>\n<td>1972<\/td>\n<\/tr>\n<tr>\n<td><\/td>\n<td><\/td>\n<td><\/td>\n<\/tr>\n<\/tbody>\n<\/table>\n<p>&nbsp;<\/p>\n<div class=\"epyt-video-wrapper\"><iframe loading=\"lazy\"  id=\"_ytid_48796\"  width=\"618\" height=\"347\"  data-origwidth=\"618\" data-origheight=\"347\" src=\"https:\/\/www.youtube.com\/embed\/gyWROpMiNAs?enablejsapi=1&#038;autoplay=0&#038;cc_load_policy=0&#038;cc_lang_pref=&#038;iv_load_policy=1&#038;loop=0&#038;modestbranding=0&#038;rel=1&#038;fs=1&#038;playsinline=0&#038;autohide=2&#038;theme=dark&#038;color=red&#038;controls=1&#038;\" class=\"__youtube_prefs__  epyt-is-override  no-lazyload\" title=\"YouTube player\"  allow=\"fullscreen; accelerometer; autoplay; clipboard-write; encrypted-media; gyroscope; picture-in-picture\" allowfullscreen data-no-lazy=\"1\" data-skipgform_ajax_framebjll=\"\"><\/iframe><\/div>\n","protected":false},"excerpt":{"rendered":"<p>&nbsp; Fecha de Nacimiento: Guayaquil el 16 de septiembre 1921 Fecha de Fallecimiento: 14 de septiembre de 2018 Biograf\u00eda Naci\u00f3 en Guayaquil, Ecuador, el 16 de septiembre de 1921, siendo sus padres Obdulio Rubira y Rosa Amarilis Infante Villao. Est\u00e1 casado con la destacada profesora Sra. Blanca Fanny G\u00f3mez Espinoza, procreando 5 hijos Gilda, Carlos, &hellip;<\/p>\n","protected":false},"author":1,"featured_media":0,"parent":0,"menu_order":0,"comment_status":"closed","ping_status":"closed","template":"","meta":{"footnotes":""},"class_list":["post-28707","page","type-page","status-publish",""],"jetpack_sharing_enabled":true,"_links":{"self":[{"href":"http:\/\/mickyandoniehn.com\/radio\/wp-json\/wp\/v2\/pages\/28707","targetHints":{"allow":["GET"]}}],"collection":[{"href":"http:\/\/mickyandoniehn.com\/radio\/wp-json\/wp\/v2\/pages"}],"about":[{"href":"http:\/\/mickyandoniehn.com\/radio\/wp-json\/wp\/v2\/types\/page"}],"author":[{"embeddable":true,"href":"http:\/\/mickyandoniehn.com\/radio\/wp-json\/wp\/v2\/users\/1"}],"replies":[{"embeddable":true,"href":"http:\/\/mickyandoniehn.com\/radio\/wp-json\/wp\/v2\/comments?post=28707"}],"version-history":[{"count":2,"href":"http:\/\/mickyandoniehn.com\/radio\/wp-json\/wp\/v2\/pages\/28707\/revisions"}],"predecessor-version":[{"id":30137,"href":"http:\/\/mickyandoniehn.com\/radio\/wp-json\/wp\/v2\/pages\/28707\/revisions\/30137"}],"wp:attachment":[{"href":"http:\/\/mickyandoniehn.com\/radio\/wp-json\/wp\/v2\/media?parent=28707"}],"curies":[{"name":"wp","href":"https:\/\/api.w.org\/{rel}","templated":true}]}}