{"id":28547,"date":"2022-08-26T10:27:41","date_gmt":"2022-08-26T16:27:41","guid":{"rendered":"https:\/\/mickyandoniehn.com\/radio\/?page_id=28547"},"modified":"2024-07-23T08:38:50","modified_gmt":"2024-07-23T14:38:50","slug":"mercedes-sosa","status":"publish","type":"page","link":"http:\/\/mickyandoniehn.com\/radio\/mercedes-sosa\/","title":{"rendered":"Mercedes Sosa"},"content":{"rendered":"<p><img loading=\"lazy\" decoding=\"async\" class=\" wp-image-73725 aligncenter\" src=\"http:\/\/mickyandoniehn.com\/radio\/wp-content\/uploads\/2023\/07\/Mercedes-Sosa-274x300.jpg\" alt=\"\" width=\"493\" height=\"540\" srcset=\"http:\/\/mickyandoniehn.com\/radio\/wp-content\/uploads\/2023\/07\/Mercedes-Sosa-274x300.jpg 274w, http:\/\/mickyandoniehn.com\/radio\/wp-content\/uploads\/2023\/07\/Mercedes-Sosa.jpg 600w\" sizes=\"auto, (max-width: 493px) 100vw, 493px\" \/><\/p>\n<p>&nbsp;<\/p>\n<div class=\"cxmmr5t8 oygrvhab hcukyx3x c1et5uql o9v6fnle ii04i59q\">\n<div dir=\"auto\"><strong>Fecha de Nacimiento:<\/strong> 9 de julio de 1935<\/div>\n<p>&nbsp;<\/p>\n<div dir=\"auto\"><\/div>\n<div dir=\"auto\"><strong>Fecha de Fallecimiento:<\/strong> 4 de octubre de 2009 (74 a\u00f1os)<\/div>\n<p>&nbsp;<\/p>\n<div dir=\"auto\"><\/div>\n<\/div>\n<div class=\"cxmmr5t8 oygrvhab hcukyx3x c1et5uql o9v6fnle ii04i59q\">\n<div dir=\"auto\"><strong>Biograf\u00eda:<\/strong><\/div>\n<p>&nbsp;<\/p>\n<div dir=\"auto\"><\/div>\n<div dir=\"auto\">Considerada la &#8220;voz de Am\u00e9rica Latina&#8221;; con sus ra\u00edces en la m\u00fasica folcl\u00f3rica argentina, se convirti\u00f3 en una de las exponentes principales de la nueva canci\u00f3n, incursionando en g\u00e9neros como el tango, el rock, el pop, etc. En palabras de su compatriota Fito P\u00e1ez: &#8220;Mercedes Sosa es la mejor cantante que ha dado este pa\u00eds&#8221;.<\/div>\n<div dir=\"auto\"><\/div>\n<p>&nbsp;<\/p>\n<\/div>\n<div class=\"cxmmr5t8 oygrvhab hcukyx3x c1et5uql o9v6fnle ii04i59q\">\n<div dir=\"auto\">Registro Vocal: &#8220;La Negra&#8221; Sosa es muy admirada por la profundidad y singular belleza de su voz contralto. Su registro vocal es de casi dos octavas, y su punto fuerte es la potencia con que afronta los graves. Gracias a su timbre oscuro y c\u00e1lido, y a una perfecta entonaci\u00f3n, la convierten, sin duda, en una de las voces m\u00e1s destacables de la historia de la m\u00fasica.<\/div>\n<p>&nbsp;<\/p>\n<div dir=\"auto\"><\/div>\n<\/div>\n<div class=\"cxmmr5t8 oygrvhab hcukyx3x c1et5uql o9v6fnle ii04i59q\">\n<div dir=\"auto\">Es de descendencia mestiza de franceses y amerindios (quechuas). En 1950, a los quince a\u00f1os, gan\u00f3 un concurso musical organizado por una estaci\u00f3n de radio local y la contrataron durante dos meses.<\/div>\n<p>&nbsp;<\/p>\n<div dir=\"auto\"><\/div>\n<\/div>\n<div class=\"cxmmr5t8 oygrvhab hcukyx3x c1et5uql o9v6fnle ii04i59q\">\n<div dir=\"auto\">Sosa y su primer marido, Manuel Oscar Matus, con el que tuvo un hijo, fueron int\u00e9rpretes clave del movimiento de la nueva canci\u00f3n a mediado de los a\u00f1os 1960 (que fue llamado nuevo cancionero en Argentina). Su primer disco fue Canciones con Fundamento, una colecci\u00f3n de folklore argentino.<\/div>\n<p>&nbsp;<\/p>\n<div dir=\"auto\"><\/div>\n<\/div>\n<div class=\"cxmmr5t8 oygrvhab hcukyx3x c1et5uql o9v6fnle ii04i59q\">\n<div dir=\"auto\">En 1967, Sosa hizo una exitosa gira por los Estados Unidos y Europa. En los a\u00f1os subsiguientes, continu\u00f3 actuando y grabando, extendiendo su repertorio hasta incluir material de toda America Latina.<\/div>\n<p>&nbsp;<\/p>\n<\/div>\n<div class=\"cxmmr5t8 oygrvhab hcukyx3x c1et5uql o9v6fnle ii04i59q\">\n<div dir=\"auto\">A comienzo de los a\u00f1os 1970, Sosa public\u00f3 dos concept albums en colaboraci\u00f3n con el compositor Ariel Ram\u00edrez y el letrista F\u00e9lix Luna: Cantata Sudamericana y Mujeres Argentinas. Tambi\u00e9n hizo un tributo a la gran folclorista Chilena Violeta Parra.<\/div>\n<p>&nbsp;<\/p>\n<div dir=\"auto\"><\/div>\n<\/div>\n<div class=\"cxmmr5t8 oygrvhab hcukyx3x c1et5uql o9v6fnle ii04i59q\">\n<div dir=\"auto\">Simpatizante de Per\u00f3n en su juventud, apoy\u00f3 las causas de izquierda a lo largo de su vida. Tras la subida al poder de la junta militar de Jorge Videla, la represi\u00f3n en Argentina era cada vez m\u00e1s fuerte, hasta que en 1979 en un concierto en La Plata, Sosa fue cacheada y detenida en el propio escenario y el p\u00fablico asistente arrestado. Prohibida en su propio pa\u00eds, se exili\u00f3 en Paris y despu\u00e9s en Madrid. Su segundo marido hab\u00eda muerto en 1978<\/div>\n<p>&nbsp;<\/p>\n<\/div>\n<div class=\"cxmmr5t8 oygrvhab hcukyx3x c1et5uql o9v6fnle ii04i59q\">\n<div dir=\"auto\">Sosa volvi\u00f3 a Argentina en 1982, unos meses antes de que el r\u00e9gimen militar sucumbiera tras la Guerra de Malvinas, dando una serie de conciertos en el Teatro \u00d3pera de Buenos Aires, donde invit\u00f3 a muchos de sus j\u00f3venes colegas a compartir el escenario. Un doble \u00e1lbum con canciones de estas actuaciones fueron \u00e9xito de ventas de inmediato.<\/div>\n<p>&nbsp;<\/p>\n<div dir=\"auto\"><\/div>\n<\/div>\n<div class=\"cxmmr5t8 oygrvhab hcukyx3x c1et5uql o9v6fnle ii04i59q\">\n<div dir=\"auto\">Durante los a\u00f1os siguientes Sosa continu\u00f3 dando recitales dentro y fuera de Argentina, actuando en escenarios tan prestigiosos como el Lincoln Center, el Carnegie Hall y el Mogador de Par\u00eds.<\/div>\n<p>&nbsp;<\/p>\n<div dir=\"auto\"><\/div>\n<\/div>\n<div class=\"cxmmr5t8 oygrvhab hcukyx3x c1et5uql o9v6fnle ii04i59q\">\n<div dir=\"auto\">Sosa sigue aumentando su repertorio, y grabando en varios estilos. Toca frecuentemente con m\u00fasicos argentinos de la talla de Le\u00f3n Gieco, V\u00edctor Heredia, Charly Garc\u00eda, Antonio Tarrag\u00f3 Ros, Rodolfo Mederos, Coqui Sosa y Fito P\u00e1ez. Adem\u00e1s, colabor\u00f3 con artistas latinoamericanos como Milton Nascimento y Silvio Rodr\u00edguez.<\/div>\n<p>&nbsp;<\/p>\n<div dir=\"auto\"><\/div>\n<\/div>\n<div class=\"cxmmr5t8 oygrvhab hcukyx3x c1et5uql o9v6fnle ii04i59q\">\n<div dir=\"auto\">Sosa particip\u00f3, en 2001, de la producci\u00f3n de Misa Criolla de Ariel Ram\u00edrez.<\/div>\n<p>&nbsp;<\/p>\n<div dir=\"auto\"><\/div>\n<\/div>\n<div class=\"cxmmr5t8 oygrvhab hcukyx3x c1et5uql o9v6fnle ii04i59q\">\n<div dir=\"auto\">Fue opositora al gobierno del ex-presidente Carlos Menem (1989- 1999). Apoy\u00f3 al mandatario argentino N\u00e9stor Kirchner, que fue presidente desde 2003 hasta 2007.<\/div>\n<p>&nbsp;<\/p>\n<div dir=\"auto\"><\/div>\n<\/div>\n<div class=\"cxmmr5t8 oygrvhab hcukyx3x c1et5uql o9v6fnle ii04i59q\">\n<div dir=\"auto\">Sosa es Embajadora de buena voluntad de la UNESCO para Latinoam\u00e9rica y el Caribe.<\/div>\n<p>&nbsp;<\/p>\n<div dir=\"auto\"><\/div>\n<\/div>\n<div class=\"cxmmr5t8 oygrvhab hcukyx3x c1et5uql o9v6fnle ii04i59q\">\n<div dir=\"auto\">Falleci\u00f3 en la ciudad de Buenos Aires a los 74 a\u00f1os de edad, el 4 de octubre de 2009.<\/div>\n<p>&nbsp;<\/p>\n<div dir=\"auto\"><\/div>\n<\/div>\n<div class=\"cxmmr5t8 oygrvhab hcukyx3x c1et5uql o9v6fnle ii04i59q\">\n<div dir=\"auto\"><strong>Wikipedia in English<\/strong><\/div>\n<p>&nbsp;<\/p>\n<div dir=\"auto\"><\/div>\n<\/div>\n<div class=\"cxmmr5t8 oygrvhab hcukyx3x c1et5uql o9v6fnle ii04i59q\">\n<div dir=\"auto\"><strong>Date of Birth:<\/strong> July 9, 1935<\/div>\n<p>&nbsp;<\/p>\n<div dir=\"auto\"><\/div>\n<div dir=\"auto\"><strong>Date of Death:<\/strong> October 4, 2009 (74 years)<\/div>\n<p>&nbsp;<\/p>\n<div dir=\"auto\"><\/div>\n<\/div>\n<div class=\"cxmmr5t8 oygrvhab hcukyx3x c1et5uql o9v6fnle ii04i59q\">\n<div dir=\"auto\"><strong>Biography<\/strong><\/div>\n<p>&nbsp;<\/p>\n<div dir=\"auto\"><\/div>\n<div dir=\"auto\">She considered the &#8220;voice of Latin America&#8221;; With her roots in Argentine folk music, she became one of the main exponents of the new song, venturing into genres such as tango, rock, pop, etc. In the words of her compatriot Fito P\u00e1ez: &#8220;Mercedes Sosa is the best singer this country has ever produced.&#8221;<\/div>\n<p>&nbsp;<\/p>\n<div dir=\"auto\"><\/div>\n<\/div>\n<div class=\"cxmmr5t8 oygrvhab hcukyx3x c1et5uql o9v6fnle ii04i59q\">\n<div dir=\"auto\">Vocal register: &#8220;La Negra&#8221; Sosa is highly admired for the depth and singular beauty of her contralto voice. Her vocal range is almost two octaves, and her strong point is the power with which she tackles the bass. Thanks to her dark and warm timbre, and her perfect intonation, she makes her, without a doubt, one of the most remarkable voices in the history of music.<\/div>\n<p>&nbsp;<\/p>\n<div dir=\"auto\"><\/div>\n<\/div>\n<div class=\"cxmmr5t8 oygrvhab hcukyx3x c1et5uql o9v6fnle ii04i59q\">\n<div dir=\"auto\">She is of mixed descent of French and Amerindians (Quechua). In 1950, at the age of fifteen, she won a musical contest organized by a local radio station and was hired for two months.<\/div>\n<p>&nbsp;<\/p>\n<div dir=\"auto\"><\/div>\n<\/div>\n<div class=\"cxmmr5t8 oygrvhab hcukyx3x c1et5uql o9v6fnle ii04i59q\">\n<div dir=\"auto\">Sosa and her first husband, Manuel Oscar Matus, with whom she had a son, were key players in the new song movement in the mid-1960s (which was called the new songbook in Argentina). Her first album was Songs with a Foundation, a collection of Argentine folklore.<\/div>\n<p>&nbsp;<\/p>\n<div dir=\"auto\"><\/div>\n<\/div>\n<div class=\"cxmmr5t8 oygrvhab hcukyx3x c1et5uql o9v6fnle ii04i59q\">\n<div dir=\"auto\">In 1967, Sosa went on a successful tour of the United States and Europe. In subsequent years, she continued to perform and record, expanding her repertoire to include material from all over Latin America.<\/div>\n<p>&nbsp;<\/p>\n<\/div>\n<div class=\"cxmmr5t8 oygrvhab hcukyx3x c1et5uql o9v6fnle ii04i59q\">\n<div dir=\"auto\">At the beginning of the 1970s, Sosa published two concept albums in collaboration with the composer Ariel Ram\u00edrez and the lyricist F\u00e9lix Luna: Cantata Sudamericana and Mujeres Argentinas. She also paid a tribute to the great Chilean folklorist Violeta Parra.<\/div>\n<p>&nbsp;<\/p>\n<div dir=\"auto\"><\/div>\n<\/div>\n<div class=\"cxmmr5t8 oygrvhab hcukyx3x c1et5uql o9v6fnle ii04i59q\">\n<div dir=\"auto\">A sympathizer of Per\u00f3n in his youth, he supported leftist causes throughout his life. After the rise to power of Jorge Videla&#8217;s military junta, the repression in Argentina was getting stronger, until in 1979, at a concert in La Plata, Sosa was searched and detained on the stage itself and the audience arrested. Banned in her own country, she went into exile in Paris and later in Madrid. Her second husband had died in 1978<\/div>\n<p>&nbsp;<\/p>\n<\/div>\n<div class=\"cxmmr5t8 oygrvhab hcukyx3x c1et5uql o9v6fnle ii04i59q\">\n<div dir=\"auto\">Sosa returned to Argentina in 1982, a few months before the military regime succumbed after the Malvinas War, giving a series of concerts at the Opera Theater in Buenos Aires, where she invited many of her young colleagues to share the stage. . A double album with songs from these performances was an immediate bestseller.<\/div>\n<div dir=\"auto\"><\/div>\n<p>&nbsp;<\/p>\n<\/div>\n<div class=\"cxmmr5t8 oygrvhab hcukyx3x c1et5uql o9v6fnle ii04i59q\">\n<div dir=\"auto\">During the following years Sosa continued giving recitals inside and outside Argentina, performing in such prestigious venues as the Lincoln Center, Carnegie Hall and the Mogador in Paris.<\/div>\n<p>&nbsp;<\/p>\n<div dir=\"auto\"><\/div>\n<\/div>\n<div class=\"cxmmr5t8 oygrvhab hcukyx3x c1et5uql o9v6fnle ii04i59q\">\n<div dir=\"auto\">Sosa continues to increase her repertoire, and recording in various styles. She frequently plays with Argentine musicians such as Le\u00f3n Gieco, V\u00edctor Heredia, Charly Garc\u00eda, Antonio Tarrag\u00f3 Ros, Rodolfo Mederos, Coqui Sosa and Fito P\u00e1ez. Additionally, she collaborated with Latin American artists such as Milton Nascimento and Silvio Rodr\u00edguez.<\/div>\n<p>&nbsp;<\/p>\n<div dir=\"auto\"><\/div>\n<\/div>\n<div class=\"cxmmr5t8 oygrvhab hcukyx3x c1et5uql o9v6fnle ii04i59q\">\n<div dir=\"auto\">Sosa participated, in 2001, in the production of Misa Criolla by Ariel Ram\u00edrez.<\/div>\n<p>&nbsp;<\/p>\n<div dir=\"auto\"><\/div>\n<\/div>\n<div class=\"cxmmr5t8 oygrvhab hcukyx3x c1et5uql o9v6fnle ii04i59q\">\n<div dir=\"auto\">She was an opponent of the government of former president Carlos Menem (1989-1999). She supported Argentine President N\u00e9stor Kirchner, who was president from 2003 to 2007.<\/div>\n<p>&nbsp;<\/p>\n<div dir=\"auto\"><\/div>\n<\/div>\n<div class=\"cxmmr5t8 oygrvhab hcukyx3x c1et5uql o9v6fnle ii04i59q\">\n<div dir=\"auto\">Sosa is a UNESCO Goodwill Ambassador for Latin America and the Caribbean.<\/div>\n<p>&nbsp;<\/p>\n<div dir=\"auto\"><\/div>\n<\/div>\n<div class=\"cxmmr5t8 oygrvhab hcukyx3x c1et5uql o9v6fnle ii04i59q\">\n<div dir=\"auto\">She passed away in the city of Buenos Aires at the age of 74, on October 4, 2009.<\/div>\n<p>&nbsp;<\/p>\n<div dir=\"auto\"><\/div>\n<div dir=\"auto\"><\/div>\n<\/div>\n<div class=\"cxmmr5t8 oygrvhab hcukyx3x c1et5uql o9v6fnle ii04i59q\">\n<div dir=\"auto\"><strong>Discography<\/strong><\/div>\n<p>&nbsp;<\/p>\n<div dir=\"auto\"><\/div>\n<\/div>\n<div class=\"cxmmr5t8 oygrvhab hcukyx3x c1et5uql o9v6fnle ii04i59q\">\n<div dir=\"auto\">\n<table style=\"height: 6015px;\" width=\"750\">\n<tbody>\n<tr>\n<td style=\"text-align: center;\" width=\"217\"><strong>Genero Tango, Rock y Pop<\/strong><\/td>\n<td style=\"text-align: center;\" width=\"249\"><strong>Escuchar tema<\/strong><\/td>\n<td style=\"text-align: center;\" width=\"130\"><strong>A\u00f1o de Publicaci\u00f3n<\/strong><\/td>\n<\/tr>\n<tr>\n<td>1<\/td>\n<td>&#8220;Zamba de los humildes&#8221;<\/td>\n<td>1989<\/td>\n<\/tr>\n<tr>\n<td>2<\/td>\n<td>&#8220;Canci\u00f3n del derrumbe indio&#8221;<\/td>\n<td>1966<\/td>\n<\/tr>\n<tr>\n<td>3<\/td>\n<td>&#8220;Alfonsina y el mar&#8221;<\/td>\n<td>1977<\/td>\n<\/tr>\n<tr>\n<td>4<\/td>\n<td>&#8220;Piedra y camino&#8221;<\/td>\n<td>1977<\/td>\n<\/tr>\n<tr>\n<td>5<\/td>\n<td>&#8220;Volver a los 17&#8221;<\/td>\n<td>1985<\/td>\n<\/tr>\n<tr>\n<td>6<\/td>\n<td>&#8220;Como la cigarra&#8221;<\/td>\n<td>1979<\/td>\n<\/tr>\n<tr>\n<td>7<\/td>\n<td>&#8220;De m\u00ed&#8221;<\/td>\n<td>1996<\/td>\n<\/tr>\n<tr>\n<td>8<\/td>\n<td>&#8220;Raz\u00f3n de vivir&#8221;<\/td>\n<td>2003<\/td>\n<\/tr>\n<tr>\n<td>9<\/td>\n<td>&#8220;El olvidau&#8221;<\/td>\n<td>2005<\/td>\n<\/tr>\n<tr>\n<td>10<\/td>\n<td>&#8220;Barro tal vez&#8221;<\/td>\n<td>2009<\/td>\n<\/tr>\n<tr>\n<td style=\"text-align: center;\"><strong>Album<\/strong><\/td>\n<td style=\"text-align: center;\"><strong>Cantora, un viaje \u00edntimo<\/strong><\/td>\n<td style=\"text-align: center;\"><strong>2009<\/strong><\/td>\n<\/tr>\n<tr>\n<td>1<\/td>\n<td>Aquellas peque\u00f1as cosas<\/td>\n<td><\/td>\n<\/tr>\n<tr>\n<td>2<\/td>\n<td>Zona de promesas<\/td>\n<td><\/td>\n<\/tr>\n<tr>\n<td>3<\/td>\n<td>Sea<\/td>\n<td><\/td>\n<\/tr>\n<tr>\n<td>4<\/td>\n<td>Cora\u00e7ao vagabundo<\/td>\n<td><\/td>\n<\/tr>\n<tr>\n<td>5<\/td>\n<td>Canci\u00f3n para un ni\u00f1o en la calle<\/td>\n<td><\/td>\n<\/tr>\n<tr>\n<td>6<\/td>\n<td>La maza<\/td>\n<td><\/td>\n<\/tr>\n<tr>\n<td>7<\/td>\n<td>Zamba del cielo<\/td>\n<td><\/td>\n<\/tr>\n<tr>\n<td>8<\/td>\n<td>Violetas para Violeta<\/td>\n<td><\/td>\n<\/tr>\n<tr>\n<td>9<\/td>\n<td>Desarma y sangra<\/td>\n<td><\/td>\n<\/tr>\n<tr>\n<td>10<\/td>\n<td>Cantame<\/td>\n<td><\/td>\n<\/tr>\n<tr>\n<td>11<\/td>\n<td>Raz\u00f3n de vivir<\/td>\n<td><\/td>\n<\/tr>\n<tr>\n<td>12<\/td>\n<td>El \u00e1ngel de la bicicleta<\/td>\n<td><\/td>\n<\/tr>\n<tr>\n<td>13<\/td>\n<td>O que ser\u00e1<\/td>\n<td><\/td>\n<\/tr>\n<tr>\n<td>14<\/td>\n<td>Barro tal vez<\/td>\n<td><\/td>\n<\/tr>\n<tr>\n<td>15<\/td>\n<td>Zamba para olvidarte<\/td>\n<td><\/td>\n<\/tr>\n<tr>\n<td>16<\/td>\n<td>Parao<\/td>\n<td><\/td>\n<\/tr>\n<tr>\n<td>17<\/td>\n<td>Sabi\u00e9ndose de los descalzos<\/td>\n<td><\/td>\n<\/tr>\n<tr>\n<td>18<\/td>\n<td>Agua, fuego, tierra y viento<\/td>\n<td><\/td>\n<\/tr>\n<tr>\n<td>19<\/td>\n<td>Nada<\/td>\n<td><\/td>\n<\/tr>\n<tr>\n<td>20<\/td>\n<td>La soledad<\/td>\n<td><\/td>\n<\/tr>\n<tr>\n<td><\/td>\n<td><\/td>\n<td><\/td>\n<\/tr>\n<tr>\n<td style=\"text-align: center;\">A<strong>lbum<\/strong><\/td>\n<td style=\"text-align: center;\"><strong>Misa criolla<\/strong><\/td>\n<td style=\"text-align: center;\"><strong>1994<\/strong><\/td>\n<\/tr>\n<tr>\n<td>1<\/td>\n<td>Kyrie (Vidala-Baguala)<\/td>\n<td><\/td>\n<\/tr>\n<tr>\n<td>2<\/td>\n<td>Gloria (Carnavalito-Yaravi)<\/td>\n<td><\/td>\n<\/tr>\n<tr>\n<td>3<\/td>\n<td>Credo (Chacarera Trunca)<\/td>\n<td><\/td>\n<\/tr>\n<tr>\n<td>4<\/td>\n<td>Sanctus (Carnaval Cochabambino)<\/td>\n<td><\/td>\n<\/tr>\n<tr>\n<td>5<\/td>\n<td>Agnus Dei (Estilo Pampeano)<\/td>\n<td><\/td>\n<\/tr>\n<tr>\n<td>6<\/td>\n<td>La Anunciaci\u00f3n (Chamam\u00e9)<\/td>\n<td><\/td>\n<\/tr>\n<tr>\n<td>7<\/td>\n<td>La Peregrinaci\u00f3n (Huella Pampeana)<\/td>\n<td><\/td>\n<\/tr>\n<tr>\n<td>8<\/td>\n<td>El Nacimiento (Vidala Catamarque\u00f1a)<\/td>\n<td><\/td>\n<\/tr>\n<tr>\n<td>9<\/td>\n<td>Los Pastores (Chaya Riojana)<\/td>\n<td><\/td>\n<\/tr>\n<tr>\n<td>10<\/td>\n<td>Los Reyes Magos (Takirari)<\/td>\n<td><\/td>\n<\/tr>\n<tr>\n<td>11<\/td>\n<td>La Huida (Vidala Tucumana)<\/td>\n<td><\/td>\n<\/tr>\n<tr>\n<td><\/td>\n<td><\/td>\n<td><\/td>\n<\/tr>\n<tr>\n<td style=\"text-align: center;\"><strong>Album<\/strong><\/td>\n<td style=\"text-align: center;\"><strong>Homenaje a Violeta Parra<\/strong><\/td>\n<td style=\"text-align: center;\"><strong>1971<\/strong><\/td>\n<\/tr>\n<tr>\n<td>1<\/td>\n<td>Defensa de Violeta<\/td>\n<td><\/td>\n<\/tr>\n<tr>\n<td>2<\/td>\n<td>Gracia a la vida<\/td>\n<td><\/td>\n<\/tr>\n<tr>\n<td>3<\/td>\n<td>Seg\u00fan el favor del viento<\/td>\n<td><\/td>\n<\/tr>\n<tr>\n<td>4<\/td>\n<td>Arriba quemando el sol<\/td>\n<td><\/td>\n<\/tr>\n<tr>\n<td>5<\/td>\n<td>Me gustan los estudiantes<\/td>\n<td><\/td>\n<\/tr>\n<tr>\n<td>6<\/td>\n<td>Volver a los 17<\/td>\n<td><\/td>\n<\/tr>\n<tr>\n<td>7<\/td>\n<td>La carta<\/td>\n<td><\/td>\n<\/tr>\n<tr>\n<td>8<\/td>\n<td>Que he sacado con quererte<\/td>\n<td><\/td>\n<\/tr>\n<tr>\n<td>9<\/td>\n<td>La lavandera<\/td>\n<td><\/td>\n<\/tr>\n<tr>\n<td>10<\/td>\n<td>Rin del Angelito<\/td>\n<td><\/td>\n<\/tr>\n<tr>\n<td>11<\/td>\n<td>Los pueblos americanos<\/td>\n<td><\/td>\n<\/tr>\n<tr>\n<td><\/td>\n<td><\/td>\n<td><\/td>\n<\/tr>\n<tr>\n<td style=\"text-align: center;\"><strong>Album<\/strong><\/td>\n<td style=\"text-align: center;\"><strong>Mujeres argentinas<\/strong><\/td>\n<td style=\"text-align: center;\"><strong>1969<\/strong><\/td>\n<\/tr>\n<tr>\n<td>1<\/td>\n<td>Gringa Chaquena<\/td>\n<td><\/td>\n<\/tr>\n<tr>\n<td>2<\/td>\n<td>Juana Azurduy<\/td>\n<td><\/td>\n<\/tr>\n<tr>\n<td>3<\/td>\n<td>Rosarito Vera, Maestra<\/td>\n<td><\/td>\n<\/tr>\n<tr>\n<td>4<\/td>\n<td>Dorotea, la Cautiva<\/td>\n<td><\/td>\n<\/tr>\n<tr>\n<td>5<\/td>\n<td>Alfonsina y el mar<\/td>\n<td><\/td>\n<\/tr>\n<tr>\n<td>6<\/td>\n<td>Manuela la Tucumana<\/td>\n<td><\/td>\n<\/tr>\n<tr>\n<td>7<\/td>\n<td>Las cartas de Guadalupe<\/td>\n<td><\/td>\n<\/tr>\n<tr>\n<td>8<\/td>\n<td>En casa de Mariquita<\/td>\n<td><\/td>\n<\/tr>\n<tr>\n<td><\/td>\n<td><\/td>\n<td><\/td>\n<\/tr>\n<tr>\n<td style=\"text-align: center;\"><strong>Album<\/strong><\/td>\n<td style=\"text-align: center;\"><strong>Cantata sudamericana<\/strong><\/td>\n<td style=\"text-align: center;\"><strong>1972<\/strong><\/td>\n<\/tr>\n<tr>\n<td>1<\/td>\n<td>Es Sudam\u00e9rica mi voz<\/td>\n<td><\/td>\n<\/tr>\n<tr>\n<td>2<\/td>\n<td>Canta tu canci\u00f3n<\/td>\n<td><\/td>\n<\/tr>\n<tr>\n<td>3<\/td>\n<td>Antiguos due\u00f1o de las flechas<\/td>\n<td><\/td>\n<\/tr>\n<tr>\n<td>4<\/td>\n<td>Pampas del sur<\/td>\n<td><\/td>\n<\/tr>\n<tr>\n<td>5<\/td>\n<td>Ac\u00e9rcate cholito<\/td>\n<td><\/td>\n<\/tr>\n<tr>\n<td>6<\/td>\n<td>Oraci\u00f3n al sol<\/td>\n<td><\/td>\n<\/tr>\n<tr>\n<td>7<\/td>\n<td>Sudamericano en Nueva York<\/td>\n<td><\/td>\n<\/tr>\n<tr>\n<td>8<\/td>\n<td>Alcen la bandera<\/td>\n<td><\/td>\n<\/tr>\n<tr>\n<td><\/td>\n<td><\/td>\n<td><\/td>\n<\/tr>\n<tr>\n<td style=\"text-align: center;\"><strong>Album<\/strong><\/td>\n<td style=\"text-align: center;\"><strong>Traigo un pueblo en mi voz<\/strong><\/td>\n<td style=\"text-align: center;\"><strong>1973<\/strong><\/td>\n<\/tr>\n<tr>\n<td>1<\/td>\n<td>Cuando tenga la tierra<\/td>\n<td><\/td>\n<\/tr>\n<tr>\n<td>2<\/td>\n<td>A mi hermano Miguel<\/td>\n<td><\/td>\n<\/tr>\n<tr>\n<td>3<\/td>\n<td>Hermano dame tu mano<\/td>\n<td><\/td>\n<\/tr>\n<tr>\n<td>4<\/td>\n<td>All\u00e1 lejos y hace tiempo<\/td>\n<td><\/td>\n<\/tr>\n<tr>\n<td>5<\/td>\n<td>Triunfo agrario<\/td>\n<td><\/td>\n<\/tr>\n<tr>\n<td>6<\/td>\n<td>El alaz\u00e1n<\/td>\n<td><\/td>\n<\/tr>\n<tr>\n<td>7<\/td>\n<td>Terceto aut\u00f3ctono<\/td>\n<td><\/td>\n<\/tr>\n<tr>\n<td>8<\/td>\n<td>Arana<\/td>\n<td><\/td>\n<\/tr>\n<tr>\n<td>9<\/td>\n<td>Vidalita de la paz<\/td>\n<td><\/td>\n<\/tr>\n<tr>\n<td>10<\/td>\n<td>Si un hijo quieren de m\u00ed<\/td>\n<td><\/td>\n<\/tr>\n<tr>\n<td><\/td>\n<td><\/td>\n<td><\/td>\n<\/tr>\n<tr>\n<td style=\"text-align: center;\"><strong>Album<\/strong><\/td>\n<td style=\"text-align: center;\"><strong>El grito de la tierra<\/strong><\/td>\n<td style=\"text-align: center;\"><strong>1970<\/strong><\/td>\n<\/tr>\n<tr>\n<td>1<\/td>\n<td>Canci\u00f3n del centauro<\/td>\n<td><\/td>\n<\/tr>\n<tr>\n<td>2<\/td>\n<td>Duerme negrito<\/td>\n<td><\/td>\n<\/tr>\n<tr>\n<td>3<\/td>\n<td>Fundamento coplero<\/td>\n<td><\/td>\n<\/tr>\n<tr>\n<td>4<\/td>\n<td>Balada de marzo<\/td>\n<td><\/td>\n<\/tr>\n<tr>\n<td>5<\/td>\n<td>Picapedrero<\/td>\n<td><\/td>\n<\/tr>\n<tr>\n<td>6<\/td>\n<td>La pome\u00f1a<\/td>\n<td><\/td>\n<\/tr>\n<tr>\n<td>7<\/td>\n<td>El fiero<\/td>\n<td><\/td>\n<\/tr>\n<tr>\n<td>8<\/td>\n<td>Hay soledad<\/td>\n<td><\/td>\n<\/tr>\n<tr>\n<td>9<\/td>\n<td>Canci\u00f3n con todos<\/td>\n<td><\/td>\n<\/tr>\n<tr>\n<td>10<\/td>\n<td>Desde el regreso<\/td>\n<td><\/td>\n<\/tr>\n<tr>\n<td>11<\/td>\n<td>Que se vengan los chicos<\/td>\n<td><\/td>\n<\/tr>\n<tr>\n<td>12<\/td>\n<td>Guarden la luna<\/td>\n<td><\/td>\n<\/tr>\n<tr>\n<td><\/td>\n<td><\/td>\n<td><\/td>\n<\/tr>\n<tr>\n<td style=\"text-align: center;\"><strong>Album<\/strong><\/td>\n<td style=\"text-align: center;\"><strong>Escondido en mi pa\u00eds<\/strong><\/td>\n<td style=\"text-align: center;\"><strong>1996<\/strong><\/td>\n<\/tr>\n<tr>\n<td>1<\/td>\n<td>Viejas Promesas<\/td>\n<td><\/td>\n<\/tr>\n<tr>\n<td>2<\/td>\n<td>Si Llega A Ser Tucumana<\/td>\n<td><\/td>\n<\/tr>\n<tr>\n<td>3<\/td>\n<td>Para Cantar He Nacido<\/td>\n<td><\/td>\n<\/tr>\n<tr>\n<td>4<\/td>\n<td>Escondido De Mi Pa\u00eds<\/td>\n<td><\/td>\n<\/tr>\n<tr>\n<td>5<\/td>\n<td>Calle Angosta<\/td>\n<td><\/td>\n<\/tr>\n<tr>\n<td>6<\/td>\n<td>Ojos Azules<\/td>\n<td><\/td>\n<\/tr>\n<tr>\n<td>7<\/td>\n<td>Zamba A Monteros<\/td>\n<td><\/td>\n<\/tr>\n<tr>\n<td>8<\/td>\n<td>Sube, Sube, Sube<\/td>\n<td><\/td>\n<\/tr>\n<tr>\n<td>9<\/td>\n<td>El Otro Pa\u00eds<\/td>\n<td><\/td>\n<\/tr>\n<tr>\n<td>10<\/td>\n<td>Canci\u00f3n De Amor Para Mi Patria<\/td>\n<td><\/td>\n<\/tr>\n<tr>\n<td>11<\/td>\n<td>Un Pedazo De Mi Sangre<\/td>\n<td><\/td>\n<\/tr>\n<tr>\n<td>12<\/td>\n<td>\u00d1ar\u00e9 Bainolec<\/td>\n<td><\/td>\n<\/tr>\n<tr>\n<td>13<\/td>\n<td>Regreso A La Tonada<\/td>\n<td><\/td>\n<\/tr>\n<tr>\n<td>14<\/td>\n<td>Milonga Por El<\/td>\n<td><\/td>\n<\/tr>\n<tr>\n<td>15<\/td>\n<td>La Navidad De Luis<\/td>\n<td><\/td>\n<\/tr>\n<tr>\n<td><\/td>\n<td><\/td>\n<td><\/td>\n<\/tr>\n<tr>\n<td><strong>Album<\/strong><\/td>\n<td><strong>Argentina quiere cantar<\/strong><\/td>\n<td><strong>2003<\/strong><\/td>\n<\/tr>\n<tr>\n<td>1<\/td>\n<td>Yo Vengo A Ofrecer Mi Corazon<\/td>\n<td><\/td>\n<\/tr>\n<tr>\n<td>2<\/td>\n<td>Azul Y Blanco En Mi Corazon<\/td>\n<td><\/td>\n<\/tr>\n<tr>\n<td>3<\/td>\n<td>Cinco Siglos Igual<\/td>\n<td><\/td>\n<\/tr>\n<tr>\n<td>4<\/td>\n<td>El Adi\u00f3s<\/td>\n<td><\/td>\n<\/tr>\n<tr>\n<td>5<\/td>\n<td>Novicia<\/td>\n<td><\/td>\n<\/tr>\n<tr>\n<td>6<\/td>\n<td>Ojos De Cielo<\/td>\n<td><\/td>\n<\/tr>\n<tr>\n<td>7<\/td>\n<td>Ni\u00f1os De Pl\u00e1stico<\/td>\n<td><\/td>\n<\/tr>\n<tr>\n<td>8<\/td>\n<td>La Memoria<\/td>\n<td><\/td>\n<\/tr>\n<tr>\n<td>9<\/td>\n<td>La Guitarra<\/td>\n<td><\/td>\n<\/tr>\n<tr>\n<td>10<\/td>\n<td>Buenos Aires (De Tus Amores)<\/td>\n<td><\/td>\n<\/tr>\n<tr>\n<td>11<\/td>\n<td>Las Madres Del Amor<\/td>\n<td><\/td>\n<\/tr>\n<tr>\n<td>13<\/td>\n<td>Raz\u00f3n De Vivir<\/td>\n<td><\/td>\n<\/tr>\n<tr>\n<td><\/td>\n<td><\/td>\n<td><\/td>\n<\/tr>\n<tr>\n<td style=\"text-align: center;\"><strong>Album<\/strong><\/td>\n<td style=\"text-align: center;\"><strong>Alta fidelidad<\/strong><\/td>\n<td style=\"text-align: center;\"><strong>1997<\/strong><\/td>\n<\/tr>\n<tr>\n<td>1<\/td>\n<td>Cuchillos<\/td>\n<td><\/td>\n<\/tr>\n<tr>\n<td>2<\/td>\n<td>Promesas sobre el bidet<\/td>\n<td><\/td>\n<\/tr>\n<tr>\n<td>3<\/td>\n<td>Rezo por vos<\/td>\n<td><\/td>\n<\/tr>\n<tr>\n<td>4<\/td>\n<td>Como mata el viento norte<\/td>\n<td><\/td>\n<\/tr>\n<tr>\n<td>5<\/td>\n<td>Cuando me empiece a quedar solo<\/td>\n<td><\/td>\n<\/tr>\n<tr>\n<td>6<\/td>\n<td>Hablando a tu coraz\u00f3n<\/td>\n<td><\/td>\n<\/tr>\n<tr>\n<td>7<\/td>\n<td>Los sobrevivientes<\/td>\n<td><\/td>\n<\/tr>\n<tr>\n<td>8<\/td>\n<td>El tuerto y los ciegos<\/td>\n<td><\/td>\n<\/tr>\n<tr>\n<td>9<\/td>\n<td>De m\u00ed<\/td>\n<td><\/td>\n<\/tr>\n<tr>\n<td>10<\/td>\n<td>Cerca de la revoluci\u00f3n<\/td>\n<td><\/td>\n<\/tr>\n<tr>\n<td>11<\/td>\n<td>Siempre puedes olvidar<\/td>\n<td><\/td>\n<\/tr>\n<tr>\n<td>12<\/td>\n<td colspan=\"2\">Plateado sobre plateado (Huellas en el mar)<\/td>\n<\/tr>\n<tr>\n<td><\/td>\n<td><\/td>\n<td><\/td>\n<\/tr>\n<tr>\n<td style=\"text-align: center;\"><strong>Album<\/strong><\/td>\n<td style=\"text-align: center;\"><strong>Gravado ao vivo no Brasil<\/strong><\/td>\n<td style=\"text-align: center;\"><strong>1980<\/strong><\/td>\n<\/tr>\n<tr>\n<td>1<\/td>\n<td>Cantor de oficio<\/td>\n<td><\/td>\n<\/tr>\n<tr>\n<td>2<\/td>\n<td>Chacarera de las piedras<\/td>\n<td><\/td>\n<\/tr>\n<tr>\n<td>3<\/td>\n<td>Duerme Negrito<\/td>\n<td><\/td>\n<\/tr>\n<tr>\n<td>4<\/td>\n<td>Antiguos due\u00f1os de las flechas<\/td>\n<td><\/td>\n<\/tr>\n<tr>\n<td>5<\/td>\n<td>A victor<\/td>\n<td><\/td>\n<\/tr>\n<tr>\n<td>6<\/td>\n<td>Plegaria a un labrador<\/td>\n<td><\/td>\n<\/tr>\n<tr>\n<td>7<\/td>\n<td>San Vincente<\/td>\n<td><\/td>\n<\/tr>\n<tr>\n<td>8<\/td>\n<td>Los hermanos<\/td>\n<td><\/td>\n<\/tr>\n<tr>\n<td>9<\/td>\n<td>La carta<\/td>\n<td><\/td>\n<\/tr>\n<tr>\n<td>10<\/td>\n<td>Ky chororo<\/td>\n<td><\/td>\n<\/tr>\n<tr>\n<td>11<\/td>\n<td>Defensa de Violeta<\/td>\n<td><\/td>\n<\/tr>\n<tr>\n<td>12<\/td>\n<td>Gracias a la vida<\/td>\n<td><\/td>\n<\/tr>\n<tr>\n<td>13<\/td>\n<td>Canci\u00f3n con todos<\/td>\n<td><\/td>\n<\/tr>\n<tr>\n<td>14<\/td>\n<td>Volver a los 17<\/td>\n<td><\/td>\n<\/tr>\n<tr>\n<td><\/td>\n<td><\/td>\n<td><\/td>\n<\/tr>\n<tr>\n<td style=\"text-align: center;\"><strong>Album<\/strong><\/td>\n<td style=\"text-align: center;\"><strong>Hermano<\/strong><\/td>\n<td style=\"text-align: center;\"><strong>1966<\/strong><\/td>\n<\/tr>\n<tr>\n<td>1<\/td>\n<td>Hermano<\/td>\n<td><\/td>\n<\/tr>\n<tr>\n<td>2<\/td>\n<td>Chacarera del &#8217;55<\/td>\n<td><\/td>\n<\/tr>\n<tr>\n<td>3<\/td>\n<td>Para ma\u00f1ana<\/td>\n<td><\/td>\n<\/tr>\n<tr>\n<td>4<\/td>\n<td>Pescadores de mi r\u00edo<\/td>\n<td><\/td>\n<\/tr>\n<tr>\n<td>5<\/td>\n<td>Coplera del viento<\/td>\n<td><\/td>\n<\/tr>\n<tr>\n<td>6<\/td>\n<td>Quiero ser luz<\/td>\n<td><\/td>\n<\/tr>\n<tr>\n<td>7<\/td>\n<td>Zamba del chaguanco<\/td>\n<td><\/td>\n<\/tr>\n<tr>\n<td>8<\/td>\n<td>Tristeza<\/td>\n<td><\/td>\n<\/tr>\n<tr>\n<td>9<\/td>\n<td>La bagualera<\/td>\n<td><\/td>\n<\/tr>\n<tr>\n<td>10<\/td>\n<td>Palomita del valle<\/td>\n<td><\/td>\n<\/tr>\n<tr>\n<td>11<\/td>\n<td>Monte chaque\u00f1o<\/td>\n<td><\/td>\n<\/tr>\n<tr>\n<td>12<\/td>\n<td>Esto azul<\/td>\n<td><\/td>\n<\/tr>\n<tr>\n<td><\/td>\n<td><\/td>\n<td><\/td>\n<\/tr>\n<tr>\n<td style=\"text-align: center;\"><strong>Album<\/strong><\/td>\n<td style=\"text-align: center;\"><strong>Al despertar<\/strong><\/td>\n<td style=\"text-align: center;\"><strong>1998<\/strong><\/td>\n<\/tr>\n<tr>\n<td>1<\/td>\n<td>Vientos Del Alma<\/td>\n<td><\/td>\n<\/tr>\n<tr>\n<td>2<\/td>\n<td>Pueblero De Alla Ite<\/td>\n<td><\/td>\n<\/tr>\n<tr>\n<td>3<\/td>\n<td>Como Urpilita Perdida<\/td>\n<td><\/td>\n<\/tr>\n<tr>\n<td>4<\/td>\n<td>Desandando<\/td>\n<td><\/td>\n<\/tr>\n<tr>\n<td>5<\/td>\n<td>D\u00e9jame Que Me Vaya<\/td>\n<td><\/td>\n<\/tr>\n<tr>\n<td>6<\/td>\n<td>La Villerita<\/td>\n<td><\/td>\n<\/tr>\n<tr>\n<td>7<\/td>\n<td>Agitando Pa\u00f1uelos<\/td>\n<td><\/td>\n<\/tr>\n<tr>\n<td>8<\/td>\n<td>Viejo Coraz\u00f3n<\/td>\n<td><\/td>\n<\/tr>\n<tr>\n<td>9<\/td>\n<td>Del Tiempo De Mi Ni\u00f1ez<\/td>\n<td><\/td>\n<\/tr>\n<tr>\n<td>10<\/td>\n<td>Bajo El Sauce Solo<\/td>\n<td><\/td>\n<\/tr>\n<tr>\n<td>11<\/td>\n<td>Sue\u00f1ero<\/td>\n<td><\/td>\n<\/tr>\n<tr>\n<td>12<\/td>\n<td>Zamba Por Vos<\/td>\n<td><\/td>\n<\/tr>\n<tr>\n<td>13<\/td>\n<td>Al Despertar<\/td>\n<td><\/td>\n<\/tr>\n<tr>\n<td>14<\/td>\n<td>Luna De Cabotaje<\/td>\n<td><\/td>\n<\/tr>\n<tr>\n<td>15<\/td>\n<td>Almas En El Viento<\/td>\n<td><\/td>\n<\/tr>\n<tr>\n<td>16<\/td>\n<td>Indulto<\/td>\n<td><\/td>\n<\/tr>\n<tr>\n<td>17<\/td>\n<td>La Belleza<\/td>\n<td><\/td>\n<\/tr>\n<tr>\n<td><\/td>\n<td><\/td>\n<td><\/td>\n<\/tr>\n<tr>\n<td style=\"text-align: center;\"><strong>Album<\/strong><\/td>\n<td style=\"text-align: center;\"><strong>Mercedes Sosa interpreta a Atahualpa Yupanqui<\/strong><\/td>\n<td style=\"text-align: center;\"><strong>1977<\/strong><\/td>\n<\/tr>\n<tr>\n<td>1<\/td>\n<td>Piedra y camino<\/td>\n<td><\/td>\n<\/tr>\n<tr>\n<td>2<\/td>\n<td>Guitarra d\u00edmelo t\u00fa<\/td>\n<td><\/td>\n<\/tr>\n<tr>\n<td>3<\/td>\n<td>Chacarera de las piedras<\/td>\n<td><\/td>\n<\/tr>\n<tr>\n<td>4<\/td>\n<td>T\u00fa que puedes vu\u00e9lvete<\/td>\n<td><\/td>\n<\/tr>\n<tr>\n<td>5<\/td>\n<td>La viajerita<\/td>\n<td><\/td>\n<\/tr>\n<tr>\n<td>6<\/td>\n<td>Los hermanos<\/td>\n<td><\/td>\n<\/tr>\n<tr>\n<td>7<\/td>\n<td>Criollita santiague\u00f1a<\/td>\n<td><\/td>\n<\/tr>\n<tr>\n<td>8<\/td>\n<td>La alabanza<\/td>\n<td><\/td>\n<\/tr>\n<tr>\n<td>9<\/td>\n<td>La arribe\u00f1a<\/td>\n<td><\/td>\n<\/tr>\n<tr>\n<td>10<\/td>\n<td>Duerme Negrito<\/td>\n<td><\/td>\n<\/tr>\n<tr>\n<td>11<\/td>\n<td>Zambita de los pobres<\/td>\n<td><\/td>\n<\/tr>\n<tr>\n<td>12<\/td>\n<td>El alaz\u00e1n<\/td>\n<td><\/td>\n<\/tr>\n<tr>\n<td><\/td>\n<td><\/td>\n<td><\/td>\n<\/tr>\n<\/tbody>\n<\/table>\n<\/div>\n<\/div>\n<div class=\"cxmmr5t8 oygrvhab hcukyx3x c1et5uql o9v6fnle ii04i59q\">\n<div dir=\"auto\"><\/div>\n<\/div>\n<div class=\"cxmmr5t8 oygrvhab hcukyx3x c1et5uql o9v6fnle ii04i59q\">\n<div dir=\"auto\">Cr\u00e9ditos: Tomado de Wikipedia<\/div>\n<div dir=\"auto\"><a class=\"oajrlxb2 g5ia77u1 qu0x051f esr5mh6w e9989ue4 r7d6kgcz rq0escxv nhd2j8a9 nc684nl6 p7hjln8o kvgmc6g5 cxmmr5t8 oygrvhab hcukyx3x jb3vyjys rz4wbd8a qt6c0cv9 a8nywdso i1ao9s8h esuyzwwr f1sip0of lzcic4wl gpro0wi8 py34i1dx\" tabindex=\"0\" role=\"link\" href=\"https:\/\/l.facebook.com\/l.php?u=https%3A%2F%2Fes.wikipedia.org%2Fwiki%2FMercedes_Sosa%3Ffbclid%3DIwAR0DMr6JC4cx49Kf1cqbAHodphbt05VdalnrcN-UzWZ2JZ3eE7DI2QCFnsg&amp;h=AT1I7DwTzWVoTasqE1rQtcH4EfRyl5C8o07tpwuTHnOLB-4_YSl1JW5K5dAS-N3xOKuw4eZphAdPdBZtwlaNI_rl2kN0DlIlqwt6bxbfVT_lAickO4ng_Se9Tt2L-BOPwtRP&amp;__tn__=-UK-R&amp;c[0]=AT0moAXjpac2Wa1kCG-c4Rf7Qa5326FgRh-WD0ACMP_z3ruGckWbJHGcpn6q2sfFfuDzP19UBV0eAVjlVpDYePQ-lXaW0CyrNKLDWR37ciL5K9Gsodl2H-aEBAm6w4TL3agqdCgVymlH5lvfQiZOq3_miu8gnUYV85SO5w\" target=\"_blank\" rel=\"nofollow noopener\">https:\/\/es.wikipedia.org\/wiki\/Mercedes_Sosa<\/a><\/div>\n<div dir=\"auto\"><\/div>\n<\/div>\n<div class=\"epyt-video-wrapper\"><iframe loading=\"lazy\"  id=\"_ytid_67150\"  width=\"618\" height=\"347\"  data-origwidth=\"618\" data-origheight=\"347\" src=\"https:\/\/www.youtube.com\/embed\/NKXqYM2r4Yw?enablejsapi=1&#038;autoplay=0&#038;cc_load_policy=0&#038;cc_lang_pref=&#038;iv_load_policy=1&#038;loop=0&#038;modestbranding=0&#038;rel=1&#038;fs=1&#038;playsinline=0&#038;autohide=2&#038;theme=dark&#038;color=red&#038;controls=1&#038;\" class=\"__youtube_prefs__  epyt-is-override  no-lazyload\" title=\"YouTube player\"  allow=\"fullscreen; accelerometer; autoplay; clipboard-write; encrypted-media; gyroscope; picture-in-picture\" allowfullscreen data-no-lazy=\"1\" data-skipgform_ajax_framebjll=\"\"><\/iframe><\/div>\n","protected":false},"excerpt":{"rendered":"<p>&nbsp; Fecha de Nacimiento: 9 de julio de 1935 &nbsp; Fecha de Fallecimiento: 4 de octubre de 2009 (74 a\u00f1os) &nbsp; Biograf\u00eda: &nbsp; Considerada la &#8220;voz de Am\u00e9rica Latina&#8221;; con sus ra\u00edces en la m\u00fasica folcl\u00f3rica argentina, se convirti\u00f3 en una de las exponentes principales de la nueva canci\u00f3n, incursionando en g\u00e9neros como el tango, &hellip;<\/p>\n","protected":false},"author":1,"featured_media":0,"parent":0,"menu_order":0,"comment_status":"closed","ping_status":"closed","template":"","meta":{"footnotes":""},"class_list":["post-28547","page","type-page","status-publish",""],"jetpack_sharing_enabled":true,"_links":{"self":[{"href":"http:\/\/mickyandoniehn.com\/radio\/wp-json\/wp\/v2\/pages\/28547","targetHints":{"allow":["GET"]}}],"collection":[{"href":"http:\/\/mickyandoniehn.com\/radio\/wp-json\/wp\/v2\/pages"}],"about":[{"href":"http:\/\/mickyandoniehn.com\/radio\/wp-json\/wp\/v2\/types\/page"}],"author":[{"embeddable":true,"href":"http:\/\/mickyandoniehn.com\/radio\/wp-json\/wp\/v2\/users\/1"}],"replies":[{"embeddable":true,"href":"http:\/\/mickyandoniehn.com\/radio\/wp-json\/wp\/v2\/comments?post=28547"}],"version-history":[{"count":4,"href":"http:\/\/mickyandoniehn.com\/radio\/wp-json\/wp\/v2\/pages\/28547\/revisions"}],"predecessor-version":[{"id":75219,"href":"http:\/\/mickyandoniehn.com\/radio\/wp-json\/wp\/v2\/pages\/28547\/revisions\/75219"}],"wp:attachment":[{"href":"http:\/\/mickyandoniehn.com\/radio\/wp-json\/wp\/v2\/media?parent=28547"}],"curies":[{"name":"wp","href":"https:\/\/api.w.org\/{rel}","templated":true}]}}