{"id":28519,"date":"2022-08-26T10:12:57","date_gmt":"2022-08-26T16:12:57","guid":{"rendered":"https:\/\/mickyandoniehn.com\/radio\/?page_id=28519"},"modified":"2022-09-01T11:27:14","modified_gmt":"2022-09-01T17:27:14","slug":"luisito-rey","status":"publish","type":"page","link":"http:\/\/mickyandoniehn.com\/radio\/luisito-rey\/","title":{"rendered":"Luisito Rey"},"content":{"rendered":"<p style=\"text-align: justify;\">\n<p style=\"text-align: justify;\"><img loading=\"lazy\" decoding=\"async\" class=\" wp-image-25665 aligncenter\" src=\"http:\/\/mickyandoniehn.com\/radio\/wp-content\/uploads\/2022\/08\/Luisito-Rey-300x300.png\" alt=\"\" width=\"689\" height=\"689\" srcset=\"http:\/\/mickyandoniehn.com\/radio\/wp-content\/uploads\/2022\/08\/Luisito-Rey-300x300.png 300w, http:\/\/mickyandoniehn.com\/radio\/wp-content\/uploads\/2022\/08\/Luisito-Rey-150x150.png 150w, http:\/\/mickyandoniehn.com\/radio\/wp-content\/uploads\/2022\/08\/Luisito-Rey.png 420w\" sizes=\"auto, (max-width: 689px) 100vw, 689px\" \/><\/p>\n<p>&nbsp;<\/p>\n<div class=\"cxmmr5t8 oygrvhab hcukyx3x c1et5uql o9v6fnle ii04i59q\" style=\"text-align: justify;\">\n<div dir=\"auto\"><strong>Fecha de Nacimiento:<\/strong> 28 de junio de 1945<\/div>\n<p>&nbsp;<\/p>\n<div dir=\"auto\"><\/div>\n<div dir=\"auto\"><strong>Fecha de Fallecimiento:<\/strong> 9 de diciembre de 1992 (47 a\u00f1os)<\/div>\n<p>&nbsp;<\/p>\n<div dir=\"auto\"><\/div>\n<\/div>\n<div class=\"cxmmr5t8 oygrvhab hcukyx3x c1et5uql o9v6fnle ii04i59q\" style=\"text-align: justify;\">\n<div dir=\"auto\"><strong>Biograf\u00eda<\/strong><\/div>\n<p>&nbsp;<\/p>\n<div dir=\"auto\"><\/div>\n<div dir=\"auto\">Fue un cantante y compositor espa\u00f1ol, que destac\u00f3 por sus habilidades con la guitarra y goz\u00f3 de cierta fama y popularidad en los a\u00f1os 1970. Particip\u00f3 de varios escenarios en Espa\u00f1a, M\u00e9xico, Costa Rica y Puerto Rico, entre otros pa\u00edses. Algunas de sus composiciones m\u00e1s destacadas fueron \u00abEl loco\u00bb, \u00abEl circo\u00bb y \u00abFrente a una copa de vino\u00bb.<\/div>\n<p>&nbsp;<\/p>\n<div dir=\"auto\"><\/div>\n<\/div>\n<div class=\"cxmmr5t8 oygrvhab hcukyx3x c1et5uql o9v6fnle ii04i59q\" style=\"text-align: justify;\">\n<div dir=\"auto\">A temprana edad incursion\u00f3 en ese g\u00e9nero, participando de un concurso difundido por una radioemisora de C\u00e1diz, en un programa llamado Caf\u00e9 de redacci\u00f3n, impulsado y apoyado por su madre. Gan\u00f3 el primer premio y fue as\u00ed que inici\u00f3 su carrera art\u00edstica.16 Posteriormente cambi\u00f3 su nombre art\u00edstico por Luis Gas\u00e1n, uni\u00e9ndose al grupo musical \u00abLos Joselitos del Cante\u00bb, iniciando una serie de giras promocionales por Espa\u00f1a. En 1954, junto con su madre, se mud\u00f3 a la ciudad de Madrid, donde particip\u00f3 con un peque\u00f1o personaje de un film titulado Pobre ni\u00f1a rica. Posteriormente se desplaz\u00f3 a la ciudad de Barcelona.<\/div>\n<p>&nbsp;<\/p>\n<div dir=\"auto\"><\/div>\n<\/div>\n<div class=\"cxmmr5t8 oygrvhab hcukyx3x c1et5uql o9v6fnle ii04i59q\" style=\"text-align: justify;\">\n<div dir=\"auto\">Su c\u00f3nyuge fue la italiana Marcella Basteri, con quien tuvo tres hijos: Luis Miguel, Alejandro Basteri y Sergio Gallego Basteri. Descubri\u00f3 tempranamente las cualidades art\u00edsticas de su primer hijo, y abandon\u00f3 su propia carrera para acompa\u00f1arlo y representarlo. La tutela sobre \u00e9l se prolong\u00f3 hasta 1988, cuando Luis Miguel lleg\u00f3 a la mayor\u00eda de edad y decidi\u00f3 reemplazarlo como manager.<\/div>\n<p>&nbsp;<\/p>\n<div dir=\"auto\"><\/div>\n<\/div>\n<div class=\"cxmmr5t8 oygrvhab hcukyx3x c1et5uql o9v6fnle ii04i59q\" style=\"text-align: justify;\">\n<div dir=\"auto\">El 18 de agosto de 1992, la discogr\u00e1fica Sony Music, que hab\u00eda absorbido a Columbia Records, public\u00f3, en formato CD, diez de sus \u00e9xitos. Pocos meses despu\u00e9s, estando en Barcelona, contrajo una neumon\u00eda fulminante y falleci\u00f3, el 9 de diciembre, a los 47 a\u00f1os de edad. Sus restos se encuentran en una urna lacrada, en el cementerio mancomunado de la bah\u00eda de C\u00e1diz.<\/div>\n<p>&nbsp;<\/p>\n<div dir=\"auto\"><\/div>\n<\/div>\n<div class=\"cxmmr5t8 oygrvhab hcukyx3x c1et5uql o9v6fnle ii04i59q\" style=\"text-align: justify;\">\n<div dir=\"auto\"><strong>Wikipedia in English<\/strong><\/div>\n<p>&nbsp;<\/p>\n<div dir=\"auto\"><\/div>\n<\/div>\n<div class=\"cxmmr5t8 oygrvhab hcukyx3x c1et5uql o9v6fnle ii04i59q\" style=\"text-align: justify;\">\n<div dir=\"auto\"><strong>Biography<\/strong><\/div>\n<p>&nbsp;<\/p>\n<div dir=\"auto\"><\/div>\n<div dir=\"auto\"><strong>Date of Born:<\/strong> June 28, 1945<\/div>\n<p>&nbsp;<\/p>\n<div dir=\"auto\"><\/div>\n<div dir=\"auto\"><strong>Date of Died<\/strong> December 9, 1992 (47 years)<\/div>\n<p>&nbsp;<\/p>\n<div dir=\"auto\"><\/div>\n<\/div>\n<div class=\"cxmmr5t8 oygrvhab hcukyx3x c1et5uql o9v6fnle ii04i59q\" style=\"text-align: justify;\">\n<div dir=\"auto\">was a Spanish singer and songwriter, who stood out for his guitar skills and enjoyed a certain fame and popularity in the 1970s. He participated in various stages in Spain, Mexico, Costa Rica and Puerto Rico, among other countries. Some of his most outstanding compositions were &#8220;El loco&#8221;, &#8220;El circo&#8221; and &#8220;In front of a glass of wine.&#8221;<\/div>\n<p>&nbsp;<\/p>\n<div dir=\"auto\"><\/div>\n<\/div>\n<div class=\"cxmmr5t8 oygrvhab hcukyx3x c1et5uql o9v6fnle ii04i59q\" style=\"text-align: justify;\">\n<div dir=\"auto\">At an early age he ventured into that genre, participating in a contest broadcast by a radio station in C\u00e1diz, in a program called Caf\u00e9 de redacci\u00f3n, promoted and supported by his mother. He won the first prize and that is how he began his artistic career.16 Later, he changed his artistic name to Luis Gas\u00e1n, joining the musical group &#8220;Los Joselitos del Cante&#8221;, initiating a series of promotional tours in Spain. In 1954, together with his mother, he moved to the city of Madrid, where he participated with a small character in a film entitled Poor rich girl. Later he moved to the city of Barcelona.<\/div>\n<p>&nbsp;<\/p>\n<div dir=\"auto\"><\/div>\n<\/div>\n<div class=\"cxmmr5t8 oygrvhab hcukyx3x c1et5uql o9v6fnle ii04i59q\" style=\"text-align: justify;\">\n<div dir=\"auto\">His spouse was the Italian Marcella Basteri, with whom he had three children: Luis Miguel, Alejandro Basteri and Sergio Gallego Basteri. He discovered early on the artistic qualities of his first son, and abandoned his own career to accompany and represent him. The guardianship over him lasted until 1988, when Luis Miguel came of age and decided to replace him as manager.<\/div>\n<p>&nbsp;<\/p>\n<div dir=\"auto\"><\/div>\n<\/div>\n<div class=\"cxmmr5t8 oygrvhab hcukyx3x c1et5uql o9v6fnle ii04i59q\" style=\"text-align: justify;\">\n<div dir=\"auto\">On August 18, 1992, the Sony Music label, which had taken over Columbia Records, released ten of their hits on CD. A few months later, while in Barcelona, he contracted fulminant pneumonia and died, on December 9, at the age of 47. His remains are found in a sealed urn, in the joint cemetery of the Bay of C\u00e1diz.<\/div>\n<div dir=\"auto\"><\/div>\n<p>&nbsp;<\/p>\n<\/div>\n<div class=\"cxmmr5t8 oygrvhab hcukyx3x c1et5uql o9v6fnle ii04i59q\" style=\"text-align: justify;\">\n<div dir=\"auto\"><strong>Discography<\/strong><\/div>\n<p>&nbsp;<\/p>\n<div dir=\"auto\">\n<p>&nbsp;<\/p>\n<table width=\"840\">\n<tbody>\n<tr>\n<td style=\"text-align: center;\" width=\"248\"><b>G\u00e9nero Flamenco y Mariachi<\/b><\/td>\n<td style=\"text-align: center;\" width=\"423\"><strong>Escuchar tema<\/strong><\/td>\n<td style=\"text-align: center;\" width=\"169\"><strong>A\u00f1o<\/strong><\/td>\n<\/tr>\n<tr>\n<td style=\"text-align: center;\"><\/td>\n<td style=\"text-align: center;\"><strong>Luisito Rey<\/strong><\/td>\n<td style=\"text-align: center;\"><strong>1970<\/strong><\/td>\n<\/tr>\n<tr>\n<td>1<\/td>\n<td>El lavaplatos<\/td>\n<td><\/td>\n<\/tr>\n<tr>\n<td>2<\/td>\n<td>Si haces bien o haces mal<\/td>\n<td><\/td>\n<\/tr>\n<tr>\n<td>3<\/td>\n<td>Bailemos juntos<\/td>\n<td><\/td>\n<\/tr>\n<tr>\n<td>4<\/td>\n<td>Marcela<\/td>\n<td><\/td>\n<\/tr>\n<tr>\n<td>5<\/td>\n<td>Mi religi\u00f3n<\/td>\n<td><\/td>\n<\/tr>\n<tr>\n<td>6<\/td>\n<td>Historia de alguien que no naci\u00f3<\/td>\n<td><\/td>\n<\/tr>\n<tr>\n<td>7<\/td>\n<td>Un d\u00eda<\/td>\n<td><\/td>\n<\/tr>\n<tr>\n<td>8<\/td>\n<td>Amigos<\/td>\n<td><\/td>\n<\/tr>\n<tr>\n<td>9<\/td>\n<td>Si la gente<\/td>\n<td><\/td>\n<\/tr>\n<tr>\n<td>10<\/td>\n<td>Quiero hablar con Dios<\/td>\n<td><\/td>\n<\/tr>\n<tr>\n<td>11<\/td>\n<td>Posiblemente ma\u00f1ana<\/td>\n<td><\/td>\n<\/tr>\n<tr>\n<td><\/td>\n<td><\/td>\n<td><\/td>\n<\/tr>\n<tr>\n<td style=\"text-align: center;\"><\/td>\n<td style=\"text-align: center;\"><strong>De Nuevo<\/strong><\/td>\n<td style=\"text-align: center;\"><strong>1974<\/strong><\/td>\n<\/tr>\n<tr>\n<td>1<\/td>\n<td>Mi Pueblo O Ya No Es Mi Pueblo<\/td>\n<td><\/td>\n<\/tr>\n<tr>\n<td>2<\/td>\n<td>El Amor, Viva El Amor<\/td>\n<td><\/td>\n<\/tr>\n<tr>\n<td>3<\/td>\n<td>Vete<\/td>\n<td><\/td>\n<\/tr>\n<tr>\n<td>4<\/td>\n<td>Guitarra Mia<\/td>\n<td><\/td>\n<\/tr>\n<tr>\n<td>5<\/td>\n<td>Ora Pronobis<\/td>\n<td><\/td>\n<\/tr>\n<tr>\n<td>6<\/td>\n<td>El Mu\u00f1eco<\/td>\n<td><\/td>\n<\/tr>\n<tr>\n<td>7<\/td>\n<td>Alla<\/td>\n<td><\/td>\n<\/tr>\n<tr>\n<td>8<\/td>\n<td>Se Bien<\/td>\n<td><\/td>\n<\/tr>\n<tr>\n<td>9<\/td>\n<td>Soy Una Ola<\/td>\n<td><\/td>\n<\/tr>\n<tr>\n<td>10<\/td>\n<td>Hastio<\/td>\n<td><\/td>\n<\/tr>\n<tr>\n<td><\/td>\n<td><\/td>\n<td><\/td>\n<\/tr>\n<tr>\n<td style=\"text-align: center;\"><\/td>\n<td style=\"text-align: center;\"><strong>Mi Pueblo ya no es mi pueblo<\/strong><\/td>\n<td style=\"text-align: center;\"><strong>1975<\/strong><\/td>\n<\/tr>\n<tr>\n<td>1<\/td>\n<td>Mi Pueblo Ya No Es Mi Pueblo<\/td>\n<td><\/td>\n<\/tr>\n<tr>\n<td>2<\/td>\n<td>El Amor Viva El Amor<\/td>\n<td><\/td>\n<\/tr>\n<tr>\n<td>3<\/td>\n<td>Hastio<\/td>\n<td><\/td>\n<\/tr>\n<tr>\n<td>4<\/td>\n<td>Vete<\/td>\n<td><\/td>\n<\/tr>\n<tr>\n<td>5<\/td>\n<td>Ora Pronobis<\/td>\n<td><\/td>\n<\/tr>\n<tr>\n<td>6<\/td>\n<td>Guitarra Mia<\/td>\n<td><\/td>\n<\/tr>\n<tr>\n<td>7<\/td>\n<td>El Mu\u00f1eco<\/td>\n<td><\/td>\n<\/tr>\n<tr>\n<td>8<\/td>\n<td>Alla<\/td>\n<td><\/td>\n<\/tr>\n<tr>\n<td>9<\/td>\n<td>Se Bien<\/td>\n<td><\/td>\n<\/tr>\n<tr>\n<td>10<\/td>\n<td>Soy Una Ola<\/td>\n<td><\/td>\n<\/tr>\n<tr>\n<td><\/td>\n<td><\/td>\n<td><\/td>\n<\/tr>\n<\/tbody>\n<\/table>\n<\/div>\n<div dir=\"auto\"><\/div>\n<\/div>\n<div class=\"cxmmr5t8 oygrvhab hcukyx3x c1et5uql o9v6fnle ii04i59q\" style=\"text-align: justify;\">\n<div dir=\"auto\">Cr\u00e9ditos tomados de Wikipedia<\/div>\n<div dir=\"auto\"><a class=\"oajrlxb2 g5ia77u1 qu0x051f esr5mh6w e9989ue4 r7d6kgcz rq0escxv nhd2j8a9 nc684nl6 p7hjln8o kvgmc6g5 cxmmr5t8 oygrvhab hcukyx3x jb3vyjys rz4wbd8a qt6c0cv9 a8nywdso i1ao9s8h esuyzwwr f1sip0of lzcic4wl gpro0wi8 py34i1dx\" tabindex=\"0\" role=\"link\" href=\"https:\/\/es.wikipedia.org\/wiki\/Luisito_Rey?fbclid=IwAR1mgxjJkvKlMS6ksbEMpUsqzkJ2-IDsQXsBGQCBh6NMxiOcjZCV4q8g1gg\" target=\"_blank\" rel=\"nofollow noopener\">https:\/\/es.wikipedia.org\/wiki\/Luisito_Rey<\/a><\/div>\n<div dir=\"auto\"><\/div>\n<\/div>\n<div class=\"epyt-video-wrapper\"><iframe loading=\"lazy\"  id=\"_ytid_50737\"  width=\"618\" height=\"347\"  data-origwidth=\"618\" data-origheight=\"347\" src=\"https:\/\/www.youtube.com\/embed\/2WDVkBqqelg?enablejsapi=1&#038;autoplay=0&#038;cc_load_policy=0&#038;cc_lang_pref=&#038;iv_load_policy=1&#038;loop=0&#038;modestbranding=0&#038;rel=1&#038;fs=1&#038;playsinline=0&#038;autohide=2&#038;theme=dark&#038;color=red&#038;controls=1&#038;\" class=\"__youtube_prefs__  epyt-is-override  no-lazyload\" title=\"YouTube player\"  allow=\"fullscreen; accelerometer; autoplay; clipboard-write; encrypted-media; gyroscope; picture-in-picture\" allowfullscreen data-no-lazy=\"1\" data-skipgform_ajax_framebjll=\"\"><\/iframe><\/div>\n<p style=\"text-align: justify;\">\n","protected":false},"excerpt":{"rendered":"<p>&nbsp; Fecha de Nacimiento: 28 de junio de 1945 &nbsp; Fecha de Fallecimiento: 9 de diciembre de 1992 (47 a\u00f1os) &nbsp; Biograf\u00eda &nbsp; Fue un cantante y compositor espa\u00f1ol, que destac\u00f3 por sus habilidades con la guitarra y goz\u00f3 de cierta fama y popularidad en los a\u00f1os 1970. Particip\u00f3 de varios escenarios en Espa\u00f1a, M\u00e9xico, &hellip;<\/p>\n","protected":false},"author":1,"featured_media":0,"parent":0,"menu_order":0,"comment_status":"closed","ping_status":"closed","template":"","meta":{"footnotes":""},"class_list":["post-28519","page","type-page","status-publish",""],"jetpack_sharing_enabled":true,"_links":{"self":[{"href":"http:\/\/mickyandoniehn.com\/radio\/wp-json\/wp\/v2\/pages\/28519","targetHints":{"allow":["GET"]}}],"collection":[{"href":"http:\/\/mickyandoniehn.com\/radio\/wp-json\/wp\/v2\/pages"}],"about":[{"href":"http:\/\/mickyandoniehn.com\/radio\/wp-json\/wp\/v2\/types\/page"}],"author":[{"embeddable":true,"href":"http:\/\/mickyandoniehn.com\/radio\/wp-json\/wp\/v2\/users\/1"}],"replies":[{"embeddable":true,"href":"http:\/\/mickyandoniehn.com\/radio\/wp-json\/wp\/v2\/comments?post=28519"}],"version-history":[{"count":2,"href":"http:\/\/mickyandoniehn.com\/radio\/wp-json\/wp\/v2\/pages\/28519\/revisions"}],"predecessor-version":[{"id":30381,"href":"http:\/\/mickyandoniehn.com\/radio\/wp-json\/wp\/v2\/pages\/28519\/revisions\/30381"}],"wp:attachment":[{"href":"http:\/\/mickyandoniehn.com\/radio\/wp-json\/wp\/v2\/media?parent=28519"}],"curies":[{"name":"wp","href":"https:\/\/api.w.org\/{rel}","templated":true}]}}