{"id":28510,"date":"2022-08-26T10:11:12","date_gmt":"2022-08-26T16:11:12","guid":{"rendered":"https:\/\/mickyandoniehn.com\/radio\/?page_id=28510"},"modified":"2022-09-01T11:28:58","modified_gmt":"2022-09-01T17:28:58","slug":"manolo-otero","status":"publish","type":"page","link":"http:\/\/mickyandoniehn.com\/radio\/manolo-otero\/","title":{"rendered":"Manolo Otero"},"content":{"rendered":"<p style=\"text-align: justify;\"><img loading=\"lazy\" decoding=\"async\" class=\" wp-image-25644 aligncenter\" src=\"http:\/\/mickyandoniehn.com\/radio\/wp-content\/uploads\/2022\/08\/Manolo-Otero-266x300.png\" alt=\"\" width=\"661\" height=\"745\" srcset=\"http:\/\/mickyandoniehn.com\/radio\/wp-content\/uploads\/2022\/08\/Manolo-Otero-266x300.png 266w, http:\/\/mickyandoniehn.com\/radio\/wp-content\/uploads\/2022\/08\/Manolo-Otero.png 480w\" sizes=\"auto, (max-width: 661px) 100vw, 661px\" \/><\/p>\n<p style=\"text-align: justify;\"><strong>Fecha de Nacimiento:<\/strong> Madrid, Espa\u00f1a, 25 de junio de 1942<\/p>\n<p>&nbsp;<\/p>\n<p style=\"text-align: justify;\"><strong>Fecha de Nacimiento:<\/strong> Sao Paulo, Brasil, 1 de junio de 2011<\/p>\n<p>&nbsp;<\/p>\n<div class=\"cxmmr5t8 oygrvhab hcukyx3x c1et5uql o9v6fnle ii04i59q\" style=\"text-align: justify;\">\n<div dir=\"auto\"><strong>Biograf\u00eda<\/strong><\/div>\n<p>&nbsp;<\/p>\n<div dir=\"auto\"><\/div>\n<div dir=\"auto\">Manuel &#8220;Manolo&#8221; Otero Aparicio. Fue antes actor que cantante. Era hijo de un bar\u00edtono y de una renombrada actriz de revista musical. Se licenci\u00f3 en Filosof\u00eda y Letras.<\/div>\n<div dir=\"auto\"><\/div>\n<p>&nbsp;<\/p>\n<\/div>\n<div class=\"cxmmr5t8 oygrvhab hcukyx3x c1et5uql o9v6fnle ii04i59q\" style=\"text-align: justify;\">\n<div dir=\"auto\">En 1963 trabaj\u00f3 durante una temporada de siete meses en los estudios de TVE como ayudante del director de espacios teatrales, Juan Guerrero Zamora.<\/div>\n<p>&nbsp;<\/p>\n<div dir=\"auto\"><\/div>\n<\/div>\n<div class=\"cxmmr5t8 oygrvhab hcukyx3x c1et5uql o9v6fnle ii04i59q\" style=\"text-align: justify;\">\n<div dir=\"auto\">La profesi\u00f3n de sus padres fue determinante para que se decidiera a probar suerte como actor. Fue gal\u00e1n joven en la compa\u00f1\u00eda de Mary Carrillo, y represent\u00f3 obras dram\u00e1ticas como &#8220;Los Tarantos&#8221;, &#8220;Madre coraje&#8221; de Bertolt Brecht, &#8220;La zapatera prodigiosa&#8221; de Garc\u00eda Lorca, &#8220;La llegada de los dioses&#8221; de Buero Vallejo, &#8220;Don Juan o el amor a la geometr\u00eda&#8221;, entre otras. Durante los a\u00f1os 60, viaj\u00f3 con la compa\u00f1\u00eda Nacional de Teatro Cl\u00e1sico.<\/div>\n<p>&nbsp;<\/p>\n<div dir=\"auto\"><\/div>\n<\/div>\n<div class=\"cxmmr5t8 oygrvhab hcukyx3x c1et5uql o9v6fnle ii04i59q\" style=\"text-align: justify;\">\n<div dir=\"auto\">Al tiempo, su fotogenia, y su aspecto f\u00edsico de facciones agradables, le llevaron tambi\u00e9n a actuar en el cine, donde particip\u00f3 en producciones como &#8220;Sim\u00f3n Bolivar&#8221;, &#8220;La araucana&#8221;, &#8220;El libro de Buen amor&#8221;, o &#8220;cuentos de las s\u00e1banas blancas&#8221;. La pel\u00edcula de m\u00e1s recordaci\u00f3n en la que particip\u00f3 fue &#8220;Juicio de faldas&#8221;.<\/div>\n<p>&nbsp;<\/p>\n<div dir=\"auto\"><\/div>\n<\/div>\n<div class=\"cxmmr5t8 oygrvhab hcukyx3x c1et5uql o9v6fnle ii04i59q\" style=\"text-align: justify;\">\n<div dir=\"auto\">La biograf\u00eda musical de Manolo Otero se inici\u00f3 el d\u00eda en que su amigo Miguel de los Santos lo convenci\u00f3 para que se presentara a un concurso de cantantes : &#8220;La gran ocasi\u00f3n&#8221;. Manolo Otero prob\u00f3 tambi\u00e9n suerte en el festival de Benidorm, el del a\u00f1o 1968, aqu\u00e9l que gan\u00f3 Julio Iglesias. Ambos viajaron juntos a la ciudad alicantina.<\/div>\n<p>&nbsp;<\/p>\n<div dir=\"auto\"><\/div>\n<\/div>\n<div class=\"cxmmr5t8 oygrvhab hcukyx3x c1et5uql o9v6fnle ii04i59q\" style=\"text-align: justify;\">\n<div dir=\"auto\">Manolo Otero tuvo una discreta participaci\u00f3n en este festival aunque no pasaron inadvertidas su voz ni su figura.<\/div>\n<p>&nbsp;<\/p>\n<div dir=\"auto\"><\/div>\n<\/div>\n<div class=\"cxmmr5t8 oygrvhab hcukyx3x c1et5uql o9v6fnle ii04i59q\" style=\"text-align: justify;\">\n<div dir=\"auto\">Las primeras grabaciones de Manolo Otero son de 1968: &#8220;Nuestro pueblo&#8221;, &#8220;Laura&#8221;, &#8220;un beso y un adi\u00f3s&#8221;, &#8220;D\u00f3nde vas&#8221;. Dada la escasa repercusi\u00f3n de estas canciones, y como estaba m\u00e1s solicitado como actor de cine y teatro, Manolo Otero se apart\u00f3 unos a\u00f1os de la m\u00fasica.<\/div>\n<p>&nbsp;<\/p>\n<\/div>\n<div dir=\"auto\" style=\"text-align: justify;\"><\/div>\n<div class=\"cxmmr5t8 oygrvhab hcukyx3x c1et5uql o9v6fnle ii04i59q\" style=\"text-align: justify;\">\n<div dir=\"auto\">En 1973 contrajo matrimonio con la destacada actriz y vedette Mar\u00eda Jos\u00e9 Cantudo, con quien tuvo un hijo llamado Manuel. Sin embargo la relaci\u00f3n dur\u00f3 apenas cinco a\u00f1os, y se separaron en 1978.<\/div>\n<div dir=\"auto\"><\/div>\n<p>&nbsp;<\/p>\n<\/div>\n<div class=\"cxmmr5t8 oygrvhab hcukyx3x c1et5uql o9v6fnle ii04i59q\" style=\"text-align: justify;\">\n<div dir=\"auto\">En 1974 opt\u00f3 por reaparecer musicalmente con una nueva casa discogr\u00e1fica, Emi-ode\u00f3n, empresa con la cual public\u00f3 un sencillo con las canciones &#8220;Todo el tiempo del mundo&#8221; y &#8220;Recuerdos junto al mar&#8221;, escrita por el d\u00fao Din\u00e1mico.<\/div>\n<p>&nbsp;<\/p>\n<div dir=\"auto\"><\/div>\n<\/div>\n<div class=\"cxmmr5t8 oygrvhab hcukyx3x c1et5uql o9v6fnle ii04i59q\" style=\"text-align: justify;\">\n<div dir=\"auto\">En pocas semanas &#8220;Todo el tiempo del mundo&#8221; se convirti\u00f3 en n\u00famero uno de las listas, y Manolo Otero pas\u00f3 a ser un cantante de \u00e9xito.<\/div>\n<p>&nbsp;<\/p>\n<div dir=\"auto\"><\/div>\n<\/div>\n<div class=\"cxmmr5t8 oygrvhab hcukyx3x c1et5uql o9v6fnle ii04i59q\" style=\"text-align: justify;\">\n<div dir=\"auto\">De su posterior disco, en 1976, destacaron los \u00e9xitos &#8220;Que he de hacer para olvidarte&#8221;, &#8220;Amor imposible&#8221;(sinton\u00eda de la radionovela &#8220;Lucecita&#8221; en la que intervino como destacado gal\u00e1n, haciendo el papel de Gustavo), &#8220;Viejo trovador, &#8220;Mim\u00ed&#8221;, entre otros tantos. Manolo tambi\u00e9n fue autor de algunos de sus temas como &#8220;Es bellisima&#8221;, o &#8220;sigo mi camino&#8221;, los cuales tambi\u00e9n resultaron bastante exitosos. Fue tal su fama, que en 1977 particip\u00f3 como artista invitado en el XVIII Festival Internacional de la Canci\u00f3n de Vi\u00f1a del Mar, siendo ampliamente aclamado por el p\u00fablico de la quinta de Vergara.<\/div>\n<p>&nbsp;<\/p>\n<div dir=\"auto\"><\/div>\n<\/div>\n<div class=\"cxmmr5t8 oygrvhab hcukyx3x c1et5uql o9v6fnle ii04i59q\" style=\"text-align: justify;\">\n<div dir=\"auto\">Finalizando la d\u00e9cada de los 70, estren\u00f3, en el Teatro Alcanzar de Madrid, la comedia musical &#8220;Sugar, sugar&#8221;, versi\u00f3n del \u00e9xito cinematogr\u00e1fico &#8220;Con faldas y a lo loco&#8221;. En este musical, Manolo Otero compart\u00eda reparto con el cantante mexicano Enrique Guzm\u00e1n.<\/div>\n<p>&nbsp;<\/p>\n<div dir=\"auto\"><\/div>\n<\/div>\n<div class=\"cxmmr5t8 oygrvhab hcukyx3x c1et5uql o9v6fnle ii04i59q\" style=\"text-align: justify;\">\n<div dir=\"auto\">En 1979 grab\u00f3 un nuevo album , &#8220;Para t\u00ed&#8221;, en el que se inclu\u00edan versiones de conocidos boleros y tangos, como &#8220;Acercate m\u00e1s&#8221;, &#8220;Yo vendo unos ojos negros&#8221;, &#8220;Volver&#8221;, &#8220;Melancol\u00eda&#8221;, entre otros.<\/div>\n<p>&nbsp;<\/p>\n<div dir=\"auto\"><\/div>\n<div dir=\"auto\">En 1980, estren\u00f3 la comedia musical &#8220;Lady Mariposa&#8221;, con Pastor Serrado y Yolanda Farr. Otro \u00e9xito de comedia musical, fue &#8220;Luna de miel en el Cairo&#8221;. Cinco a\u00f1os despu\u00e9s, colabor\u00f3 con su entonces ya exesposa Maria Jos\u00e9 Cantudo en el montaje hecho por Fernando Garc\u00eda de la Vega, de la revista &#8220;Do\u00f1a Mariquita de mi coraz\u00f3n&#8221;.<\/div>\n<p>&nbsp;<\/p>\n<div dir=\"auto\"><\/div>\n<\/div>\n<div class=\"cxmmr5t8 oygrvhab hcukyx3x c1et5uql o9v6fnle ii04i59q\" style=\"text-align: justify;\">\n<div dir=\"auto\">A mediados de los a\u00f1os 80, Manolo Otero, como otros muchos artistas, decidi\u00f3 abandonar definitivamente su vida en Espa\u00f1a, y se instal\u00f3 en tierras americanas, en Brasil. Los \u00fanicos viajes a Espa\u00f1a desde entonces, se debieron a exigencias familiares.<\/div>\n<p>&nbsp;<\/p>\n<div dir=\"auto\"><\/div>\n<\/div>\n<div class=\"cxmmr5t8 oygrvhab hcukyx3x c1et5uql o9v6fnle ii04i59q\" style=\"text-align: justify;\">\n<div dir=\"auto\">En 1986, el artista contrajo segundas nupcias con la colombiana Eddy Cano, pero actualmente estaba casado con la brasile\u00f1a Celeste Ferreira, con quien resid\u00eda en Sao Paulo, y la cual era tambi\u00e9n su actual manager.<\/div>\n<p>&nbsp;<\/p>\n<div dir=\"auto\"><\/div>\n<\/div>\n<div class=\"cxmmr5t8 oygrvhab hcukyx3x c1et5uql o9v6fnle ii04i59q\" style=\"text-align: justify;\">\n<div dir=\"auto\">En el a\u00f1o 2002, Manolo Otero sac\u00f3 al mercado un nuevo disco: &#8220;Mis canciones italianas&#8221;, donde versionaba en espa\u00f1ol grandes \u00e9xitos de la m\u00fasica de ese pa\u00eds.<\/div>\n<p>&nbsp;<\/p>\n<div dir=\"auto\"><\/div>\n<\/div>\n<div class=\"cxmmr5t8 oygrvhab hcukyx3x c1et5uql o9v6fnle ii04i59q\" style=\"text-align: justify;\">\n<div dir=\"auto\">El c\u00e1ncer hep\u00e1tico del cantante fue descubierto a inicios del 2011, poco tiempo despu\u00e9s de sufrir el fallecimiento de su madre. Dicho c\u00e1ncer se encontraba en un estado bastante avanzado. Falleci\u00f3 el 1 de junio de 2011, y sus restos fueron cremados.<\/div>\n<p>&nbsp;<\/p>\n<div dir=\"auto\"><\/div>\n<\/div>\n<div class=\"cxmmr5t8 oygrvhab hcukyx3x c1et5uql o9v6fnle ii04i59q\" style=\"text-align: justify;\">\n<div dir=\"auto\">Hasta el a\u00f1o 2010, Otero se manten\u00eda activo en el mundo de la m\u00fasica e incluso realiz\u00f3 importantes giras por pa\u00edses como Estados Unidos, Colombia, Venezuela y Bolivia.<\/div>\n<p>&nbsp;<\/p>\n<div dir=\"auto\"><\/div>\n<\/div>\n<div class=\"cxmmr5t8 oygrvhab hcukyx3x c1et5uql o9v6fnle ii04i59q\" style=\"text-align: justify;\">\n<div dir=\"auto\"><strong>Wikipedia in English<\/strong><\/div>\n<p>&nbsp;<\/p>\n<\/div>\n<div dir=\"auto\" style=\"text-align: justify;\">\n<p>&nbsp;<\/p>\n<p><strong>Date of Birth:<\/strong> Madrid, Spain, June 25, 1942<\/p>\n<p><strong>Date of Birth:<\/strong> Sao Paulo, Brazil, June 1, 2011<\/p>\n<\/div>\n<div class=\"cxmmr5t8 oygrvhab hcukyx3x c1et5uql o9v6fnle ii04i59q\" style=\"text-align: justify;\">\n<div dir=\"auto\"><strong>Biography<\/strong><\/div>\n<p>&nbsp;<\/p>\n<div dir=\"auto\"><\/div>\n<div dir=\"auto\">Manuel &#8220;Manolo&#8221; Otero Aparicio (Madrid, Spain, June 25, 1942 &#8211; Sao Paulo, Brazil, June 1, 2011). He was before an actor than a singer. He was the son of a baritone and a renowned music magazine actress. He graduated in Philosophy and Letters.<\/div>\n<p>&nbsp;<\/p>\n<div dir=\"auto\"><\/div>\n<\/div>\n<div class=\"cxmmr5t8 oygrvhab hcukyx3x c1et5uql o9v6fnle ii04i59q\" style=\"text-align: justify;\">\n<div dir=\"auto\">In 1963 he worked for a seven-month season in the TVE studios as an assistant to the director of theatrical spaces, Juan Guerrrero Zamora.<\/div>\n<p>&nbsp;<\/p>\n<div dir=\"auto\"><\/div>\n<\/div>\n<div class=\"cxmmr5t8 oygrvhab hcukyx3x c1et5uql o9v6fnle ii04i59q\" style=\"text-align: justify;\">\n<div dir=\"auto\">The profession of his parents was decisive for him to decide to try his luck as an actor. He was a young gallant in the company of Mary Carrillo, and he represented dramatic works such as &#8220;Los Tarantos&#8221;, &#8220;Mother courage&#8221; by Bertolt Brecht, &#8220;The prodigious shoemaker&#8221; by Garc\u00eda Lorca, &#8220;The arrival of the gods&#8221; by Buero Vallejo, &#8220;Don Juan or the love of geometry &#8220;, among others. During the 1960s, he traveled with the National Classical Theater Company.<\/div>\n<p>&nbsp;<\/p>\n<div dir=\"auto\"><\/div>\n<\/div>\n<div class=\"cxmmr5t8 oygrvhab hcukyx3x c1et5uql o9v6fnle ii04i59q\" style=\"text-align: justify;\">\n<div dir=\"auto\">At the time, his photogenicity, and his physical appearance with pleasant features, also led him to act in the cinema, where he participated in productions such as &#8220;Sim\u00f3n Bolivar&#8221;, &#8220;La araucana&#8221;, &#8220;The book of Good love&#8221;, or &#8220;tales of the white sheets. &#8221; The most memorable film in which he participated was &#8220;Skirt Trial&#8221;.<\/div>\n<div dir=\"auto\"><\/div>\n<p>&nbsp;<\/p>\n<div dir=\"auto\">Manolo Otero&#8217;s musical biography began the day his friend Miguel de los Santos convinced him to appear in a singers&#8217; contest: &#8220;The great occasion.&#8221; Manolo Otero also tried his luck at the Benidorm festival, the one in 1968, the one that Julio Iglesias won. Both traveled together to the city of Alicante.<\/div>\n<div dir=\"auto\"><\/div>\n<p>&nbsp;<\/p>\n<\/div>\n<div class=\"cxmmr5t8 oygrvhab hcukyx3x c1et5uql o9v6fnle ii04i59q\" style=\"text-align: justify;\">\n<div dir=\"auto\">Manolo Otero had a discreet participation in this festival although his voice and his figure did not go unnoticed.<\/div>\n<p>&nbsp;<\/p>\n<div dir=\"auto\"><\/div>\n<div dir=\"auto\">Manolo Otero&#8217;s first recordings are from 1968: &#8220;Nuestro pueblo&#8221;, &#8220;Laura&#8221;, &#8220;un beso y un adi\u00f3s&#8221;, &#8220;Where are you going&#8221;. Given the low impact of these songs, and as he was more in demand as a film and theater actor, Manolo Otero withdrew from music for a few years.<\/div>\n<p>&nbsp;<\/p>\n<div dir=\"auto\"><\/div>\n<\/div>\n<div class=\"cxmmr5t8 oygrvhab hcukyx3x c1et5uql o9v6fnle ii04i59q\" style=\"text-align: justify;\">\n<div dir=\"auto\">In 1973 he married the prominent actress and star Mar\u00eda Jos\u00e9 Cantudo, with whom he had a son named Manuel. However, the relationship lasted only five years, and they separated in 1978.<\/div>\n<div dir=\"auto\"><\/div>\n<p>&nbsp;<\/p>\n<\/div>\n<div class=\"cxmmr5t8 oygrvhab hcukyx3x c1et5uql o9v6fnle ii04i59q\" style=\"text-align: justify;\">\n<div dir=\"auto\">In 1974 he chose to reappear musically with a new record company, Emi-ode\u00f3n, a company with which he published a single with the songs &#8220;All the time in the world&#8221; and &#8220;Memories by the sea&#8221;, written by the dynamic duo.<\/div>\n<p>&nbsp;<\/p>\n<\/div>\n<div class=\"cxmmr5t8 oygrvhab hcukyx3x c1et5uql o9v6fnle ii04i59q\" style=\"text-align: justify;\">\n<div dir=\"auto\">In a few weeks &#8220;All the time in the world&#8221; became number one on the charts, and Manolo Otero became a successful singer.<\/div>\n<p>&nbsp;<\/p>\n<div dir=\"auto\"><\/div>\n<\/div>\n<div class=\"cxmmr5t8 oygrvhab hcukyx3x c1et5uql o9v6fnle ii04i59q\" style=\"text-align: justify;\">\n<div dir=\"auto\">From his later album, in 1976, the successes &#8220;Que I have to do to forget you&#8221;, &#8220;Love Impossible&#8221; (tune of the radio soap opera &#8220;Lucecita&#8221; in which he participated as a prominent gallant, playing the role of Gustavo), &#8220;Viejo trouvador , &#8220;Mimi&#8221;, among many others. Manolo was also the author of some of his songs such as &#8220;Es bellisima&#8221;, or &#8220;I follow my path&#8221;, which were also quite successful. His fame was such that in 1977 he participated as a guest artist in the XVIII International Festival of the Song of Vi\u00f1a del Mar, being widely acclaimed by the public of the quinta de Vergara.<\/div>\n<p>&nbsp;<\/p>\n<div dir=\"auto\"><\/div>\n<\/div>\n<div class=\"cxmmr5t8 oygrvhab hcukyx3x c1et5uql o9v6fnle ii04i59q\" style=\"text-align: justify;\">\n<div dir=\"auto\">At the end of the 70s, he premiered, at the Alcazar Theater in Madrid, the musical &#8220;Sugar, sugar&#8221;, a version of the successful film &#8220;Con faldas y a lo loco&#8221;. In this musical, Manolo Otero shared a cast with the Mexican singer Enrique Guzm\u00e1n.<\/div>\n<p>&nbsp;<\/p>\n<div dir=\"auto\"><\/div>\n<\/div>\n<div class=\"cxmmr5t8 oygrvhab hcukyx3x c1et5uql o9v6fnle ii04i59q\" style=\"text-align: justify;\">\n<div dir=\"auto\">In 1979 he recorded a new album, &#8220;Para t\u00ed&#8221;, which included versions of well-known boleros and tangos, such as &#8220;Aprote m\u00e1s&#8221;, &#8220;Yo vendo unas ojos negros&#8221;, &#8220;Volver&#8221;, &#8220;Melancol\u00eda&#8221;, among others.<\/div>\n<div dir=\"auto\"><\/div>\n<p>&nbsp;<\/p>\n<\/div>\n<div class=\"cxmmr5t8 oygrvhab hcukyx3x c1et5uql o9v6fnle ii04i59q\" style=\"text-align: justify;\">\n<div dir=\"auto\">In 1980, she released the musical comedy &#8220;Lady Mariposa&#8221;, with Pastor Serradoy and Yolanda Farr. Another hit musical comedy was &#8220;Honeymoon in Cairo.&#8221; Five years later, he collaborated with his then ex-wife Maria Jos\u00e9 Cantudo in the montage made by Fernando Garc\u00eda de la Vega of the magazine &#8220;Do\u00f1a Mariquita de mi coraz\u00f3n&#8221;.<\/div>\n<div dir=\"auto\"><\/div>\n<p>&nbsp;<\/p>\n<\/div>\n<div class=\"cxmmr5t8 oygrvhab hcukyx3x c1et5uql o9v6fnle ii04i59q\" style=\"text-align: justify;\">\n<div dir=\"auto\">In the mid-1980s, Manolo Otero, like many other artists, decided to abandon his life in Spain definitively, and settled on American soil, in Brazil. The only trips to Spain since then were due to family demands.<\/div>\n<p>&nbsp;<\/p>\n<div dir=\"auto\"><\/div>\n<div dir=\"auto\">In 1986, the artist remarried with Colombian Eddy Cano, but he was currently married to Brazilian Celeste Ferreira, with whom he lived in Sao Paulo, and who was also his current manager.<\/div>\n<div dir=\"auto\"><\/div>\n<p>&nbsp;<\/p>\n<\/div>\n<div class=\"cxmmr5t8 oygrvhab hcukyx3x c1et5uql o9v6fnle ii04i59q\" style=\"text-align: justify;\">\n<div dir=\"auto\">In 2002, Manolo Otero released a new album: &#8220;My Italian songs&#8221;, where he made a Spanish version of great hits of the music of that country.<\/div>\n<p>&nbsp;<\/p>\n<div dir=\"auto\"><\/div>\n<\/div>\n<div class=\"cxmmr5t8 oygrvhab hcukyx3x c1et5uql o9v6fnle ii04i59q\" style=\"text-align: justify;\">\n<div dir=\"auto\">The singer&#8217;s liver cancer was discovered in early 2011, shortly after suffering the death of his mother. This cancer was in a fairly advanced state. He passed away on June 1, 2011, and his remains were cremated.<\/div>\n<p>&nbsp;<\/p>\n<div dir=\"auto\"><\/div>\n<\/div>\n<div class=\"cxmmr5t8 oygrvhab hcukyx3x c1et5uql o9v6fnle ii04i59q\" style=\"text-align: justify;\">\n<div dir=\"auto\">Until 2010, Otero was active in the world of music and even made important tours of countries such as the United States, Colombia, Venezuela and Bolivia.<\/div>\n<p>&nbsp;<\/p>\n<\/div>\n<div dir=\"auto\" style=\"text-align: justify;\"><\/div>\n<div dir=\"auto\" style=\"text-align: justify;\"><strong>Discografia<\/strong><\/div>\n<p>&nbsp;<\/p>\n<div dir=\"auto\"><\/div>\n<div dir=\"auto\" style=\"text-align: justify;\">\n<table width=\"840\">\n<tbody>\n<tr>\n<td style=\"text-align: center;\" width=\"248\"><strong>Genero Balada<\/strong><\/td>\n<td style=\"text-align: center;\" width=\"423\"><strong>Escuchar tema<\/strong><\/td>\n<td style=\"text-align: center;\" width=\"169\"><strong>A\u00f1o<\/strong><\/td>\n<\/tr>\n<tr>\n<td style=\"text-align: center;\"><\/td>\n<td style=\"text-align: center;\"><strong>Manolo Otero<\/strong><\/td>\n<td style=\"text-align: center;\"><strong>1975<\/strong><\/td>\n<\/tr>\n<tr>\n<td>1<\/td>\n<td>\u00bfQu\u00e9 He De Hacer Para Olvidarte?<\/td>\n<td><\/td>\n<\/tr>\n<tr>\n<td>2<\/td>\n<td>Con Toda El Alma<\/td>\n<td><\/td>\n<\/tr>\n<tr>\n<td>3<\/td>\n<td>Quisiera O\u00edr Tu Voz En Esta Noche<\/td>\n<td><\/td>\n<\/tr>\n<tr>\n<td>4<\/td>\n<td>Recuerdos Junto Al Mar<\/td>\n<td><\/td>\n<\/tr>\n<tr>\n<td>5<\/td>\n<td>\u00bfQu\u00e9 Cosa Es El Amor?<\/td>\n<td><\/td>\n<\/tr>\n<tr>\n<td>6<\/td>\n<td>Todo El Tiempo Del Mundo<\/td>\n<td><\/td>\n<\/tr>\n<tr>\n<td>7<\/td>\n<td>Amor Imposible<\/td>\n<td><\/td>\n<\/tr>\n<tr>\n<td>8<\/td>\n<td>Canto A Los Ojos Negros De Una Mujer Espa\u00f1ola<\/td>\n<td><\/td>\n<\/tr>\n<tr>\n<td>9<\/td>\n<td>Quisiera Ser Tu Sombra<\/td>\n<td><\/td>\n<\/tr>\n<tr>\n<td>10<\/td>\n<td>Viejo Trovador<\/td>\n<td><\/td>\n<\/tr>\n<tr>\n<td><\/td>\n<td><\/td>\n<td><\/td>\n<\/tr>\n<tr>\n<td style=\"text-align: center;\"><\/td>\n<td style=\"text-align: center;\"><strong>Bella Mujer\u00a0<\/strong><\/td>\n<td style=\"text-align: center;\"><strong>1976<\/strong><\/td>\n<\/tr>\n<tr>\n<td>1<\/td>\n<td>Bella Mujer<\/td>\n<td><\/td>\n<\/tr>\n<tr>\n<td>2<\/td>\n<td>Tu, Simplemente Tu<\/td>\n<td><\/td>\n<\/tr>\n<tr>\n<td>3<\/td>\n<td>Te He Querido Tanto<\/td>\n<td><\/td>\n<\/tr>\n<tr>\n<td>4<\/td>\n<td>Cuando Suenen Las Campanas<\/td>\n<td><\/td>\n<\/tr>\n<tr>\n<td>5<\/td>\n<td>Has Perdido El Sentido Del Amor<\/td>\n<td><\/td>\n<\/tr>\n<tr>\n<td>6<\/td>\n<td>No Volver\u00e9 A Pasar Por All\u00ed<\/td>\n<td><\/td>\n<\/tr>\n<tr>\n<td>7<\/td>\n<td>Cancion Del Buen Amor<\/td>\n<td><\/td>\n<\/tr>\n<tr>\n<td>8<\/td>\n<td>Carita De Pena<\/td>\n<td><\/td>\n<\/tr>\n<tr>\n<td>9<\/td>\n<td>Aun<\/td>\n<td><\/td>\n<\/tr>\n<tr>\n<td>10<\/td>\n<td>Mimi<\/td>\n<td><\/td>\n<\/tr>\n<tr>\n<td><\/td>\n<td><\/td>\n<td><\/td>\n<\/tr>\n<tr>\n<td style=\"text-align: center;\"><\/td>\n<td style=\"text-align: center;\"><strong>Nocturno\u00a0<\/strong><\/td>\n<td style=\"text-align: center;\"><strong>1977<\/strong><\/td>\n<\/tr>\n<tr>\n<td>1<\/td>\n<td>Sin Ti (Inspirado En El Nocturno El Mi Bemol De Chopin)<\/td>\n<td><\/td>\n<\/tr>\n<tr>\n<td>2<\/td>\n<td>Es Bell\u00edsima<\/td>\n<td><\/td>\n<\/tr>\n<tr>\n<td>3<\/td>\n<td>El Amor Fue Bueno Conmigo<\/td>\n<td><\/td>\n<\/tr>\n<tr>\n<td>4<\/td>\n<td>Soy Un Extra\u00f1o<\/td>\n<td><\/td>\n<\/tr>\n<tr>\n<td>5<\/td>\n<td>Sigo Mi Camino<\/td>\n<td><\/td>\n<\/tr>\n<tr>\n<td>6<\/td>\n<td>Te Hiciste Querer Tanto<\/td>\n<td><\/td>\n<\/tr>\n<tr>\n<td>7<\/td>\n<td>Maria No Mas<\/td>\n<td><\/td>\n<\/tr>\n<tr>\n<td>8<\/td>\n<td>Fue Porque Llov\u00eda<\/td>\n<td><\/td>\n<\/tr>\n<tr>\n<td>9<\/td>\n<td>Podr\u00edamos Volver<\/td>\n<td><\/td>\n<\/tr>\n<tr>\n<td>10<\/td>\n<td>Y Serias Capaz<\/td>\n<td><\/td>\n<\/tr>\n<tr>\n<td><\/td>\n<td><\/td>\n<td><\/td>\n<\/tr>\n<\/tbody>\n<\/table>\n<p>Creditos tomados de Wikipedia<\/p>\n<\/div>\n<div dir=\"auto\" style=\"text-align: justify;\"><a href=\"https:\/\/es.wikipedia.org\/wiki\/Manolo_Otero\">https:\/\/es.wikipedia.org\/wiki\/Manolo_Otero<\/a><\/div>\n<div dir=\"auto\" style=\"text-align: justify;\"><\/div>\n","protected":false},"excerpt":{"rendered":"<p>Fecha de Nacimiento: Madrid, Espa\u00f1a, 25 de junio de 1942 &nbsp; Fecha de Nacimiento: Sao Paulo, Brasil, 1 de junio de 2011 &nbsp; Biograf\u00eda &nbsp; Manuel &#8220;Manolo&#8221; Otero Aparicio. Fue antes actor que cantante. Era hijo de un bar\u00edtono y de una renombrada actriz de revista musical. Se licenci\u00f3 en Filosof\u00eda y Letras. &nbsp; En &hellip;<\/p>\n","protected":false},"author":1,"featured_media":0,"parent":0,"menu_order":0,"comment_status":"closed","ping_status":"closed","template":"","meta":{"footnotes":""},"class_list":["post-28510","page","type-page","status-publish",""],"jetpack_sharing_enabled":true,"_links":{"self":[{"href":"http:\/\/mickyandoniehn.com\/radio\/wp-json\/wp\/v2\/pages\/28510","targetHints":{"allow":["GET"]}}],"collection":[{"href":"http:\/\/mickyandoniehn.com\/radio\/wp-json\/wp\/v2\/pages"}],"about":[{"href":"http:\/\/mickyandoniehn.com\/radio\/wp-json\/wp\/v2\/types\/page"}],"author":[{"embeddable":true,"href":"http:\/\/mickyandoniehn.com\/radio\/wp-json\/wp\/v2\/users\/1"}],"replies":[{"embeddable":true,"href":"http:\/\/mickyandoniehn.com\/radio\/wp-json\/wp\/v2\/comments?post=28510"}],"version-history":[{"count":3,"href":"http:\/\/mickyandoniehn.com\/radio\/wp-json\/wp\/v2\/pages\/28510\/revisions"}],"predecessor-version":[{"id":30388,"href":"http:\/\/mickyandoniehn.com\/radio\/wp-json\/wp\/v2\/pages\/28510\/revisions\/30388"}],"wp:attachment":[{"href":"http:\/\/mickyandoniehn.com\/radio\/wp-json\/wp\/v2\/media?parent=28510"}],"curies":[{"name":"wp","href":"https:\/\/api.w.org\/{rel}","templated":true}]}}