{"id":28498,"date":"2022-08-26T09:59:48","date_gmt":"2022-08-26T15:59:48","guid":{"rendered":"https:\/\/mickyandoniehn.com\/radio\/?page_id=28498"},"modified":"2022-09-01T11:32:08","modified_gmt":"2022-09-01T17:32:08","slug":"maria-rosa-marco-poquet","status":"publish","type":"page","link":"http:\/\/mickyandoniehn.com\/radio\/maria-rosa-marco-poquet\/","title":{"rendered":"Mar\u00eda Rosa Marco Poquet"},"content":{"rendered":"<p style=\"text-align: justify;\"><img loading=\"lazy\" decoding=\"async\" class=\" wp-image-25634 aligncenter\" src=\"http:\/\/mickyandoniehn.com\/radio\/wp-content\/uploads\/2022\/08\/Maria-Rosa-Marco-Poquet-298x300.png\" alt=\"\" width=\"747\" height=\"752\" srcset=\"http:\/\/mickyandoniehn.com\/radio\/wp-content\/uploads\/2022\/08\/Maria-Rosa-Marco-Poquet-298x300.png 298w, http:\/\/mickyandoniehn.com\/radio\/wp-content\/uploads\/2022\/08\/Maria-Rosa-Marco-Poquet-150x150.png 150w, http:\/\/mickyandoniehn.com\/radio\/wp-content\/uploads\/2022\/08\/Maria-Rosa-Marco-Poquet.png 374w\" sizes=\"auto, (max-width: 747px) 100vw, 747px\" \/><\/p>\n<p>&nbsp;<\/p>\n<p style=\"text-align: justify;\"><strong>Fecha de Nacimiento:<\/strong> Barcelona, 21 de junio de 1939<\/p>\n<p>&nbsp;<\/p>\n<div class=\"cxmmr5t8 oygrvhab hcukyx3x c1et5uql o9v6fnle\" style=\"text-align: justify;\">\n<div dir=\"auto\"><strong>Biograf\u00eda<\/strong><\/div>\n<p>&nbsp;<\/p>\n<div dir=\"auto\"><\/div>\n<div dir=\"auto\">Mar\u00eda Rosa Marco Poquet, conocida art\u00edsticamente como Salom\u00e9, es una cantante espa\u00f1ola. Fue una de las cuatro ganadoras del Festival de Eurovisi\u00f3n 1969, con la canci\u00f3n Vivo cantando.<\/div>\n<p>&nbsp;<\/p>\n<\/div>\n<div class=\"cxmmr5t8 oygrvhab hcukyx3x c1et5uql o9v6fnle\" style=\"text-align: justify;\">\n<div dir=\"auto\">Comenz\u00f3 su carrera en Radio Barcelona despu\u00e9s de abandonar los estudios de Medicina. Desde entonces ha continuado su carrera musical compagin\u00e1ndola con su faceta como presentadora de televisi\u00f3n. Antes de dedicarse a la canci\u00f3n permaneci\u00f3 durante 8 a\u00f1os en el ballet de Marqu\u00e9s de Cuevas.<\/div>\n<p>&nbsp;<\/p>\n<div dir=\"auto\"><\/div>\n<\/div>\n<div class=\"cxmmr5t8 oygrvhab hcukyx3x c1et5uql o9v6fnle\" style=\"text-align: justify;\">\n<div dir=\"auto\">A partir de 1962 empez\u00f3 a grabar singles para sellos discogr\u00e1ficos como Iberof\u00f3n, Zafiro, Edigsa o Belter, pero sus primeros LP no aparecer\u00edan hasta 1968. Se present\u00f3 al Festival de la Canci\u00f3n Mediterr\u00e1nea de 1962 con el tema La muralla de Berl\u00edn y al de 1963 con Se&#8217;n va anar, en catal\u00e1n, obteniendo el primer puesto. Actu\u00f3 tambi\u00e9n en el Festival de Valencia; el Gran Festival de Madrid 1963; el Festival Internacional de la Canci\u00f3n de Mallorca 1964 y el Festival Hispano-portugu\u00e9s de la canci\u00f3n del Duero en 1965, donde obtuvo el premio de interpretaci\u00f3n. En 1965 regres\u00f3 al Festival de la Canci\u00f3n Mediterr\u00e1nea con la canci\u00f3n Extranjera pero no pas\u00f3 de semifinales; en 1967, en el mismo festival, quedar\u00eda en 2\u00ba puesto con el tema Com el vent. Durante esos a\u00f1os lleg\u00f3 a ser tambi\u00e9n la telonera de Frank Sinatra.<\/div>\n<p>&nbsp;<\/p>\n<div dir=\"auto\"><\/div>\n<div dir=\"auto\">En 1968 tom\u00f3 parte en varios festivales internacionales extranjeros, como el III Festival Internacional da Can\u00e7\u00e3o de R\u00edo de Janeiro con el tema La feria; el VIII Festival Internacional de la Canci\u00f3n de Sopot (Polonia) con Una mica de m\u00fasica con el que gan\u00f3 el gran premio de la cr\u00edtica; el IV Festival de la canci\u00f3n pop Golden Clef, celebrado en Karlovy Vary (Checoslovaquia), donde qued\u00f3 tercera con Pase lo que pase; etc. Se pens\u00f3 en ella para sustituir a Joan Manuel Serrat en el Festival de Eurovisi\u00f3n 1968, pero fue vetada. Ese mismo a\u00f1o fue galardonada con el premio &#8220;Ol\u00e9 de la canci\u00f3n&#8221;.<\/div>\n<p>&nbsp;<\/p>\n<div dir=\"auto\"><\/div>\n<div dir=\"auto\">Durante esos a\u00f1os grab\u00f3 numerosos temas en catal\u00e1n y castellano, entre los m\u00e1s conocidos Quinientas millas, L&#8217;arbre, B\u00e9same mucho, Com el vent, L&#8217;emigrant, Puedo morir ma\u00f1ana, Isla del amor o Esperar\u00e9.<\/div>\n<p>&nbsp;<\/p>\n<div dir=\"auto\"><\/div>\n<div dir=\"auto\">Gan\u00f3 representando a Espa\u00f1a el Festival de Eurovisi\u00f3n de 1969 con la canci\u00f3n Vivo cantando, compuesta por Mar\u00eda Jos\u00e9 de Ceratto, con letra de Aniano Alcalde. Comparti\u00f3 el primer premio con Lulu (Reino Unido), Frida Boccara (Francia) y Lenny Kuhr (Pa\u00edses Bajos), un caso \u00fanico en la historia del certamen. Recibi\u00f3 el galard\u00f3n en Madrid de manos de la tambi\u00e9n espa\u00f1ola Massiel, ganadora del a\u00f1o anterior.<\/div>\n<p>&nbsp;<\/p>\n<div dir=\"auto\"><\/div>\n<div dir=\"auto\">Su vestido en la puesta en escena, dise\u00f1ado por Manuel Pertegaz para la ocasi\u00f3n, pesaba 14 kilos y era un bordado a m\u00e1quina realizado con canutillos de porcelana de color azul turquesa. A esto hay que sumarle los tres collares que port\u00f3 que entre los tres sumaban 3 kilos. Nancy Sinatra utiliz\u00f3 un vestido de id\u00e9ntica estructura, m\u00e1s ligero, en una actuaci\u00f3n conjunta con su progenitor Frank Sinatra (7 de diciembre de 1966). Salom\u00e9 grab\u00f3 Vivo cantando en 8 idiomas diferentes (espa\u00f1ol, catal\u00e1n, euskera, franc\u00e9s, alem\u00e1n, italiano, ingl\u00e9s, y serbocroata).<\/div>\n<p>&nbsp;<\/p>\n<div dir=\"auto\"><\/div>\n<div dir=\"auto\">Pocos d\u00edas despu\u00e9s de su victoria en el festival recibi\u00f3 la medalla del C\u00edrculo Catal\u00e1n y el Garbanzo de Plata.<\/div>\n<p>&nbsp;<\/p>\n<div dir=\"auto\"><\/div>\n<div dir=\"auto\">Estuvo nominada varias veces para recibir el premio Lim\u00f3n de los llamados &#8220;Premios Naranja y Lim\u00f3n&#8221;.<\/div>\n<p>&nbsp;<\/p>\n<div dir=\"auto\"><\/div>\n<div dir=\"auto\">Fue invitada para cantar su famosa canci\u00f3n en la final nacional de Espa\u00f1a de 1970 en la que result\u00f3 ganador Julio Iglesias.<\/div>\n<p>&nbsp;<\/p>\n<div dir=\"auto\"><\/div>\n<div dir=\"auto\">Su discograf\u00eda de los a\u00f1os 70 y 80 estuvo marcada por la interpretaci\u00f3n de boleros, temas cl\u00e1sicos y folkl\u00f3ricos, tanto en castellano como en catal\u00e1n. En 1971 se convirti\u00f3 en la primera mujer que grababa un disco de sardanas.<\/div>\n<p>&nbsp;<\/p>\n<div dir=\"auto\"><\/div>\n<div dir=\"auto\">A mediados de los a\u00f1os 90 se reconvirti\u00f3 en presentadora de Canal 9, la cadena auton\u00f3mica valenciana, donde condujo el concurso Amor a primera vista y a partir de 2001 el programa matinal En compa\u00f1\u00eda de Salom\u00e9.<\/div>\n<div dir=\"auto\"><\/div>\n<p>&nbsp;<\/p>\n<div dir=\"auto\">Fue invitada junto a otros representantes de Eurovisi\u00f3n y el Festival de la OTI en el 40 aniversario de RTVE en el programa Brindaremos por los 40.<\/div>\n<p>&nbsp;<\/p>\n<div dir=\"auto\"><\/div>\n<div dir=\"auto\">Present\u00f3 en RTVE el programa Tal como \u00e9ramos en 1998.<\/div>\n<div dir=\"auto\"><\/div>\n<p>&nbsp;<\/p>\n<div dir=\"auto\">Simult\u00e1neamente hizo apariciones espor\u00e1dicas en televisi\u00f3n hablando de asuntos relacionados con su paso por Eurovisi\u00f3n o la m\u00fasica de los 60. Fue jurado en los festivales de Eurovisi\u00f3n 1991, OTI Internacional 1992 y 1993 y Benidorm 2006, adem\u00e1s de asistir como tal en la final nacional de Eurovisi\u00f3n 2004 o como invitada en el debate de la final de Eurovisi\u00f3n 2006 entre otros.<\/div>\n<p>&nbsp;<\/p>\n<div dir=\"auto\"><\/div>\n<div dir=\"auto\">En mayo de 2009 Salom\u00e9 interpret\u00f3 en el programa Los mejores a\u00f1os de nuestra vida canci\u00f3n a canci\u00f3n su famoso tema de Eurovisi\u00f3n.<\/div>\n<p>&nbsp;<\/p>\n<div dir=\"auto\"><\/div>\n<div dir=\"auto\">Fue imitada en el programa Tu cara me suena en 2013 por el cantante Francisco donde acudi\u00f3 como invitada.<\/div>\n<div dir=\"auto\"><\/div>\n<div dir=\"auto\">En 2019 recibe las Manos de Oro del Centro de Iniciativas Tur\u00edsticas de Teruel con motivo del 50 aniversario de su victoria en el festival.<\/div>\n<p>&nbsp;<\/p>\n<div dir=\"auto\"><\/div>\n<\/div>\n<div class=\"cxmmr5t8 oygrvhab hcukyx3x c1et5uql o9v6fnle\" style=\"text-align: justify;\">\n<div dir=\"auto\"><strong>Wikipedia in English<\/strong><\/div>\n<p>&nbsp;<\/p>\n<\/div>\n<div dir=\"auto\" style=\"text-align: justify;\"><\/div>\n<div dir=\"auto\" style=\"text-align: justify;\"><strong>Date of Birth:<\/strong> Barcelona, \u200b\u200bJune 21, 1939<\/div>\n<p>&nbsp;<\/p>\n<div class=\"cxmmr5t8 oygrvhab hcukyx3x c1et5uql o9v6fnle\" style=\"text-align: justify;\">\n<div dir=\"auto\"><\/div>\n<div dir=\"auto\"><strong>Biography<\/strong><\/div>\n<p>&nbsp;<\/p>\n<div dir=\"auto\"><\/div>\n<div dir=\"auto\">Mar\u00eda Rosa Marco Poquet (Barcelona, June 21, 1939), artistically known as Salom\u00e9, is a Spanish singer. She was one of the four winners of the 1969 Eurovision Song Contest, with the song Vivo singing.<\/div>\n<div dir=\"auto\"><\/div>\n<p>&nbsp;<\/p>\n<div dir=\"auto\">He began his career at Radio Barcelona after dropping out of Medicine studies. Since then she has continued her musical career combining it with her role as a television presenter. Before dedicating himself to song, he stayed for 8 years in the Marqu\u00e9s de Cuevas ballet.<\/div>\n<p>&nbsp;<\/p>\n<div dir=\"auto\"><\/div>\n<div dir=\"auto\">From 1962 he began to record singles for record labels such as Iberof\u00f3n, Zafiro, Edigsa or Belter, but his first LPs would not appear until 1968. He appeared at the Mediterranean Song Festival in 1962 with the theme La muralla de Berl\u00edn and the one in 1963 with Se&#8217;n va anar, in Catalan, obtaining first place. He also performed at the Valencia Festival; the Great Madrid Festival 1963; the 1964 Mallorca International Song Festival and the Spanish-Portuguese Festival of the Duero Song in 1965, where he won the performance award. In 1965 he returned to the Mediterranean Song Festival with the Foreign song but did not pass the semifinals; in 1967, at the same festival, he would be in 2nd place with the song Com el vent. During those years she also became the opening act for Frank Sinatra.<\/div>\n<p>&nbsp;<\/p>\n<div dir=\"auto\"><\/div>\n<div dir=\"auto\">In 1968 he took part in several foreign international festivals, such as the III Festival Internacional da Can\u00e7\u00e3o de Rio de Janeiro with the theme The fair; the VIII International Song Festival of Sopot (Poland) with A music mica with which he won the great critics prize; the IV Golden Clef Pop Song Festival, held in Karlovy Vary (Czechoslovakia), where it came third with Whatever happens; etc. It was thought of her to replace Joan Manuel Serrat at the 1968 Eurovision Song Contest, but was vetoed. That same year she was awarded the &#8220;Ol\u00e9 de la canciones&#8221; award.<\/div>\n<p>&nbsp;<\/p>\n<div dir=\"auto\"><\/div>\n<\/div>\n<div class=\"cxmmr5t8 oygrvhab hcukyx3x c1et5uql o9v6fnle\" style=\"text-align: justify;\">\n<div dir=\"auto\">During those years he recorded numerous songs in Catalan and Spanish, among the best known Five hundred miles, L&#8217;arbre, B\u00e9same mucho, Com el vent, L&#8217;emigrant, I can die tomorrow, Isla del amor or Esperar\u00e9.<\/div>\n<div dir=\"auto\"><\/div>\n<p>&nbsp;<\/p>\n<\/div>\n<div class=\"cxmmr5t8 oygrvhab hcukyx3x c1et5uql o9v6fnle\" style=\"text-align: justify;\">\n<div dir=\"auto\">He won the 1969 Eurovision Song Contest representing Spain with the song Vivo cantando, composed by Mar\u00eda Jos\u00e9 de Ceratto, with lyrics by Aniano Alcalde. He shared the first prize with Lulu (United Kingdom), Frida Boccara (France) and Lenny Kuhr (Netherlands), a unique case in the history of the contest. He received the award in Madrid from the also Spanish Massiel, winner of the previous year.<\/div>\n<p>&nbsp;<\/p>\n<div dir=\"auto\"><\/div>\n<\/div>\n<div class=\"cxmmr5t8 oygrvhab hcukyx3x c1et5uql o9v6fnle\" style=\"text-align: justify;\">\n<div dir=\"auto\">Her dress in the staging, designed by Manuel Pertegaz for the occasion, weighed 14 kilos and was a machine embroidery made with turquoise blue porcelain beads. To this must be added the three necklaces that he wore, which between the three amounted to 3 kilos. Nancy Sinatra wore an identically structured, lighter dress in a joint performance with her father Frank Sinatra (December 7, 1966). Salom\u00e9 recorded Vivo singing in 8 different languages (Spanish, Catalan, Basque, French, German, Italian, English, and Serbo-Croatian).<\/div>\n<p>&nbsp;<\/p>\n<div dir=\"auto\"><\/div>\n<\/div>\n<div class=\"cxmmr5t8 oygrvhab hcukyx3x c1et5uql o9v6fnle\" style=\"text-align: justify;\">\n<div dir=\"auto\">A few days after his victory at the festival, he received the Catalan Circle medal and the Silver Chickpea.<\/div>\n<div dir=\"auto\"><\/div>\n<\/div>\n<div class=\"cxmmr5t8 oygrvhab hcukyx3x c1et5uql o9v6fnle\" style=\"text-align: justify;\">\n<div dir=\"auto\">She was nominated several times to receive the Lim\u00f3n award from the so-called &#8220;Orange and Lemon Awards&#8221;.<\/div>\n<p>&nbsp;<\/p>\n<div dir=\"auto\"><\/div>\n<\/div>\n<div class=\"cxmmr5t8 oygrvhab hcukyx3x c1et5uql o9v6fnle\" style=\"text-align: justify;\">\n<div dir=\"auto\">She was invited to sing her famous song in the 1970 Spanish national final in which Julio Iglesias was the winner.<\/div>\n<p>&nbsp;<\/p>\n<div dir=\"auto\"><\/div>\n<\/div>\n<div class=\"cxmmr5t8 oygrvhab hcukyx3x c1et5uql o9v6fnle\" style=\"text-align: justify;\">\n<div dir=\"auto\">His discography of the 70s and 80s was marked by the interpretation of boleros, classical and folkloric themes, both in Spanish and Catalan. In 1971 she became the first woman to record an album of sardanas.<\/div>\n<p>&nbsp;<\/p>\n<div dir=\"auto\"><\/div>\n<\/div>\n<div class=\"cxmmr5t8 oygrvhab hcukyx3x c1et5uql o9v6fnle\" style=\"text-align: justify;\">\n<div dir=\"auto\">In the mid-90s, she became the presenter of Channel 9, the Valencian regional network, where she hosted the Amor a primera vista contest and, as of 2001, the morning program En Compa\u00f1\u00eda de Salom\u00e9.<\/div>\n<div dir=\"auto\"><\/div>\n<p>&nbsp;<\/p>\n<\/div>\n<div class=\"cxmmr5t8 oygrvhab hcukyx3x c1et5uql o9v6fnle\" style=\"text-align: justify;\">\n<div dir=\"auto\">She was invited along with other representatives of Eurovision and the OTI Festival on the 40th anniversary of RTVE in the program Brindaremos por los 40.<\/div>\n<div dir=\"auto\"><\/div>\n<p>&nbsp;<\/p>\n<\/div>\n<div class=\"cxmmr5t8 oygrvhab hcukyx3x c1et5uql o9v6fnle\" style=\"text-align: justify;\">\n<div dir=\"auto\">He presented the program As We Were in 1998 on RTVE.<\/div>\n<p>&nbsp;<\/p>\n<div dir=\"auto\"><\/div>\n<\/div>\n<div class=\"cxmmr5t8 oygrvhab hcukyx3x c1et5uql o9v6fnle\" style=\"text-align: justify;\">\n<div dir=\"auto\">Simultaneously, he made sporadically appearances on television talking about matters related to his time at Eurovision or the music of the 60s. He was a jury at the 1991 Eurovision, OTI International 1992 and 1993 and Benidorm 2006 festivals, as well as attending the national final of Eurovision 2004 or as a guest in the debate of the final of Eurovision 2006 among others.<\/div>\n<p>&nbsp;<\/p>\n<div dir=\"auto\"><\/div>\n<\/div>\n<div class=\"cxmmr5t8 oygrvhab hcukyx3x c1et5uql o9v6fnle\" style=\"text-align: justify;\">\n<div dir=\"auto\">In May 2009, Salom\u00e9 performed her famous Eurovision song song by song on the program The best years of our life.<\/div>\n<p>&nbsp;<\/p>\n<div dir=\"auto\"><\/div>\n<\/div>\n<div class=\"cxmmr5t8 oygrvhab hcukyx3x c1et5uql o9v6fnle\" style=\"text-align: justify;\">\n<div dir=\"auto\">She was imitated in the program Tu cara me suena in 2013 by the singer Francisco where she attended as a guest.<\/div>\n<p>&nbsp;<\/p>\n<div dir=\"auto\"><\/div>\n<\/div>\n<div class=\"cxmmr5t8 oygrvhab hcukyx3x c1et5uql o9v6fnle\" style=\"text-align: justify;\">\n<div dir=\"auto\">In 2019 he received the Golden Hands from the Center for Tourism Initiatives of Teruel on the occasion of the 50th anniversary of his victory at the festival.<\/div>\n<p>&nbsp;<\/p>\n<div dir=\"auto\"><\/div>\n<\/div>\n<div class=\"cxmmr5t8 oygrvhab hcukyx3x c1et5uql o9v6fnle\" style=\"text-align: justify;\">\n<div dir=\"auto\"><strong>Discography:<\/strong><\/div>\n<p>&nbsp;<\/p>\n<div dir=\"auto\"><\/div>\n<div dir=\"auto\">\n<table width=\"671\">\n<tbody>\n<tr>\n<td style=\"text-align: center;\" width=\"248\"><strong>G\u00e9nero Latin, Pop, Classical, Folk, World, &amp; Country, Jazz<\/strong><\/td>\n<td style=\"text-align: center;\" width=\"423\"><strong>Escuchar Tema<\/strong><\/td>\n<\/tr>\n<tr>\n<td>1<\/td>\n<td>Com El Vent<\/td>\n<\/tr>\n<tr>\n<td>2<\/td>\n<td>L&#8217;emigrant<\/td>\n<\/tr>\n<tr>\n<td>3<\/td>\n<td>Les Teves Mans<\/td>\n<\/tr>\n<tr>\n<td>4<\/td>\n<td>Sense Plor<\/td>\n<\/tr>\n<tr>\n<td>5<\/td>\n<td>L&#8217;arbre<\/td>\n<\/tr>\n<tr>\n<td>6<\/td>\n<td>El Sendrer<\/td>\n<\/tr>\n<tr>\n<td>7<\/td>\n<td>Aranjuez Pensant En Tu<\/td>\n<\/tr>\n<tr>\n<td>8<\/td>\n<td>Si Un Dia Soc Terra<\/td>\n<\/tr>\n<tr>\n<td>9<\/td>\n<td>Se&#8217;n Va Anar<\/td>\n<\/tr>\n<tr>\n<td>10<\/td>\n<td>Si Vols<\/td>\n<\/tr>\n<tr>\n<td>11<\/td>\n<td>T&#8217;estim I T&#8217;estimare<\/td>\n<\/tr>\n<tr>\n<td>12<\/td>\n<td>Soc Molt Poca Cosa<\/td>\n<\/tr>\n<tr>\n<td>13<\/td>\n<td>Vivo Cantando<\/td>\n<\/tr>\n<tr>\n<td>14<\/td>\n<td>Amigos, Amigos<\/td>\n<\/tr>\n<tr>\n<td>15<\/td>\n<td>Abr\u00e1zame Otra Vez<\/td>\n<\/tr>\n<tr>\n<td>16<\/td>\n<td>Cuando Quieras T\u00fa<\/td>\n<\/tr>\n<tr>\n<td>17<\/td>\n<td>Puedo Morir Ma\u00f1ana<\/td>\n<\/tr>\n<tr>\n<td>18<\/td>\n<td>Soy Muy Poca Cosa<\/td>\n<\/tr>\n<tr>\n<td>19<\/td>\n<td>Cuando Estoy Contigo<\/td>\n<\/tr>\n<tr>\n<td>20<\/td>\n<td>Adoro<\/td>\n<\/tr>\n<tr>\n<td>21<\/td>\n<td>Esperar\u00e9<\/td>\n<\/tr>\n<tr>\n<td>22<\/td>\n<td>Si T\u00fa Quieres<\/td>\n<\/tr>\n<tr>\n<td>23<\/td>\n<td>Tus Manos<\/td>\n<\/tr>\n<tr>\n<td>24<\/td>\n<td>Palabras<\/td>\n<\/tr>\n<tr>\n<td>25<\/td>\n<td>La Santa Espina<\/td>\n<\/tr>\n<tr>\n<td>26<\/td>\n<td>Mar\u00eda De Les Trenes<\/td>\n<\/tr>\n<tr>\n<td>27<\/td>\n<td>Llevantina<\/td>\n<\/tr>\n<tr>\n<td>28<\/td>\n<td>La Sardana De Les Monges<\/td>\n<\/tr>\n<tr>\n<td>29<\/td>\n<td>El Cavaller Enamorat<\/td>\n<\/tr>\n<tr>\n<td>30<\/td>\n<td>Tot Dansant<\/td>\n<\/tr>\n<tr>\n<td>31<\/td>\n<td>L&#8217;Empord\u00e0<\/td>\n<\/tr>\n<tr>\n<td>32<\/td>\n<td>A La Pla\u00e7a Hi Han Sardanes<\/td>\n<\/tr>\n<tr>\n<td>33<\/td>\n<td>Can\u00e7\u00f3 D&#8217;Amor I De Guerra<\/td>\n<\/tr>\n<tr>\n<td>34<\/td>\n<td>Marinada<\/td>\n<\/tr>\n<tr>\n<td>35<\/td>\n<td>El Saltir\u00f3 De La Cardina<\/td>\n<\/tr>\n<tr>\n<td>36<\/td>\n<td>Lluna D&#8217;Amor<\/td>\n<\/tr>\n<tr>\n<td>37<\/td>\n<td>Todo Lo Que Se<\/td>\n<\/tr>\n<tr>\n<td>38<\/td>\n<td>Terminemos De Una Vez<\/td>\n<\/tr>\n<tr>\n<td>39<\/td>\n<td>Pase Lo Que Pase<\/td>\n<\/tr>\n<tr>\n<td>40<\/td>\n<td>Si Tu Quieres<\/td>\n<\/tr>\n<tr>\n<td>41<\/td>\n<td>Vivo Cantando<\/td>\n<\/tr>\n<tr>\n<td>42<\/td>\n<td>Amigos, Amigos<\/td>\n<\/tr>\n<tr>\n<td>43<\/td>\n<td>El Ultimo Acto<\/td>\n<\/tr>\n<tr>\n<td>44<\/td>\n<td>Disculpe<\/td>\n<\/tr>\n<tr>\n<td>45<\/td>\n<td>Donde Est\u00e1n (Where Did Thy Go)<\/td>\n<\/tr>\n<tr>\n<td>46<\/td>\n<td>D\u00e9jame Volver (Laisse Moi Le Temps<\/td>\n<\/tr>\n<tr>\n<td>47<\/td>\n<td>La Santa Espina<\/td>\n<\/tr>\n<tr>\n<td>48<\/td>\n<td>Tot Dansant<\/td>\n<\/tr>\n<tr>\n<td>49<\/td>\n<td>Morir De Amor<\/td>\n<\/tr>\n<tr>\n<td>50<\/td>\n<td>Se Fu\u00e9 Mi Coraz\u00f3n<\/td>\n<\/tr>\n<tr>\n<td><\/td>\n<td><\/td>\n<\/tr>\n<\/tbody>\n<\/table>\n<p>&nbsp;<\/p>\n<\/div>\n<\/div>\n<div class=\"epyt-video-wrapper\"><iframe loading=\"lazy\"  id=\"_ytid_27954\"  width=\"618\" height=\"347\"  data-origwidth=\"618\" data-origheight=\"347\" src=\"https:\/\/www.youtube.com\/embed\/kgw7T8uXsz4?enablejsapi=1&#038;autoplay=0&#038;cc_load_policy=0&#038;cc_lang_pref=&#038;iv_load_policy=1&#038;loop=0&#038;modestbranding=0&#038;rel=1&#038;fs=1&#038;playsinline=0&#038;autohide=2&#038;theme=dark&#038;color=red&#038;controls=1&#038;\" class=\"__youtube_prefs__  epyt-is-override  no-lazyload\" title=\"YouTube player\"  allow=\"fullscreen; accelerometer; autoplay; clipboard-write; encrypted-media; gyroscope; picture-in-picture\" allowfullscreen data-no-lazy=\"1\" data-skipgform_ajax_framebjll=\"\"><\/iframe><\/div>\n","protected":false},"excerpt":{"rendered":"<p>&nbsp; Fecha de Nacimiento: Barcelona, 21 de junio de 1939 &nbsp; Biograf\u00eda &nbsp; Mar\u00eda Rosa Marco Poquet, conocida art\u00edsticamente como Salom\u00e9, es una cantante espa\u00f1ola. Fue una de las cuatro ganadoras del Festival de Eurovisi\u00f3n 1969, con la canci\u00f3n Vivo cantando. &nbsp; Comenz\u00f3 su carrera en Radio Barcelona despu\u00e9s de abandonar los estudios de Medicina. &hellip;<\/p>\n","protected":false},"author":1,"featured_media":0,"parent":0,"menu_order":0,"comment_status":"closed","ping_status":"closed","template":"","meta":{"footnotes":""},"class_list":["post-28498","page","type-page","status-publish",""],"jetpack_sharing_enabled":true,"_links":{"self":[{"href":"http:\/\/mickyandoniehn.com\/radio\/wp-json\/wp\/v2\/pages\/28498","targetHints":{"allow":["GET"]}}],"collection":[{"href":"http:\/\/mickyandoniehn.com\/radio\/wp-json\/wp\/v2\/pages"}],"about":[{"href":"http:\/\/mickyandoniehn.com\/radio\/wp-json\/wp\/v2\/types\/page"}],"author":[{"embeddable":true,"href":"http:\/\/mickyandoniehn.com\/radio\/wp-json\/wp\/v2\/users\/1"}],"replies":[{"embeddable":true,"href":"http:\/\/mickyandoniehn.com\/radio\/wp-json\/wp\/v2\/comments?post=28498"}],"version-history":[{"count":3,"href":"http:\/\/mickyandoniehn.com\/radio\/wp-json\/wp\/v2\/pages\/28498\/revisions"}],"predecessor-version":[{"id":30399,"href":"http:\/\/mickyandoniehn.com\/radio\/wp-json\/wp\/v2\/pages\/28498\/revisions\/30399"}],"wp:attachment":[{"href":"http:\/\/mickyandoniehn.com\/radio\/wp-json\/wp\/v2\/media?parent=28498"}],"curies":[{"name":"wp","href":"https:\/\/api.w.org\/{rel}","templated":true}]}}