{"id":27968,"date":"2022-08-25T12:37:09","date_gmt":"2022-08-25T18:37:09","guid":{"rendered":"https:\/\/mickyandoniehn.com\/radio\/?page_id=27968"},"modified":"2022-09-01T10:25:28","modified_gmt":"2022-09-01T16:25:28","slug":"herminio-gimenez","status":"publish","type":"page","link":"http:\/\/mickyandoniehn.com\/radio\/herminio-gimenez\/","title":{"rendered":"Herminio Gim\u00e9nez"},"content":{"rendered":"<p style=\"text-align: justify;\">\n<p style=\"text-align: justify;\"><img loading=\"lazy\" decoding=\"async\" class=\" wp-image-24714 aligncenter\" src=\"http:\/\/mickyandoniehn.com\/radio\/wp-content\/uploads\/2022\/08\/Gimenez-Herminio-214x300.png\" alt=\"\" width=\"585\" height=\"820\" srcset=\"http:\/\/mickyandoniehn.com\/radio\/wp-content\/uploads\/2022\/08\/Gimenez-Herminio-214x300.png 214w, http:\/\/mickyandoniehn.com\/radio\/wp-content\/uploads\/2022\/08\/Gimenez-Herminio.png 440w\" sizes=\"auto, (max-width: 585px) 100vw, 585px\" \/><\/p>\n<p>&nbsp;<\/p>\n<div class=\"cxmmr5t8 oygrvhab hcukyx3x c1et5uql o9v6fnle\" style=\"text-align: justify;\">\n<div dir=\"auto\"><strong>Fecha de Nacimiento:<\/strong> 20 de febrero de 1905<\/div>\n<p>&nbsp;<\/p>\n<div dir=\"auto\"><\/div>\n<div dir=\"auto\"><strong>Fecha de Fallecimiento:<\/strong> 6 de junio de 1991<\/div>\n<p>&nbsp;<\/p>\n<div dir=\"auto\"><\/div>\n<\/div>\n<div class=\"cxmmr5t8 oygrvhab hcukyx3x c1et5uql o9v6fnle\" style=\"text-align: justify;\">\n<div dir=\"auto\"><strong>Biograf\u00eda<\/strong><\/div>\n<p>&nbsp;<\/p>\n<div dir=\"auto\"><\/div>\n<div dir=\"auto\">Form\u00f3 parte de la Orquesta del Dr. Atilio Valentino, que fue el primer grupo en grabar un \u00e1lbum completamente dedicado a la m\u00fasica paraguaya en 1927, contratado para el efecto por la tienda de m\u00fasica Viladesau de Asunci\u00f3n, el sello.<\/div>\n<div dir=\"auto\"><\/div>\n<p>&nbsp;<\/p>\n<\/div>\n<div class=\"cxmmr5t8 oygrvhab hcukyx3x c1et5uql o9v6fnle\" style=\"text-align: justify;\">\n<div dir=\"auto\">Durante la Guerra del Chaco fue asignado como director de la banda militar y una vez que la guerra hab\u00eda acabado recibi\u00f3 varias condecoraciones por parte del gobierno. En la revoluci\u00f3n de 1936 se exilia por primera vez en la ciudad de Corrientes radic\u00e1ndose luego en Buenos Aires donde forma su \u201cT\u00edpica de tango\u201d integrada (entre otros) por Orlando Go\u00f1i, Alfredo Gobbi y An\u00edbal Troilo. Cuando el mandato dictador de Alfredo Stroessner empez\u00f3, Gim\u00e9nez se vio obligado al exilio en Argentina, siendo la ciudad de Corrientes el lugar donde m\u00e1s tiempo pas\u00f3. En las d\u00e9cadas del 30 y 40 dirige orquestas en las principales ciudades de Am\u00e9rica, como Buenos Aires, R\u00edo de Janeiro (Brasil) y Nueva York (EE. UU.). En la d\u00e9cada del 50 y principios del 60 reparte sus presentaciones m\u00e1s recordadas, obras como \u201cChe trompo aras\u00e1\u201d, \u201cLejan\u00eda\u201d, \u201cCerro Cor\u00e1\u201c, \u201cCanci\u00f3n del arpa dormida\u201d y \u201cAlto Paran\u00e1\u201d (con letra de Maril\u00ed Morales Segovia) y principalmente \u201cMalvita\u201d, obra recreada por destacados artistas de nuestro g\u00e9nero como Ernesto Montiel, Rub\u00e9n Mi\u00f1o, Damasio Esquivel, Blas Mart\u00ednez Riera, entre otros.<\/div>\n<p>&nbsp;<\/p>\n<div dir=\"auto\"><\/div>\n<\/div>\n<div class=\"cxmmr5t8 oygrvhab hcukyx3x c1et5uql o9v6fnle\" style=\"text-align: justify;\">\n<div dir=\"auto\">A principios de los 70 Herminio Gim\u00e9nez se radica nuevamente en Corrientes, ciudad a la que consideraba su segundo hogar y se convierte r\u00e1pidamente en un prol\u00edfico actor cultural, principalmente por su destacada tarea al frente de la Orquesta Folkl\u00f3rica de la Provincia de Corrientes, cuya fundaci\u00f3n se debe en gran parte al maestro paraguayo.<\/div>\n<div dir=\"auto\"><\/div>\n<p>&nbsp;<\/p>\n<\/div>\n<div class=\"cxmmr5t8 oygrvhab hcukyx3x c1et5uql o9v6fnle\" style=\"text-align: justify;\">\n<div dir=\"auto\">Con esta orquesta integrada por destacados int\u00e9rpretes como Roberto Gim\u00e9nez Blanco, Oscar \u201cCacho\u201c Esp\u00edndola, Eugenio Balbastro, Teresa Parodi y Blas Benjam\u00edn de la Vega (por nombrar algunos), grab\u00f3 para el sello \u201cAzur\u201d en el a\u00f1o 1973, el disco \u201cCorrientes y su m\u00fasica en nueva dimensi\u00f3n\u201d.<\/div>\n<p>&nbsp;<\/p>\n<div dir=\"auto\"><\/div>\n<\/div>\n<div class=\"cxmmr5t8 oygrvhab hcukyx3x c1et5uql o9v6fnle\" style=\"text-align: justify;\">\n<div dir=\"auto\">En el a\u00f1o 1975 pese a su condici\u00f3n de exiliado pol\u00edtico, por intermediaci\u00f3n del obispo de Asunci\u00f3n, Monse\u00f1or Ismael Rol\u00f3n, present\u00f3 en aquella ciudad su \u201cMisa Folkl\u00f3rica Paraguaya\u201d, acompa\u00f1ado de la \u201cOrquesta Folkl\u00f3rica de Corrientes\u201d.<\/div>\n<div dir=\"auto\"><\/div>\n<p>&nbsp;<\/p>\n<\/div>\n<div class=\"cxmmr5t8 oygrvhab hcukyx3x c1et5uql o9v6fnle\" style=\"text-align: justify;\">\n<div dir=\"auto\">Luego de que Stroessner fuera derrocado en 1989, Gim\u00e9nez pudo volver a su patria donde finalmente falleci\u00f3 en 1991.<\/div>\n<div dir=\"auto\"><\/div>\n<p>&nbsp;<\/p>\n<\/div>\n<div class=\"cxmmr5t8 oygrvhab hcukyx3x c1et5uql o9v6fnle\" style=\"text-align: justify;\">\n<div dir=\"auto\"><strong>Wikipedia in English<\/strong><\/div>\n<div dir=\"auto\"><\/div>\n<p>&nbsp;<\/p>\n<\/div>\n<div class=\"cxmmr5t8 oygrvhab hcukyx3x c1et5uql o9v6fnle\" style=\"text-align: justify;\">\n<div dir=\"auto\"><strong>Date of Birth:<\/strong> February 20, 1905<\/div>\n<p>&nbsp;<\/p>\n<div dir=\"auto\"><\/div>\n<div dir=\"auto\"><strong>Date of Died:<\/strong> June 6, 1991<\/div>\n<p>&nbsp;<\/p>\n<div dir=\"auto\"><\/div>\n<\/div>\n<div class=\"cxmmr5t8 oygrvhab hcukyx3x c1et5uql o9v6fnle\" style=\"text-align: justify;\">\n<div dir=\"auto\"><strong>Biography<\/strong><\/div>\n<p>&nbsp;<\/p>\n<div dir=\"auto\"><\/div>\n<div dir=\"auto\">He was part of the Dr. Atilio Valentino Orchestra, which was the first group to record an album completely dedicated to Paraguayan music in 1927, contracted for the purpose by the Viladesau de Asunci\u00f3n music store, the label.<\/div>\n<div dir=\"auto\"><\/div>\n<p>&nbsp;<\/p>\n<\/div>\n<div class=\"cxmmr5t8 oygrvhab hcukyx3x c1et5uql o9v6fnle\" style=\"text-align: justify;\">\n<div dir=\"auto\">During the Chaco War he was assigned as director of the military band and once the war was over he received various decorations from the government. In the 1936 revolution he went into exile for the first time in the city of Corrientes, later settling in Buenos Aires where he formed his \u201cT\u00edpica de tango\u201d made up of (among others) Orlando Go\u00f1i, Alfredo Gobbi and An\u00edbal Troilo. When the dictatorship of Alfredo Stroessner began, Gim\u00e9nez was forced into exile in Argentina, the city of Corrientes being the place where he spent the most time. In the 1930s and 1940s he conducted orchestras in the main cities of America, such as Buenos Aires, Rio de Janeiro (Brazil) and New York (USA). In the 1950s and early 1960s, he gave out his most memorable presentations, works such as \u201cChe trompo aras\u00e1\u201d, \u201cLejan\u00eda\u201d, \u201cCerro Cor\u00e1\u201d, \u201cSleeping harp song\u201d and \u201cAlto Paran\u00e1\u201d (with lyrics by Maril\u00ed Morales Segovia ) and mainly &#8220;Malvita&#8221;, a work recreated by outstanding artists of our genre such as Ernesto Montiel, Rub\u00e9n Mi\u00f1o, Damasio Esquivel, Blas Mart\u00ednez Riera, among others.<\/div>\n<p>&nbsp;<\/p>\n<div dir=\"auto\"><\/div>\n<\/div>\n<div class=\"cxmmr5t8 oygrvhab hcukyx3x c1et5uql o9v6fnle\" style=\"text-align: justify;\">\n<div dir=\"auto\">In the early 1970s, Herminio Gim\u00e9nez settled again in Corrientes, a city he considered his second home, and quickly became a prolific cultural actor, mainly due to his outstanding work as head of the Corrientes Province Folklore Orchestra, whose foundation is largely due to the Paraguayan teacher.<\/div>\n<p>&nbsp;<\/p>\n<div dir=\"auto\"><\/div>\n<\/div>\n<div class=\"cxmmr5t8 oygrvhab hcukyx3x c1et5uql o9v6fnle\" style=\"text-align: justify;\">\n<div dir=\"auto\">With this orchestra made up of outstanding performers such as Roberto Gim\u00e9nez Blanco, Oscar \u201cCacho\u201d Esp\u00edndola, Eugenio Balbastro, Teresa Parodi and Blas Benjam\u00edn de la Vega (to name a few), he recorded for the \u201cAzur\u201d label in 1973, the album \u201c Corrientes and his music in a new dimension\u201d.<\/div>\n<p>&nbsp;<\/p>\n<div dir=\"auto\"><\/div>\n<\/div>\n<div class=\"cxmmr5t8 oygrvhab hcukyx3x c1et5uql o9v6fnle\" style=\"text-align: justify;\">\n<div dir=\"auto\">In 1975, despite his status as a political exile, through the mediation of the bishop of Asunci\u00f3n, Monsignor Ismael Rol\u00f3n, he presented his \u201cParaguayan Folkloric Mass\u201d in that city, accompanied by the \u201cOrquesta Folkl\u00f3rica de Corrientes\u201d.<\/div>\n<div dir=\"auto\"><\/div>\n<p>&nbsp;<\/p>\n<\/div>\n<div class=\"cxmmr5t8 oygrvhab hcukyx3x c1et5uql o9v6fnle\" style=\"text-align: justify;\">\n<div dir=\"auto\">After Stroessner was overthrown in 1989, Gim\u00e9nez was able to return to his homeland where he finally died in 1991.<\/div>\n<div dir=\"auto\"><\/div>\n<p>&nbsp;<\/p>\n<\/div>\n<div class=\"cxmmr5t8 oygrvhab hcukyx3x c1et5uql o9v6fnle\" style=\"text-align: justify;\">\n<div dir=\"auto\"><strong>Discography<\/strong><\/div>\n<p>&nbsp;<\/p>\n<div dir=\"auto\"><\/div>\n<div dir=\"auto\">\n<table width=\"493\">\n<tbody>\n<tr>\n<td style=\"text-align: center;\" width=\"184\"><b>Temas Composici\u00f3n\u00a0Sinf\u00f3nica<\/b><\/td>\n<td style=\"text-align: center;\" width=\"309\"><strong>Escuchar tema<\/strong><\/td>\n<\/tr>\n<tr>\n<td><\/td>\n<td><\/td>\n<\/tr>\n<tr>\n<td><\/td>\n<td style=\"text-align: center;\"><strong>Paraguay Rom\u00e1ntico<\/strong><\/td>\n<\/tr>\n<tr>\n<td>1<\/td>\n<td>Lejan\u00eda<\/td>\n<\/tr>\n<tr>\n<td>2<\/td>\n<td>Che Trompo Araz\u00e1<\/td>\n<\/tr>\n<tr>\n<td>3<\/td>\n<td>Soledad Indiana<\/td>\n<\/tr>\n<tr>\n<td>4<\/td>\n<td>A\u00f1oro Mi Pueblo<\/td>\n<\/tr>\n<tr>\n<td>5<\/td>\n<td>Cancion De Esperanza<\/td>\n<\/tr>\n<tr>\n<td>6<\/td>\n<td>El Canto De Mi Selva<\/td>\n<\/tr>\n<tr>\n<td>7<\/td>\n<td>Alto Paran\u00e1<\/td>\n<\/tr>\n<tr>\n<td>9<\/td>\n<td>Juan Jose<\/td>\n<\/tr>\n<tr>\n<td>10<\/td>\n<td>Pizzicato En Cascada<\/td>\n<\/tr>\n<tr>\n<td>11<\/td>\n<td>Malvita<\/td>\n<\/tr>\n<tr>\n<td>12<\/td>\n<td>Mi Oracion Azul<\/td>\n<\/tr>\n<tr>\n<td>13<\/td>\n<td>Neny<\/td>\n<\/tr>\n<\/tbody>\n<\/table>\n<\/div>\n<p>&nbsp;<\/p>\n<div dir=\"auto\"><\/div>\n<\/div>\n<div class=\"cxmmr5t8 oygrvhab hcukyx3x c1et5uql o9v6fnle\" style=\"text-align: justify;\">\n<div dir=\"auto\">Cr\u00e9ditos tomados de Wikipedia:<\/div>\n<div dir=\"auto\"><a class=\"oajrlxb2 g5ia77u1 qu0x051f esr5mh6w e9989ue4 r7d6kgcz rq0escxv nhd2j8a9 nc684nl6 p7hjln8o kvgmc6g5 cxmmr5t8 oygrvhab hcukyx3x jb3vyjys rz4wbd8a qt6c0cv9 a8nywdso i1ao9s8h esuyzwwr f1sip0of lzcic4wl gpro0wi8 py34i1dx\" tabindex=\"0\" role=\"link\" href=\"https:\/\/es.wikipedia.org\/wiki\/Herminio_Gim%C3%A9nez?fbclid=IwAR2bGwjWSuF1IdMXc6l0kCZ2a5iAmSzop8Jj0kwiSQOoABeUL_hP0PSEAZQ\" target=\"_blank\" rel=\"nofollow noopener\">https:\/\/es.wikipedia.org\/wiki\/Herminio_Gim%C3%A9nez<\/a><\/div>\n<div dir=\"auto\"><\/div>\n<p>&nbsp;<\/p>\n<\/div>\n<div class=\"epyt-video-wrapper\"><iframe loading=\"lazy\"  id=\"_ytid_33852\"  width=\"618\" height=\"347\"  data-origwidth=\"618\" data-origheight=\"347\" src=\"https:\/\/www.youtube.com\/embed\/V4RMY8y_ZKY?enablejsapi=1&#038;autoplay=0&#038;cc_load_policy=0&#038;cc_lang_pref=&#038;iv_load_policy=1&#038;loop=0&#038;modestbranding=0&#038;rel=1&#038;fs=1&#038;playsinline=0&#038;autohide=2&#038;theme=dark&#038;color=red&#038;controls=1&#038;\" class=\"__youtube_prefs__  epyt-is-override  no-lazyload\" title=\"YouTube player\"  allow=\"fullscreen; accelerometer; autoplay; clipboard-write; encrypted-media; gyroscope; picture-in-picture\" allowfullscreen data-no-lazy=\"1\" data-skipgform_ajax_framebjll=\"\"><\/iframe><\/div>\n<p style=\"text-align: justify;\">\n","protected":false},"excerpt":{"rendered":"<p>&nbsp; Fecha de Nacimiento: 20 de febrero de 1905 &nbsp; Fecha de Fallecimiento: 6 de junio de 1991 &nbsp; Biograf\u00eda &nbsp; Form\u00f3 parte de la Orquesta del Dr. Atilio Valentino, que fue el primer grupo en grabar un \u00e1lbum completamente dedicado a la m\u00fasica paraguaya en 1927, contratado para el efecto por la tienda de &hellip;<\/p>\n","protected":false},"author":1,"featured_media":0,"parent":0,"menu_order":0,"comment_status":"closed","ping_status":"closed","template":"","meta":{"footnotes":""},"class_list":["post-27968","page","type-page","status-publish",""],"jetpack_sharing_enabled":true,"_links":{"self":[{"href":"http:\/\/mickyandoniehn.com\/radio\/wp-json\/wp\/v2\/pages\/27968","targetHints":{"allow":["GET"]}}],"collection":[{"href":"http:\/\/mickyandoniehn.com\/radio\/wp-json\/wp\/v2\/pages"}],"about":[{"href":"http:\/\/mickyandoniehn.com\/radio\/wp-json\/wp\/v2\/types\/page"}],"author":[{"embeddable":true,"href":"http:\/\/mickyandoniehn.com\/radio\/wp-json\/wp\/v2\/users\/1"}],"replies":[{"embeddable":true,"href":"http:\/\/mickyandoniehn.com\/radio\/wp-json\/wp\/v2\/comments?post=27968"}],"version-history":[{"count":2,"href":"http:\/\/mickyandoniehn.com\/radio\/wp-json\/wp\/v2\/pages\/27968\/revisions"}],"predecessor-version":[{"id":30266,"href":"http:\/\/mickyandoniehn.com\/radio\/wp-json\/wp\/v2\/pages\/27968\/revisions\/30266"}],"wp:attachment":[{"href":"http:\/\/mickyandoniehn.com\/radio\/wp-json\/wp\/v2\/media?parent=27968"}],"curies":[{"name":"wp","href":"https:\/\/api.w.org\/{rel}","templated":true}]}}